{"id":2334,"date":"2021-05-25T08:21:35","date_gmt":"2021-05-25T08:21:35","guid":{"rendered":"https:\/\/tierschutz-bremerhaven.eu\/?page_id=2334"},"modified":"2023-09-27T07:54:38","modified_gmt":"2023-09-27T07:54:38","slug":"skola-pro-mladez","status":"publish","type":"page","link":"https:\/\/www.tierschutz-bremerhaven.eu\/cs\/jugend-schule","title":{"rendered":"Ml\u00e1de\u017e a \u0161kola"},"content":{"rendered":"<div data-elementor-type=\"wp-page\" data-elementor-id=\"2334\" class=\"elementor elementor-2334\" data-elementor-post-type=\"page\">\n\t\t\t\t\t\t<section class=\"elementor-section elementor-top-section elementor-element elementor-element-001ccb4 elementor-section-boxed elementor-section-height-default elementor-section-height-default\" data-id=\"001ccb4\" data-element_type=\"section\" data-e-type=\"section\" data-settings=\"{&quot;background_background&quot;:&quot;classic&quot;}\">\n\t\t\t\t\t\t<div class=\"elementor-container elementor-column-gap-default\">\n\t\t\t\t\t<div class=\"elementor-column elementor-col-100 elementor-top-column elementor-element elementor-element-6b70233\" data-id=\"6b70233\" data-element_type=\"column\" data-e-type=\"column\">\n\t\t\t<div class=\"elementor-widget-wrap elementor-element-populated\">\n\t\t\t\t\t\t<div class=\"elementor-element elementor-element-4862873 elementor-widget elementor-widget-heading\" data-id=\"4862873\" data-element_type=\"widget\" data-e-type=\"widget\" data-widget_type=\"heading.default\">\n\t\t\t\t<div class=\"elementor-widget-container\">\n\t\t\t\t\t<h3 class=\"elementor-heading-title elementor-size-default\">Den budoucnosti \/ St\u00e1\u017e \/ AG<\/h3>\t\t\t\t<\/div>\n\t\t\t\t<\/div>\n\t\t\t\t<div class=\"elementor-element elementor-element-6c06c67 elementor-widget elementor-widget-text-editor\" data-id=\"6c06c67\" data-element_type=\"widget\" data-e-type=\"widget\" data-widget_type=\"text-editor.default\">\n\t\t\t\t<div class=\"elementor-widget-container\">\n\t\t\t\t\t\t\t\t\t<p>D\u011bkujeme v\u00e1m za va\u0161e nad\u0161en\u00ed pro n\u00e1\u0161 \u00fatulek a v\u00e1\u0161 z\u00e1jem, <b>V\u00e1\u0161<\/b> <strong>Den budoucnosti \/ Va\u0161e st\u00e1\u017e \/ Va\u0161e AG\u00a0<\/strong>Velmi r\u00e1di p\u0159iv\u00edt\u00e1me d\u011bti, kter\u00e9 s n\u00e1mi cht\u011bj\u00ed str\u00e1vit \u010das. Ji\u017e n\u011bkolik let d\u011bti vyu\u017e\u00edvaj\u00ed t\u00e9to p\u0159\u00edle\u017eitosti, aby si vyzkou\u0161ely, jak\u00e9 to je b\u00fdt o\u0161et\u0159ovatelem zv\u00ed\u0159at. \u010cekaj\u00ed na v\u00e1s zaj\u00edmav\u00e9 projekty. M\u016f\u017eete nap\u0159\u00edklad h\u00fd\u010dkat na\u0161e \u010dty\u0159noh\u00e9 kamar\u00e1dy na proch\u00e1zce, p\u011bstovat krmivo pro zv\u00ed\u0159ata a krmit j\u00edm na\u0161e hlodavce, uspo\u0159\u00e1dat sb\u00edrku, vyrobit zv\u00ed\u0159ec\u00ed hra\u010dky, poznat ka\u017edodenn\u00ed \u017eivot v \u00fatulku a mnoho dal\u0161\u00edho.<\/p><p>N\u00e1sleduj\u00edc\u00ed \u0161koly v sou\u010dasn\u00e9 dob\u011b nab\u00edzej\u00ed sv\u00fdm \u017e\u00e1k\u016fm celodenn\u00ed program: Carl von Ossietzky CVO, Kreisgymnasium Weserm\u00fcnde, Paula-Modersohn-Schule, Schule am Leher Markt.<\/p><p><b>Na str\u00e1nk\u00e1ch<\/b><strong>\u00a0<\/strong><strong>Budouc\u00ed den \/ st\u00e1\u017e \/ AG\u00a0<\/strong>v<strong>\u00a0<\/strong><strong>\u00datulek pro zv\u00ed\u0159ata<\/strong> je p\u0159\u00e1n\u00edm mnoha \u017e\u00e1k\u016f. Je proto velmi d\u016fle\u017eit\u00e9, abyste se u n\u00e1s p\u0159ihl\u00e1sili v\u010das, proto\u017ee po\u010det m\u00edst je omezen.<\/p><p><strong>S sebou si mus\u00edte vz\u00edt n\u00e1sleduj\u00edc\u00ed v\u011bci:<\/strong><\/p><ul><li>Dokumenty ze \u0161koly<\/li><li>V\u00e1\u0161 o\u010dkovac\u00ed pr\u016fkaz\/ochrann\u00e1 vakc\u00edna<\/li><li>Necitliv\u00e9 oble\u010den\u00ed<\/li><li>L\u00e1ska ke zv\u00ed\u0159at\u016fm<\/li><li>Dobr\u00fd humor<\/li><\/ul><p>Kontaktujte n\u00e1s pros\u00edm v \u00fatulku pro zv\u00ed\u0159ata na tel: <a href=\"tel:047183257\">0471 - 8 32 57<\/a>. Mimo otev\u00edrac\u00ed dobu m\u016f\u017eete zanechat vzkaz na na\u0161em z\u00e1znamn\u00edku. Okam\u017eit\u011b v\u00e1m zavol\u00e1me zp\u011bt.<\/p><p>N\u00e1v\u0161t\u011bvy \u00fatulku jsou mo\u017en\u00e9 pouze po p\u0159edchoz\u00ed domluv\u011b.<\/p><p>D\u011bkujeme v\u00e1m za pochopen\u00ed a t\u011b\u0161\u00edme se na va\u0161i n\u00e1v\u0161t\u011bvu!<\/p>\t\t\t\t\t\t\t\t<\/div>\n\t\t\t\t<\/div>\n\t\t\t\t<div class=\"elementor-element elementor-element-82516fd elementor-widget elementor-widget-heading\" data-id=\"82516fd\" data-element_type=\"widget\" data-e-type=\"widget\" data-widget_type=\"heading.default\">\n\t\t\t\t<div class=\"elementor-widget-container\">\n\t\t\t\t\t<h2 class=\"elementor-heading-title elementor-size-default\">Prohl\u00eddky s pr\u016fvodcem pro \u0161koln\u00ed t\u0159\u00eddy a skupiny ml\u00e1de\u017ee<\/h2>\t\t\t\t<\/div>\n\t\t\t\t<\/div>\n\t\t\t\t<div class=\"elementor-element elementor-element-5633557 elementor-widget elementor-widget-text-editor\" data-id=\"5633557\" data-element_type=\"widget\" data-e-type=\"widget\" data-widget_type=\"text-editor.default\">\n\t\t\t\t<div class=\"elementor-widget-container\">\n\t\t\t\t\t\t\t\t\t<p>Chcete se sezn\u00e1mit s nov\u00fdm \u00fatulkem pro zv\u00ed\u0159ata a jeho sou\u010dasn\u00fdmi obyvateli? \u017d\u00e1dn\u00fd probl\u00e9m. P\u0159ij\u010fte na jednu z na\u0161ich komentovan\u00fdch prohl\u00eddek. Ty jsou zdarma - v\u017edy v\u0161ak uv\u00edt\u00e1me p\u0159\u00edsp\u011bvek pro \u00fatulek.<\/p>\n<p>Prohl\u00eddka na\u0161eho \u00fatulku trv\u00e1 p\u0159ibli\u017en\u011b 45 minut a prov\u00e1zej\u00ed ji jak aktivn\u00ed \u010dlenov\u00e9 organizace, tak na\u0161i o\u0161et\u0159ovatel\u00e9 zv\u00ed\u0159at. B\u011bhem n\u00e1v\u0161t\u011bvy je \u00fa\u010dastn\u00edk\u016fm poskytnuta uv\u00edtac\u00ed p\u0159edn\u00e1\u0161ka, b\u011bhem n\u00ed\u017e se dozv\u011bd\u00ed, jak\u00e9 \u00fakoly \u00fatulek pro zv\u00ed\u0159ata pln\u00ed a jak je ka\u017edoro\u010dn\u011b \u0159\u00edzena p\u00e9\u010de a l\u00e9\u010dba p\u0159ibli\u017en\u011b 600 zv\u00ed\u0159at v nouzi. B\u011bhem spole\u010dn\u00e9 prohl\u00eddky si prohl\u00e9dnou tak\u00e9 are\u00e1l \u00fatulku pro zv\u00ed\u0159ata.<\/p>\n<p>Cht\u011bli byste se svou \u0161koln\u00ed t\u0159\u00eddou\/d\u011btsk\u00fdm nebo ml\u00e1de\u017enick\u00fdm odd\u00edlem nav\u0161t\u00edvit \u00fatulek pro zv\u00ed\u0159ata? I zde jsou skupiny velmi v\u00edt\u00e1ny.<\/p>\n<p><strong>Informace o skupinov\u00fdch prohl\u00eddk\u00e1ch:<\/strong><\/p>\n<ul>\n<li>Skupina max. 10 osob<\/li>\n<li>N\u00e1v\u0161t\u011bvy mo\u017en\u00e9 b\u011bhem t\u00fddne ve dnech otev\u0159en\u00fdch dve\u0159\u00ed<\/li>\n<li>P\u0159\u00edtomnost alespo\u0148 jednoho u\u010ditele\/pe\u010dovatele<\/li>\n<li>Minim\u00e1ln\u00ed v\u011bk d\u011bt\u00ed: 6 let<\/li>\n<li>P\u0159\u00edpadn\u00e9 prohl\u00e1\u0161en\u00ed o souhlasu \u00fa\u010dastn\u00edk\u016f se zve\u0159ejn\u011bn\u00edm fotografi\u00ed a videoz\u00e1znam\u016f na webov\u00fdch str\u00e1nk\u00e1ch sdru\u017een\u00ed a soci\u00e1ln\u00edch m\u00e9di\u00edch.<\/li>\n<li>Registrace, pokud je to mo\u017en\u00e9, 3 t\u00fddny p\u0159ed po\u017eadovan\u00fdm datem.\n<p><\/p><\/li>\n<\/ul>\n<p>Sv\u00e9 dotazy na prohl\u00eddky \u00fatulk\u016f pro zv\u00ed\u0159ata zas\u00edlejte e-mailem na adresu <a href=\"mailto:info@tierschutz-bremerhaven.de\"><u>info@tierschutz-bremerhaven.de<\/u><\/a><\/p>\n<p>Nebo n\u00e1s kontaktujte v \u00fatulku pro zv\u00ed\u0159ata na tel: <a href=\"tel:047183257\">0471 - 8 32 57<\/a>. Mimo otev\u00edrac\u00ed dobu m\u016f\u017eete zanechat vzkaz na na\u0161em z\u00e1znamn\u00edku. Okam\u017eit\u011b v\u00e1m zavol\u00e1me zp\u011bt.<\/p>\n<p><br><\/p>\t\t\t\t\t\t\t\t<\/div>\n\t\t\t\t<\/div>\n\t\t\t\t\t<\/div>\n\t\t<\/div>\n\t\t\t\t\t<\/div>\n\t\t<\/section>\n\t\t\t\t<\/div>","protected":false},"excerpt":{"rendered":"<p>Zukunftstag \/ Praktikum \/ AG \u00dcber Eure Begeisterung f\u00fcr unser Tierheim und Euer Interesse, Euren Zukunftstag \/ Euer Praktikum \/ Euere AG\u00a0bei uns zu verbringen, freuen wir uns sehr. Bereits seit mehreren Jahren nutzen Kinder diese M\u00f6glichkeit, um in den Beruf des Tierpflegers reinzuschnuppern. Es warten interessante Projekt auf Dich. Du k\u00f6nntest z. B. unsere [&hellip;]<\/p>\n","protected":false},"author":3,"featured_media":0,"parent":0,"menu_order":0,"comment_status":"closed","ping_status":"closed","template":"","meta":{"footnotes":""},"class_list":["post-2334","page","type-page","status-publish","hentry"],"_links":{"self":[{"href":"https:\/\/www.tierschutz-bremerhaven.eu\/cs\/wp-json\/wp\/v2\/pages\/2334","targetHints":{"allow":["GET"]}}],"collection":[{"href":"https:\/\/www.tierschutz-bremerhaven.eu\/cs\/wp-json\/wp\/v2\/pages"}],"about":[{"href":"https:\/\/www.tierschutz-bremerhaven.eu\/cs\/wp-json\/wp\/v2\/types\/page"}],"author":[{"embeddable":true,"href":"https:\/\/www.tierschutz-bremerhaven.eu\/cs\/wp-json\/wp\/v2\/users\/3"}],"replies":[{"embeddable":true,"href":"https:\/\/www.tierschutz-bremerhaven.eu\/cs\/wp-json\/wp\/v2\/comments?post=2334"}],"version-history":[{"count":94,"href":"https:\/\/www.tierschutz-bremerhaven.eu\/cs\/wp-json\/wp\/v2\/pages\/2334\/revisions"}],"predecessor-version":[{"id":9019,"href":"https:\/\/www.tierschutz-bremerhaven.eu\/cs\/wp-json\/wp\/v2\/pages\/2334\/revisions\/9019"}],"wp:attachment":[{"href":"https:\/\/www.tierschutz-bremerhaven.eu\/cs\/wp-json\/wp\/v2\/media?parent=2334"}],"curies":[{"name":"wp","href":"https:\/\/api.w.org\/{rel}","templated":true}]}}