{"id":2053,"date":"2021-04-30T07:52:59","date_gmt":"2021-04-30T07:52:59","guid":{"rendered":"https:\/\/tierschutz-bremerhaven.eu\/?page_id=2053"},"modified":"2024-09-06T15:19:52","modified_gmt":"2024-09-06T14:19:52","slug":"protection-des-donnees","status":"publish","type":"page","link":"https:\/\/www.tierschutz-bremerhaven.eu\/fr\/datenschutz","title":{"rendered":"Protection des donn\u00e9es"},"content":{"rendered":"<h3 class=\"wp-block-heading\">1. la protection des donn\u00e9es en un coup d'\u0153il<\/h3>\n\n\n\n<h4 class=\"wp-block-heading\">Remarques g\u00e9n\u00e9rales<\/h4>\n\n\n\n<p>Les indications suivantes donnent un aper\u00e7u simple de ce qui se passe avec vos donn\u00e9es personnelles lorsque vous visitez ce site web. Les donn\u00e9es personnelles sont toutes les donn\u00e9es qui permettent de vous identifier personnellement. Vous trouverez des informations d\u00e9taill\u00e9es sur le th\u00e8me de la protection des donn\u00e9es dans notre d\u00e9claration de protection des donn\u00e9es figurant sous ce texte.<\/p>\n\n\n\n<h4 class=\"wp-block-heading\">Collecte de donn\u00e9es sur ce site web<\/h4>\n\n\n\n<p><strong>Qui est responsable de la collecte des donn\u00e9es sur ce site ?<\/strong><br>Le traitement des donn\u00e9es sur ce site web est effectu\u00e9 par l'exploitant du site web. Vous trouverez les coordonn\u00e9es de ce dernier dans la section \"Informations sur le responsable du traitement\" de la pr\u00e9sente d\u00e9claration de protection des donn\u00e9es.<\/p>\n\n\n\n<p><strong>Comment recueillons-nous vos donn\u00e9es ?<\/strong><br>Vos donn\u00e9es sont collect\u00e9es, d'une part, lorsque vous nous les communiquez. Il peut s'agir, par exemple, de donn\u00e9es que vous saisissez dans un formulaire de contact.<\/p>\n\n\n\n<p>D'autres donn\u00e9es sont collect\u00e9es automatiquement ou apr\u00e8s votre accord par nos syst\u00e8mes informatiques lorsque vous visitez le site web. Il s'agit principalement de donn\u00e9es techniques (par exemple, le navigateur Internet, le syst\u00e8me d'exploitation ou l'heure de consultation de la page). La saisie de ces donn\u00e9es s'effectue automatiquement d\u00e8s que vous acc\u00e9dez \u00e0 ce site web.<\/p>\n\n\n\n<p><strong>\u00c0 quelles fins utilisons-nous vos donn\u00e9es ?<\/strong><br>Une partie des donn\u00e9es est collect\u00e9e afin de garantir une mise \u00e0 disposition sans erreur du site web. D'autres donn\u00e9es peuvent \u00eatre utilis\u00e9es pour analyser votre comportement d'utilisateur.<\/p>\n\n\n\n<p><strong>Quels sont vos droits concernant vos donn\u00e9es ?<\/strong><br>Vous avez \u00e0 tout moment le droit d'obtenir gratuitement des informations sur l'origine, le destinataire et la finalit\u00e9 de vos donn\u00e9es personnelles enregistr\u00e9es. Vous avez \u00e9galement le droit d'exiger la rectification ou la suppression de ces donn\u00e9es. Si vous avez donn\u00e9 votre consentement au traitement des donn\u00e9es, vous pouvez \u00e0 tout moment r\u00e9voquer ce consentement pour l'avenir. Vous avez \u00e9galement le droit de demander la limitation du traitement de vos donn\u00e9es personnelles dans certaines circonstances. En outre, vous disposez d'un droit de recours aupr\u00e8s de l'autorit\u00e9 de surveillance comp\u00e9tente.<\/p>\n\n\n\n<p>Vous pouvez nous contacter \u00e0 tout moment \u00e0 ce sujet ou pour toute autre question relative \u00e0 la protection des donn\u00e9es.<\/p>\n\n\n\n<h4 class=\"wp-block-heading\">Outils d'analyse et outils de tiers<\/h4>\n\n\n\n<p>Lors de la visite de ce site web, votre comportement de navigation peut \u00eatre \u00e9valu\u00e9 statistiquement. Cela se fait principalement \u00e0 l'aide de programmes dits d'analyse.<\/p>\n\n\n\n<p>Vous trouverez des informations d\u00e9taill\u00e9es sur ces programmes d'analyse dans la d\u00e9claration de confidentialit\u00e9 suivante.<\/p>\n\n\n\n<h3 class=\"wp-block-heading\">2. l'h\u00e9bergement<\/h3>\n\n\n\n<p>Nous h\u00e9bergeons le contenu de notre site web chez le fournisseur suivant :<\/p>\n\n\n\n<h4 class=\"wp-block-heading\">IONOS<\/h4>\n\n\n\n<p>Le fournisseur est IONOS SE, Elgendorfer Str. 57, 56410 Montabaur (ci-apr\u00e8s d\u00e9nomm\u00e9 IONOS). Lorsque vous visitez notre site web, IONOS collecte diff\u00e9rents fichiers journaux, y compris vos adresses IP. Pour plus de d\u00e9tails, veuillez consulter la d\u00e9claration de protection des donn\u00e9es de IONOS : <a href=\"https:\/\/www.ionos.de\/terms-gtc\/terms-privacy\" target=\"_blank\" rel=\"noreferrer noopener\">https:\/\/www.ionos.de\/terms-gtc\/terms-privacy<\/a>.<\/p>\n\n\n\n<p>L'utilisation de IONOS est bas\u00e9e sur l'article 6, paragraphe 1, point f du RGPD. Nous avons un int\u00e9r\u00eat l\u00e9gitime \u00e0 ce que notre site web soit pr\u00e9sent\u00e9 de la mani\u00e8re la plus fiable possible. Dans la mesure o\u00f9 un consentement correspondant a \u00e9t\u00e9 demand\u00e9, le traitement s'effectue exclusivement sur la base de l'article 6, paragraphe 1, point a), du RGPD et de l'article 25, paragraphe 1, de la loi TDDDG, dans la mesure o\u00f9 le consentement inclut le stockage de cookies ou l'acc\u00e8s \u00e0 des informations dans le terminal de l'utilisateur (par ex. Device-Fingerprinting) au sens de la loi TDDDG. Le consentement est r\u00e9vocable \u00e0 tout moment.<\/p>\n\n\n\n<p><strong>Traitement des commandes<\/strong><\/p>\n\n\n\n<p>Nous avons conclu un contrat de traitement des commandes (CTP) pour l'utilisation du service susmentionn\u00e9. Il s'agit d'un contrat prescrit par la l\u00e9gislation sur la protection des donn\u00e9es, qui garantit que celui-ci traite les donn\u00e9es personnelles des visiteurs de notre site web uniquement selon nos instructions et dans le respect du RGPD.<\/p>\n\n\n\n<h3 class=\"wp-block-heading\">3. indications g\u00e9n\u00e9rales et informations obligatoires<\/h3>\n\n\n\n<h4 class=\"wp-block-heading\">Protection des donn\u00e9es<\/h4>\n\n\n\n<p>Les exploitants de ces pages prennent la protection de vos donn\u00e9es personnelles tr\u00e8s au s\u00e9rieux. Nous traitons vos donn\u00e9es personnelles de mani\u00e8re confidentielle et conform\u00e9ment aux dispositions l\u00e9gales en mati\u00e8re de protection des donn\u00e9es ainsi qu'\u00e0 la pr\u00e9sente d\u00e9claration de protection des donn\u00e9es.<\/p>\n\n\n\n<p>Lorsque vous utilisez ce site web, diverses donn\u00e9es personnelles sont collect\u00e9es. Les donn\u00e9es personnelles sont des donn\u00e9es qui permettent de vous identifier personnellement. La pr\u00e9sente d\u00e9claration de confidentialit\u00e9 explique quelles donn\u00e9es nous collectons et \u00e0 quelles fins nous les utilisons. Elle explique \u00e9galement comment et dans quel but nous le faisons.<\/p>\n\n\n\n<p>Nous attirons votre attention sur le fait que la transmission de donn\u00e9es sur Internet (par ex. lors de la communication par e-mail) peut pr\u00e9senter des failles de s\u00e9curit\u00e9. Une protection compl\u00e8te des donn\u00e9es contre l'acc\u00e8s par des tiers n'est pas possible.<\/p>\n\n\n\n<h4 class=\"wp-block-heading\">Remarque sur le service responsable<\/h4>\n\n\n\n<p>Le responsable du traitement des donn\u00e9es sur ce site est :<\/p>\n\n\n\n<p>Protection des animaux Bremerhaven e.V.<br>Inga Albers<br>Viel\u00e4nder Weg 137<br>27574 Bremerhaven<\/p>\n\n\n\n<p>T\u00e9l\u00e9phone : <a href=\"tel:047183257\">0471 83257<\/a>\u200b<br>Courrier \u00e9lectronique : <a href=\"mailto:info@tierschutz-bremerhaven.eu\">info@tierschutz-bremerhaven.eu<\/a><\/p>\n\n\n\n<p>Le responsable du traitement est la personne physique ou morale qui, seule ou conjointement avec d'autres, d\u00e9termine les finalit\u00e9s et les moyens du traitement des donn\u00e9es \u00e0 caract\u00e8re personnel (par exemple, les noms, les adresses \u00e9lectroniques ou autres).<\/p>\n\n\n\n<h4 class=\"wp-block-heading\">Dur\u00e9e de stockage<\/h4>\n\n\n\n<p>Dans la mesure o\u00f9 aucune dur\u00e9e de stockage sp\u00e9cifique n'a \u00e9t\u00e9 mentionn\u00e9e dans la pr\u00e9sente d\u00e9claration de protection des donn\u00e9es, vos donn\u00e9es \u00e0 caract\u00e8re personnel restent chez nous jusqu'\u00e0 ce que la finalit\u00e9 du traitement des donn\u00e9es n'ait plus lieu d'\u00eatre. Si vous faites valoir une demande l\u00e9gitime d'effacement ou si vous r\u00e9voquez votre consentement au traitement des donn\u00e9es, vos donn\u00e9es seront effac\u00e9es, \u00e0 moins que nous n'ayons d'autres raisons l\u00e9galement valables de conserver vos donn\u00e9es personnelles (par exemple, des d\u00e9lais de conservation en vertu du droit fiscal ou commercial) ; dans ce dernier cas, l'effacement aura lieu apr\u00e8s la disparition de ces raisons.<\/p>\n\n\n\n<h4 class=\"wp-block-heading\">Informations g\u00e9n\u00e9rales sur les bases juridiques du traitement des donn\u00e9es sur ce site web<\/h4>\n\n\n\n<p>Si vous avez donn\u00e9 votre consentement au traitement des donn\u00e9es, nous traitons vos donn\u00e9es personnelles sur la base de l'article 6, paragraphe 1, point a) du RGPD ou de l'article 9, paragraphe 2, point a) du RGPD, dans la mesure o\u00f9 des cat\u00e9gories particuli\u00e8res de donn\u00e9es sont trait\u00e9es conform\u00e9ment \u00e0 l'article 9, paragraphe 1 du RGPD. En cas de consentement explicite au transfert de donn\u00e9es \u00e0 caract\u00e8re personnel vers des pays tiers, le traitement des donn\u00e9es s'effectue en outre sur la base de l'article 49, paragraphe 1, point a) du RGPD. Si vous avez consenti \u00e0 l'enregistrement de cookies ou \u00e0 l'acc\u00e8s \u00e0 des informations dans votre terminal (par ex. via Device-Fingerprinting), le traitement des donn\u00e9es s'effectue en outre sur la base de l'article 25, paragraphe 1, de la loi TDDDG. Ce consentement est r\u00e9vocable \u00e0 tout moment. Si vos donn\u00e9es sont n\u00e9cessaires \u00e0 l'ex\u00e9cution d'un contrat ou \u00e0 la mise en \u0153uvre de mesures pr\u00e9contractuelles, nous traitons vos donn\u00e9es sur la base de l'article 6, paragraphe 1, point b), du RGPD. En outre, nous traitons vos donn\u00e9es si elles sont n\u00e9cessaires pour remplir une obligation l\u00e9gale sur la base de l'article 6, paragraphe 1, point c) du RGPD. Le traitement des donn\u00e9es peut \u00e9galement \u00eatre effectu\u00e9 sur la base de notre int\u00e9r\u00eat l\u00e9gitime conform\u00e9ment \u00e0 l'article 6, paragraphe 1, point f), du RGPD. Les paragraphes suivants de la pr\u00e9sente d\u00e9claration de protection des donn\u00e9es informent sur les bases juridiques applicables dans chaque cas.<\/p>\n\n\n\n<h4 class=\"wp-block-heading\">Remarque sur la transmission de donn\u00e9es dans des pays tiers non s\u00fbrs du point de vue de la protection des donn\u00e9es ainsi que la transmission \u00e0 des entreprises am\u00e9ricaines qui ne sont pas certifi\u00e9es DPF<\/h4>\n\n\n\n<p>Nous utilisons entre autres des outils d'entreprises dont le si\u00e8ge se trouve dans des pays tiers qui ne sont pas s\u00fbrs du point de vue de la protection des donn\u00e9es, ainsi que des outils am\u00e9ricains dont les fournisseurs ne sont pas certifi\u00e9s selon le cadre de protection des donn\u00e9es UE-\u00c9tats-Unis (DPF). Lorsque ces outils sont actifs, vos donn\u00e9es personnelles peuvent \u00eatre transf\u00e9r\u00e9es et trait\u00e9es dans ces \u00c9tats. Nous attirons votre attention sur le fait qu'il n'est pas possible de garantir un niveau de protection des donn\u00e9es comparable \u00e0 celui de l'UE dans les pays tiers qui ne sont pas s\u00fbrs en mati\u00e8re de protection des donn\u00e9es.<\/p>\n\n\n\n<p>Nous attirons votre attention sur le fait que les \u00c9tats-Unis, en tant que pays tiers s\u00fbr, pr\u00e9sentent en principe un niveau de protection des donn\u00e9es comparable \u00e0 celui de l'UE. Un transfert de donn\u00e9es vers les \u00c9tats-Unis est donc autoris\u00e9 si le destinataire poss\u00e8de une certification selon le \"EU-US Data Privacy Framework\" (DPF) ou dispose de garanties suppl\u00e9mentaires appropri\u00e9es. Vous trouverez des informations sur les transferts vers des pays tiers, y compris les destinataires des donn\u00e9es, dans la pr\u00e9sente d\u00e9claration de protection des donn\u00e9es.<\/p>\n\n\n\n<h4 class=\"wp-block-heading\">Destinataires des donn\u00e9es \u00e0 caract\u00e8re personnel<\/h4>\n\n\n\n<p>Dans le cadre de nos activit\u00e9s commerciales, nous collaborons avec diff\u00e9rents services externes. Dans ce cadre, il est parfois n\u00e9cessaire de transmettre des donn\u00e9es \u00e0 caract\u00e8re personnel \u00e0 ces organismes externes. Nous ne transmettons des donn\u00e9es \u00e0 caract\u00e8re personnel \u00e0 des organismes externes que si cela est n\u00e9cessaire dans le cadre de l'ex\u00e9cution d'un contrat, si nous y sommes contraints par la loi (par ex. transmission de donn\u00e9es aux autorit\u00e9s fiscales), si nous avons un int\u00e9r\u00eat l\u00e9gitime \u00e0 la transmission conform\u00e9ment \u00e0 l'article 6, paragraphe 1, point f), du RGPD ou si une autre base juridique permet la transmission des donn\u00e9es. En cas de recours \u00e0 des sous-traitants, nous ne transmettons les donn\u00e9es \u00e0 caract\u00e8re personnel de nos clients que sur la base d'un contrat de traitement des commandes valable. En cas de traitement conjoint, un contrat de traitement conjoint est conclu.<\/p>\n\n\n\n<h4 class=\"wp-block-heading\">R\u00e9vocation de votre consentement au traitement des donn\u00e9es<\/h4>\n\n\n\n<p>De nombreuses op\u00e9rations de traitement des donn\u00e9es ne sont possibles qu'avec votre consentement explicite. Vous pouvez r\u00e9voquer \u00e0 tout moment un consentement d\u00e9j\u00e0 donn\u00e9. La l\u00e9galit\u00e9 du traitement des donn\u00e9es effectu\u00e9 jusqu'\u00e0 la r\u00e9vocation n'est pas affect\u00e9e par la r\u00e9vocation.<\/p>\n\n\n\n<h4 class=\"wp-block-heading\">Droit d'opposition \u00e0 la collecte de donn\u00e9es dans des cas particuliers ainsi qu'\u00e0 la publicit\u00e9 directe (art. 21 RGPD)<\/h4>\n\n\n\n<p>LORSQUE LE TRAITEMENT DES DONN\u00c9ES EST EFFECTU\u00c9 SUR LA BASE DE L'ART. 6 ABS. 1 LIT. E OU F DU RGPD, VOUS AVEZ LE DROIT DE VOUS OPPOSER \u00c0 TOUT MOMENT, POUR DES RAISONS TENANT \u00c0 VOTRE SITUATION PARTICULI\u00c8RE, AU TRAITEMENT DE VOS DONN\u00c9ES PERSONNELLES ; CECI S'APPLIQUE \u00c9GALEMENT AU PROFILAGE FOND\u00c9 SUR CES DISPOSITIONS. VOUS TROUVEREZ DANS LA PR\u00c9SENTE D\u00c9CLARATION DE PROTECTION DES DONN\u00c9ES LES BASES JURIDIQUES RESPECTIVES SUR LESQUELLES SE FONDE UN TRAITEMENT. SI VOUS VOUS Y OPPOSEZ, NOUS NE TRAITERONS PLUS VOS DONN\u00c9ES PERSONNELLES CONCERN\u00c9ES, \u00c0 MOINS QUE NOUS PUISSIONS D\u00c9MONTRER DES RAISONS IMP\u00c9RIEUSES ET DIGNES DE PROTECTION POUR LE TRAITEMENT QUI PR\u00c9VALENT SUR VOS INT\u00c9R\u00caTS, VOS DROITS ET VOS LIBERT\u00c9S, OU QUE LE TRAITEMENT SERVE \u00c0 FAIRE VALOIR, \u00c0 EXERCER OU \u00c0 D\u00c9FENDRE DES DROITS JURIDIQUES (OPPOSITION \u00c0 L'ART. 21, AL. 1, DSGVO).<\/p>\n\n\n\n<p>SI VOS DONN\u00c9ES PERSONNELLES SONT TRAIT\u00c9ES \u00c0 DES FINS DE PUBLICIT\u00c9 DIRECTE, VOUS AVEZ LE DROIT DE VOUS OPPOSER \u00c0 TOUT MOMENT AU TRAITEMENT DES DONN\u00c9ES PERSONNELLES VOUS CONCERNANT \u00c0 DES FINS DE PUBLICIT\u00c9 DIRECTE ; CECI S'APPLIQUE \u00c9GALEMENT AU PROFILAGE DANS LA MESURE O\u00d9 IL EST LI\u00c9 \u00c0 UNE TELLE PUBLICIT\u00c9 DIRECTE. SI VOUS VOUS Y OPPOSEZ, VOS DONN\u00c9ES PERSONNELLES NE SERONT PLUS UTILIS\u00c9ES \u00c0 DES FINS DE PROSPECTION DIRECTE (OPPOSITION CONFORM\u00c9MENT \u00c0 L'ARTICLE 21, PARAGRAPHE 2, DU DSGVO).<\/p>\n\n\n\n<h4 class=\"wp-block-heading\">Droit de recours aupr\u00e8s de l'autorit\u00e9 de surveillance comp\u00e9tente<\/h4>\n\n\n\n<p>En cas de violation du RGPD, les personnes concern\u00e9es disposent d'un droit de recours aupr\u00e8s d'une autorit\u00e9 de contr\u00f4le, notamment dans l'\u00c9tat membre de leur r\u00e9sidence habituelle, de leur lieu de travail ou du lieu de la violation pr\u00e9sum\u00e9e. Ce droit de recours s'exerce sans pr\u00e9judice des autres voies de recours administratives ou judiciaires.<\/p>\n\n\n\n<h4 class=\"wp-block-heading\">Droit \u00e0 la portabilit\u00e9 des donn\u00e9es<\/h4>\n\n\n\n<p>Vous avez le droit de vous faire remettre ou de faire remettre \u00e0 un tiers, dans un format courant et lisible par machine, les donn\u00e9es que nous traitons de mani\u00e8re automatis\u00e9e sur la base de votre consentement ou en ex\u00e9cution d'un contrat. Si vous demandez la transmission directe des donn\u00e9es \u00e0 un autre responsable, cela ne se fera que dans la mesure o\u00f9 cela est techniquement possible.<\/p>\n\n\n\n<h4 class=\"wp-block-heading\">Acc\u00e8s, rectification et suppression<\/h4>\n\n\n\n<p>Dans le cadre des dispositions l\u00e9gales en vigueur, vous avez \u00e0 tout moment le droit d'obtenir gratuitement des informations sur vos donn\u00e9es personnelles enregistr\u00e9es, leur origine et leur destinataire ainsi que sur la finalit\u00e9 du traitement des donn\u00e9es et, le cas \u00e9ch\u00e9ant, un droit de rectification ou de suppression de ces donn\u00e9es. Pour ce faire, ainsi que pour toute autre question relative aux donn\u00e9es personnelles, vous pouvez nous contacter \u00e0 tout moment.<\/p>\n\n\n\n<h4 class=\"wp-block-heading\">Droit \u00e0 la limitation du traitement<\/h4>\n\n\n\n<p>Vous avez le droit de demander la limitation du traitement de vos donn\u00e9es personnelles. Pour ce faire, vous pouvez nous contacter \u00e0 tout moment. Le droit \u00e0 la limitation du traitement existe dans les cas suivants :<\/p>\n\n\n\n<ul class=\"wp-block-list\">\n<li>Si vous contestez l'exactitude de vos donn\u00e9es \u00e0 caract\u00e8re personnel enregistr\u00e9es chez nous, nous avons g\u00e9n\u00e9ralement besoin de temps pour le v\u00e9rifier. Pendant la dur\u00e9e de la v\u00e9rification, vous avez le droit de demander la limitation du traitement de vos donn\u00e9es \u00e0 caract\u00e8re personnel.<\/li>\n\n\n\n<li>Si le traitement de vos donn\u00e9es personnelles s'est produit\/se produit de mani\u00e8re ill\u00e9gale, vous pouvez demander la limitation du traitement des donn\u00e9es au lieu de leur suppression.<\/li>\n\n\n\n<li>Si nous n'avons plus besoin de vos donn\u00e9es \u00e0 caract\u00e8re personnel, mais que vous en avez besoin pour exercer, d\u00e9fendre ou faire valoir des droits juridiques, vous avez le droit de demander la limitation du traitement de vos donn\u00e9es \u00e0 caract\u00e8re personnel au lieu de leur suppression.<\/li>\n\n\n\n<li>Si vous avez fait opposition conform\u00e9ment \u00e0 l'article 21, paragraphe 1, du RGPD, une mise en balance de vos int\u00e9r\u00eats et des n\u00f4tres doit \u00eatre effectu\u00e9e. Tant qu'il n'a pas \u00e9t\u00e9 d\u00e9termin\u00e9 quels int\u00e9r\u00eats pr\u00e9valent, vous avez le droit d'exiger la limitation du traitement de vos donn\u00e9es personnelles.<\/li>\n<\/ul>\n\n\n\n<p>Si vous avez limit\u00e9 le traitement de vos donn\u00e9es \u00e0 caract\u00e8re personnel, ces donn\u00e9es - \u00e0 l'exception de leur conservation - ne peuvent \u00eatre trait\u00e9es qu'avec votre consentement ou pour la constatation, l'exercice ou la d\u00e9fense de droits en justice ou pour la protection des droits d'une autre personne physique ou morale, ou encore pour un motif d'int\u00e9r\u00eat public important de l'Union europ\u00e9enne ou d'un \u00c9tat membre.<\/p>\n\n\n\n<h4 class=\"wp-block-heading\">Chiffrement SSL ou TLS<\/h4>\n\n\n\n<p>Pour des raisons de s\u00e9curit\u00e9 et afin de prot\u00e9ger la transmission de contenus confidentiels, comme par exemple les commandes ou les demandes que vous nous envoyez en tant qu'exploitant du site, ce site utilise un cryptage SSL ou TLS. Vous reconnaissez une connexion crypt\u00e9e au fait que la ligne d'adresse du navigateur passe de \"http:\/\/\" \u00e0 \"https:\/\/\" et au symbole du cadenas dans la ligne de votre navigateur.<\/p>\n\n\n\n<p>Si le cryptage SSL ou TLS est activ\u00e9, les donn\u00e9es que vous nous transmettez ne peuvent pas \u00eatre lues par des tiers.<\/p>\n\n\n\n<h3 class=\"wp-block-heading\">4. collecte de donn\u00e9es sur ce site web<\/h3>\n\n\n\n<h4 class=\"wp-block-heading\">Cookies<\/h4>\n\n\n\n<p>Nos pages Internet utilisent ce que l'on appelle des \"cookies\". Les cookies sont de petits paquets de donn\u00e9es qui ne causent aucun dommage \u00e0 votre terminal. Ils sont enregistr\u00e9s sur votre terminal soit temporairement pour la dur\u00e9e d'une session (cookies de session), soit durablement (cookies permanents). Les cookies de session sont automatiquement supprim\u00e9s \u00e0 la fin de votre visite. Les cookies permanents restent enregistr\u00e9s sur votre terminal jusqu'\u00e0 ce que vous les supprimiez vous-m\u00eame ou qu'une suppression automatique soit effectu\u00e9e par votre navigateur web.<\/p>\n\n\n\n<p>Les cookies peuvent provenir de nous (cookies de premi\u00e8re partie) ou d'entreprises tierces (cookies dits de troisi\u00e8me partie). Les cookies tiers permettent d'int\u00e9grer certains services d'entreprises tierces au sein de sites web (par exemple, des cookies pour le traitement de services de paiement).<\/p>\n\n\n\n<p>Les cookies ont diff\u00e9rentes fonctions. De nombreux cookies sont techniquement n\u00e9cessaires, car certaines fonctions du site web ne fonctionneraient pas sans eux (par exemple la fonction de panier d'achat ou l'affichage de vid\u00e9os). D'autres cookies peuvent \u00eatre utilis\u00e9s pour \u00e9valuer le comportement des utilisateurs ou \u00e0 des fins publicitaires.<\/p>\n\n\n\n<p>Les cookies n\u00e9cessaires \u00e0 l'ex\u00e9cution du processus de communication \u00e9lectronique, \u00e0 la mise \u00e0 disposition de certaines fonctions que vous souhaitez (par ex. pour la fonction de panier d'achat) ou \u00e0 l'optimisation du site web (par ex. cookies de mesure d'audience web) (cookies n\u00e9cessaires) sont enregistr\u00e9s sur la base de l'article 6, paragraphe 1, point f du RGPD, sauf si une autre base juridique est indiqu\u00e9e. L'exploitant du site web a un int\u00e9r\u00eat l\u00e9gitime \u00e0 l'enregistrement des cookies n\u00e9cessaires pour une mise \u00e0 disposition de ses services sans erreur technique et optimis\u00e9e. Si un consentement a \u00e9t\u00e9 demand\u00e9 pour le stockage de cookies et de technologies de reconnaissance comparables, le traitement est effectu\u00e9 exclusivement sur la base de ce consentement (article 6, paragraphe 1, point a) du RGPD et article 25, paragraphe 1 de la TDDDG) ; le consentement peut \u00eatre r\u00e9voqu\u00e9 \u00e0 tout moment.<\/p>\n\n\n\n<p>Vous pouvez configurer votre navigateur de mani\u00e8re \u00e0 \u00eatre inform\u00e9 de l'installation de cookies et \u00e0 n'autoriser les cookies qu'au cas par cas, \u00e0 exclure l'acceptation de cookies dans certains cas ou de mani\u00e8re g\u00e9n\u00e9rale, et \u00e0 activer la suppression automatique des cookies \u00e0 la fermeture du navigateur. En cas de d\u00e9sactivation des cookies, la fonctionnalit\u00e9 de ce site web peut \u00eatre limit\u00e9e.<\/p>\n\n\n\n<p>Pour savoir quels cookies et services sont utilis\u00e9s sur ce site, veuillez consulter la pr\u00e9sente d\u00e9claration de confidentialit\u00e9.<\/p>\n\n\n\n<h4 class=\"wp-block-heading\">Consentement avec Usercentrics<\/h4>\n\n\n\n<p>Ce site web utilise la technologie Consent de Usercentrics pour obtenir votre consentement \u00e0 l'enregistrement de certains cookies sur votre terminal ou \u00e0 l'utilisation de certaines technologies et pour documenter ce consentement conform\u00e9ment \u00e0 la protection des donn\u00e9es. Le fournisseur de cette technologie est Usercentrics GmbH, Sendlinger Stra\u00dfe 7, 80331 Munich, site web : <a href=\"https:\/\/usercentrics.com\/de\/\" target=\"_blank\" rel=\"noreferrer noopener\">https:\/\/usercentrics.com\/de\/<\/a> (ci-apr\u00e8s \"Usercentrics\").<\/p>\n\n\n\n<p>Lorsque vous acc\u00e9dez \u00e0 notre site web, les donn\u00e9es personnelles suivantes sont transmises \u00e0 Usercentrics :<\/p>\n\n\n\n<ul class=\"wp-block-list\">\n<li>votre\/vos consentement(s) ou le retrait de votre\/vos consentement(s)<\/li>\n\n\n\n<li>Votre adresse IP<\/li>\n\n\n\n<li>Informations sur votre navigateur<\/li>\n\n\n\n<li>Informations sur votre terminal<\/li>\n\n\n\n<li>l'heure de votre visite sur le site<\/li>\n\n\n\n<li>G\u00e9olocalisation<\/li>\n<\/ul>\n\n\n\n<p>En outre, Usercentrics enregistre un cookie dans votre navigateur afin de pouvoir vous attribuer les consentements donn\u00e9s ou leur r\u00e9vocation. Les donn\u00e9es ainsi collect\u00e9es sont conserv\u00e9es jusqu'\u00e0 ce que vous nous demandiez de les supprimer, que vous supprimiez vous-m\u00eame le cookie Usercentrics ou que le but de la conservation des donn\u00e9es ne soit plus valable. Les obligations l\u00e9gales de conservation obligatoires ne sont pas affect\u00e9es.<\/p>\n\n\n\n<p>La banni\u00e8re Usercentrics sur ce site web a \u00e9t\u00e9 configur\u00e9e avec l'aide d'eRecht24. Vous le reconnaissez au fait que le logo d'eRecht24 appara\u00eet dans la banni\u00e8re. Pour afficher le logo eRecht24 dans la banni\u00e8re, une connexion au serveur d'images d'eRecht24 est \u00e9tablie. L'adresse IP est \u00e9galement transmise \u00e0 cette occasion, mais elle n'est enregistr\u00e9e que sous forme anonyme dans les journaux du serveur. Le serveur d'images d'eRecht24 se trouve en Allemagne chez un fournisseur allemand. La banni\u00e8re elle-m\u00eame est exclusivement mise \u00e0 disposition par Usercentrics.<\/p>\n\n\n\n<p>L'utilisation de Usercentrics a lieu afin d'obtenir les consentements prescrits par la loi pour l'utilisation de certaines technologies. La base juridique pour cela est l'article 6, paragraphe 1, point c du RGPD.<\/p>\n\n\n\n<p><strong>Traitement des commandes<\/strong><\/p>\n\n\n\n<p>Nous avons conclu un contrat de traitement des commandes (CTP) pour l'utilisation du service susmentionn\u00e9. Il s'agit d'un contrat prescrit par la l\u00e9gislation sur la protection des donn\u00e9es, qui garantit que celui-ci traite les donn\u00e9es personnelles des visiteurs de notre site web uniquement selon nos instructions et dans le respect du RGPD.<\/p>\n\n\n\n<h4 class=\"wp-block-heading\">Fichiers journaux du serveur<\/h4>\n\n\n\n<p>Le fournisseur des pages collecte et enregistre automatiquement des informations dans ce que l'on appelle des fichiers journaux du serveur, que votre navigateur nous transmet automatiquement. Il s'agit de<\/p>\n\n\n\n<ul class=\"wp-block-list\">\n<li>le type et la version du navigateur<\/li>\n\n\n\n<li>le syst\u00e8me d'exploitation utilis\u00e9<\/li>\n\n\n\n<li>URL de r\u00e9f\u00e9rence<\/li>\n\n\n\n<li>nom d'h\u00f4te de l'ordinateur qui acc\u00e8de au site<\/li>\n\n\n\n<li>Heure de la demande du serveur<\/li>\n\n\n\n<li>Adresse IP<\/li>\n<\/ul>\n\n\n\n<p>Ces donn\u00e9es ne sont pas recoup\u00e9es avec d'autres sources de donn\u00e9es.<\/p>\n\n\n\n<p>La collecte de ces donn\u00e9es s'effectue sur la base de l'article 6, paragraphe 1, point f du RGPD. L'exploitant du site web a un int\u00e9r\u00eat l\u00e9gitime \u00e0 ce que son site web soit pr\u00e9sent\u00e9 sans erreur technique et \u00e0 ce qu'il soit optimis\u00e9 - pour cela, les fichiers journaux du serveur doivent \u00eatre collect\u00e9s.<\/p>\n\n\n\n<h4 class=\"wp-block-heading\">Formulaire de contact<\/h4>\n\n\n\n<p>Si vous nous faites parvenir des demandes par le biais du formulaire de contact, les informations que vous avez fournies dans le formulaire de demande, y compris les donn\u00e9es de contact que vous y avez indiqu\u00e9es, sont enregistr\u00e9es chez nous \u00e0 des fins de traitement de la demande et en cas de questions de suivi. Nous ne transmettons pas ces donn\u00e9es sans votre consentement.<\/p>\n\n\n\n<p>Le traitement de ces donn\u00e9es est fond\u00e9 sur l'article 6, paragraphe 1, point b), du RGPD, dans la mesure o\u00f9 votre demande est li\u00e9e \u00e0 l'ex\u00e9cution d'un contrat ou est n\u00e9cessaire \u00e0 l'ex\u00e9cution de mesures pr\u00e9contractuelles. Dans tous les autres cas, le traitement repose sur notre int\u00e9r\u00eat l\u00e9gitime \u00e0 traiter efficacement les demandes qui nous sont adress\u00e9es (article 6, paragraphe 1, point f) du RGPD) ou sur votre consentement (article 6, paragraphe 1, point a) du RGPD) dans la mesure o\u00f9 celui-ci a \u00e9t\u00e9 demand\u00e9 ; le consentement peut \u00eatre retir\u00e9 \u00e0 tout moment.<\/p>\n\n\n\n<p>Les donn\u00e9es que vous avez saisies dans le formulaire de contact restent chez nous jusqu'\u00e0 ce que vous nous demandiez de les supprimer, que vous r\u00e9voquiez votre autorisation de les enregistrer ou que le but de l'enregistrement des donn\u00e9es devienne caduc (par ex. apr\u00e8s le traitement de votre demande). Les dispositions l\u00e9gales contraignantes - en particulier les d\u00e9lais de conservation - ne sont pas affect\u00e9es.<\/p>\n\n\n\n<h4 class=\"wp-block-heading\">Demande par e-mail, t\u00e9l\u00e9phone ou fax<\/h4>\n\n\n\n<p>Si vous nous contactez par e-mail, t\u00e9l\u00e9phone ou fax, votre demande, y compris toutes les donn\u00e9es personnelles qui en d\u00e9coulent (nom, demande), sera enregistr\u00e9e et trait\u00e9e par nos soins dans le but de traiter votre demande. Nous ne transmettons pas ces donn\u00e9es sans votre consentement.<\/p>\n\n\n\n<p>Le traitement de ces donn\u00e9es est fond\u00e9 sur l'article 6, paragraphe 1, point b), du RGPD, dans la mesure o\u00f9 votre demande est li\u00e9e \u00e0 l'ex\u00e9cution d'un contrat ou est n\u00e9cessaire \u00e0 l'ex\u00e9cution de mesures pr\u00e9contractuelles. Dans tous les autres cas, le traitement repose sur notre int\u00e9r\u00eat l\u00e9gitime \u00e0 traiter efficacement les demandes qui nous sont adress\u00e9es (article 6, paragraphe 1, point f) du RGPD) ou sur votre consentement (article 6, paragraphe 1, point a) du RGPD) dans la mesure o\u00f9 celui-ci a \u00e9t\u00e9 demand\u00e9 ; le consentement peut \u00eatre retir\u00e9 \u00e0 tout moment.<\/p>\n\n\n\n<p>Les donn\u00e9es que vous nous avez envoy\u00e9es par le biais de demandes de contact restent chez nous jusqu'\u00e0 ce que vous nous demandiez de les effacer, que vous r\u00e9voquiez votre consentement \u00e0 leur stockage ou que le but du stockage des donn\u00e9es devienne caduc (par exemple apr\u00e8s le traitement de votre demande). Les dispositions l\u00e9gales contraignantes - en particulier les d\u00e9lais de conservation l\u00e9gaux - ne sont pas affect\u00e9es.<\/p>\n\n\n\n<h4 class=\"wp-block-heading\">Communication via WhatsApp<\/h4>\n\n\n\n<p>Pour la communication avec nos clients et d'autres tiers, nous utilisons entre autres le service de messagerie instantan\u00e9e WhatsApp. Le fournisseur est WhatsApp Ireland Limited, 4 Grand Canal Square, Grand Canal Harbour, Dublin 2, Irlande.<\/p>\n\n\n\n<p>La communication est crypt\u00e9e de bout en bout (peer-to-peer), ce qui emp\u00eache WhatsApp ou d'autres tiers d'acc\u00e9der au contenu de la communication. WhatsApp a toutefois acc\u00e8s aux m\u00e9tadonn\u00e9es g\u00e9n\u00e9r\u00e9es au cours du processus de communication (par exemple l'exp\u00e9diteur, le destinataire et l'heure). Nous attirons \u00e9galement votre attention sur le fait que WhatsApp d\u00e9clare partager les donn\u00e9es personnelles de ses utilisateurs avec la soci\u00e9t\u00e9 m\u00e8re du groupe, Meta, bas\u00e9e aux \u00c9tats-Unis. Pour plus de d\u00e9tails sur le traitement des donn\u00e9es, veuillez consulter la politique de confidentialit\u00e9 de WhatsApp \u00e0 l'adresse suivante : <a href=\"https:\/\/www.whatsapp.com\/legal\/#privacy-policy\" target=\"_blank\" rel=\"noreferrer noopener\">https:\/\/www.whatsapp.com\/legal\/#privacy-policy<\/a>.<\/p>\n\n\n\n<p>L'utilisation de WhatsApp est bas\u00e9e sur notre int\u00e9r\u00eat l\u00e9gitime \u00e0 communiquer le plus rapidement et le plus efficacement possible avec nos clients, prospects et autres partenaires commerciaux et contractuels (article 6, paragraphe 1, point f du RGPD). Dans la mesure o\u00f9 un consentement correspondant a \u00e9t\u00e9 demand\u00e9, le traitement des donn\u00e9es s'effectue exclusivement sur la base du consentement ; celui-ci peut \u00eatre r\u00e9voqu\u00e9 \u00e0 tout moment avec effet pour l'avenir.<\/p>\n\n\n\n<p>Les contenus de communication \u00e9chang\u00e9s entre vous et nous sur WhatsApp restent chez nous jusqu'\u00e0 ce que vous nous demandiez de les supprimer, que vous r\u00e9voquiez votre consentement \u00e0 leur stockage ou que le but du stockage des donn\u00e9es devienne caduc (par exemple apr\u00e8s le traitement de votre demande). Les dispositions l\u00e9gales contraignantes - en particulier les d\u00e9lais de conservation - ne sont pas affect\u00e9es.<\/p>\n\n\n\n<p>L'entreprise dispose d'une certification selon le \"EU-US Data Privacy Framework\" (DPF). Le DPF est un accord entre l'Union europ\u00e9enne et les \u00c9tats-Unis visant \u00e0 garantir le respect des normes europ\u00e9ennes en mati\u00e8re de protection des donn\u00e9es lors du traitement des donn\u00e9es aux \u00c9tats-Unis. Toute entreprise certifi\u00e9e selon le DPF s'engage \u00e0 respecter ces normes de protection des donn\u00e9es. Pour plus d'informations \u00e0 ce sujet, veuillez contacter le fournisseur en cliquant sur le lien suivant : <a href=\"https:\/\/www.dataprivacyframework.gov\/s\/participant-search\/participant-detail?contact=true&amp;id=a2zt00000011sfnAAA&amp;status=Active\" target=\"_blank\" rel=\"noreferrer noopener\">https:\/\/www.dataprivacyframework.gov\/s\/participant-search\/participant-detail?contact=true&amp;id=a2zt00000011sfnAAA&amp;status=Active<\/a><\/p>\n\n\n\n<h3 class=\"wp-block-heading\">5. plugins et outils<\/h3>\n\n\n\n<h4 class=\"wp-block-heading\">Google Fonts (h\u00e9bergement local)<\/h4>\n\n\n\n<p>Ce site utilise ce que l'on appelle les Google Fonts, mis \u00e0 disposition par Google, pour la repr\u00e9sentation homog\u00e8ne des polices de caract\u00e8res. Les Google Fonts sont install\u00e9s localement. Une connexion aux serveurs de Google n'a pas lieu.<\/p>\n\n\n\n<p>Pour plus d'informations sur Google Fonts, voir <a href=\"https:\/\/developers.google.com\/fonts\/faq\" target=\"_blank\" rel=\"noreferrer noopener\">https:\/\/developers.google.com\/fonts\/faq<\/a> et dans la d\u00e9claration de confidentialit\u00e9 de Google : <a href=\"https:\/\/policies.google.com\/privacy?hl=de\" target=\"_blank\" rel=\"noreferrer noopener\">https:\/\/policies.google.com\/privacy?hl=de<\/a>.<\/p>\n\n\n\n<h4 class=\"wp-block-heading\">Font Awesome<\/h4>\n\n\n\n<p>Ce site utilise Font Awesome pour l'affichage uniforme des polices et des symboles. Le fournisseur est Fonticons, Inc, 6 Porter Road Apartment 3R, Cambridge, Massachusetts, USA.<\/p>\n\n\n\n<p>Lorsque vous consultez une page, votre navigateur charge les polices n\u00e9cessaires dans le cache de votre navigateur afin d'afficher correctement les textes, les polices et les symboles. Pour ce faire, le navigateur que vous utilisez doit se connecter aux serveurs de Font Awesome. Cela permet \u00e0 Font Awesome de savoir que ce site web a \u00e9t\u00e9 consult\u00e9 via votre adresse IP. L'utilisation de Font Awesome est bas\u00e9e sur l'article 6, paragraphe 1, point f du RGPD. Nous avons un int\u00e9r\u00eat l\u00e9gitime \u00e0 ce que la police de caract\u00e8res soit pr\u00e9sent\u00e9e de mani\u00e8re uniforme sur notre site web. Dans la mesure o\u00f9 un consentement correspondant a \u00e9t\u00e9 demand\u00e9, le traitement s'effectue exclusivement sur la base de l'article 6, paragraphe 1, point a), du RGPD et de l'article 25, paragraphe 1, de la loi TDDDG, dans la mesure o\u00f9 le consentement inclut le stockage de cookies ou l'acc\u00e8s \u00e0 des informations dans le terminal de l'utilisateur (par ex. Device-Fingerprinting) au sens de la loi TDDDG. Le consentement est r\u00e9vocable \u00e0 tout moment.<\/p>\n\n\n\n<p>Si votre navigateur ne prend pas en charge Font Awesome, une police standard est utilis\u00e9e par votre ordinateur.<\/p>\n\n\n\n<p>Pour plus d'informations sur Font Awesome, veuillez consulter la d\u00e9claration de confidentialit\u00e9 de Font Awesome : <a href=\"https:\/\/fontawesome.com\/privacy\" target=\"_blank\" rel=\"noreferrer noopener\">https:\/\/fontawesome.com\/privacy<\/a>.<\/p>\n\n\n\n<h4 class=\"wp-block-heading\">Google Maps<\/h4>\n\n\n\n<p>Ce site utilise le service de cartographie Google Maps. Le fournisseur est Google Ireland Limited (\"Google\"), Gordon House, Barrow Street, Dublin 4, Irlande. Ce service nous permet d'int\u00e9grer des cartes sur notre site.<\/p>\n\n\n\n<p>Pour utiliser les fonctions de Google Maps, il est n\u00e9cessaire d'enregistrer votre adresse IP. Cette information est g\u00e9n\u00e9ralement transmise \u00e0 un serveur de Google aux \u00c9tats-Unis et y est enregistr\u00e9e. Le fournisseur de ce site n'a aucune influence sur cette transmission de donn\u00e9es. Si Google Maps est activ\u00e9, Google peut utiliser les polices de caract\u00e8res Google Fonts \u00e0 des fins d'affichage uniforme. Lors de l'appel de Google Maps, votre navigateur charge les Web Fonts n\u00e9cessaires dans le cache de votre navigateur afin d'afficher correctement les textes et les polices.<\/p>\n\n\n\n<p>L'utilisation de Google Maps a lieu dans l'int\u00e9r\u00eat d'une pr\u00e9sentation attrayante de nos offres en ligne et d'un rep\u00e9rage facile des lieux que nous avons indiqu\u00e9s sur le site web. Cela constitue un int\u00e9r\u00eat l\u00e9gitime au sens de l'article 6, paragraphe 1, point f) du RGPD. Dans la mesure o\u00f9 un consentement correspondant a \u00e9t\u00e9 demand\u00e9, le traitement s'effectue exclusivement sur la base de l'article 6, paragraphe 1, point a), du RGPD et de l'article 25, paragraphe 1, de la loi TDDDG, dans la mesure o\u00f9 le consentement inclut le stockage de cookies ou l'acc\u00e8s \u00e0 des informations dans le terminal de l'utilisateur (par ex. Device-Fingerprinting) au sens de la loi TDDDG. Le consentement est r\u00e9vocable \u00e0 tout moment.<\/p>\n\n\n\n<p>Le transfert de donn\u00e9es vers les \u00c9tats-Unis est bas\u00e9 sur les clauses contractuelles standard de la Commission europ\u00e9enne. Vous trouverez les d\u00e9tails ici : <a href=\"https:\/\/privacy.google.com\/businesses\/gdprcontrollerterms\/\" target=\"_blank\" rel=\"noreferrer noopener\">https:\/\/privacy.google.com\/businesses\/gdprcontrollerterms\/<\/a> et <a href=\"https:\/\/privacy.google.com\/businesses\/gdprcontrollerterms\/sccs\/\" target=\"_blank\" rel=\"noreferrer noopener\">https:\/\/privacy.google.com\/businesses\/gdprcontrollerterms\/sccs\/<\/a>.<\/p>\n\n\n\n<p>Vous trouverez plus d'informations sur le traitement des donn\u00e9es des utilisateurs dans la d\u00e9claration de confidentialit\u00e9 de Google : <a href=\"https:\/\/policies.google.com\/privacy?hl=de\" target=\"_blank\" rel=\"noreferrer noopener\">https:\/\/policies.google.com\/privacy?hl=de<\/a>.<\/p>\n\n\n\n<p>L'entreprise dispose d'une certification selon le \"EU-US Data Privacy Framework\" (DPF). Le DPF est un accord entre l'Union europ\u00e9enne et les \u00c9tats-Unis visant \u00e0 garantir le respect des normes europ\u00e9ennes en mati\u00e8re de protection des donn\u00e9es lors du traitement des donn\u00e9es aux \u00c9tats-Unis. Toute entreprise certifi\u00e9e selon le DPF s'engage \u00e0 respecter ces normes de protection des donn\u00e9es. Pour plus d'informations \u00e0 ce sujet, veuillez contacter le fournisseur en cliquant sur le lien suivant : <a href=\"https:\/\/www.dataprivacyframework.gov\/s\/participant-search\/participant-detail?contact=true&amp;id=a2zt000000001L5AAI&amp;status=Active\" target=\"_blank\" rel=\"noreferrer noopener\">https:\/\/www.dataprivacyframework.gov\/s\/participant-search\/participant-detail?contact=true&amp;id=a2zt000000001L5AAI&amp;status=Active<\/a><\/p>\n\n\n\n<h4 class=\"wp-block-heading\">Google reCAPTCHA<\/h4>\n\n\n\n<p>Nous utilisons \"Google reCAPTCHA\" (ci-apr\u00e8s \"reCAPTCHA\") sur ce site web. Le fournisseur est Google Ireland Limited (\"Google\"), Gordon House, Barrow Street, Dublin 4, Irlande.<\/p>\n\n\n\n<p>L'objectif de reCAPTCHA est de v\u00e9rifier si la saisie de donn\u00e9es sur ce site web (par exemple dans un formulaire de contact) est effectu\u00e9e par un \u00eatre humain ou par un programme automatis\u00e9. Pour ce faire, reCAPTCHA analyse le comportement du visiteur du site web \u00e0 l'aide de diff\u00e9rentes caract\u00e9ristiques. Cette analyse commence automatiquement d\u00e8s que le visiteur du site web entre sur le site. Pour l'analyse, reCAPTCHA \u00e9value diff\u00e9rentes informations (par exemple l'adresse IP, le temps pass\u00e9 par le visiteur sur le site web ou les mouvements de souris effectu\u00e9s par l'utilisateur). Les donn\u00e9es collect\u00e9es lors de l'analyse sont transmises \u00e0 Google.<\/p>\n\n\n\n<p>Les analyses reCAPTCHA s'effectuent enti\u00e8rement en arri\u00e8re-plan. Les visiteurs du site web ne sont pas inform\u00e9s qu'une analyse est en cours.<\/p>\n\n\n\n<p>Le stockage et l'analyse des donn\u00e9es sont effectu\u00e9s sur la base de l'article 6, paragraphe 1, point f du RGPD. L'exploitant du site web a un int\u00e9r\u00eat l\u00e9gitime \u00e0 prot\u00e9ger ses offres web contre l'espionnage automatis\u00e9 abusif et le SPAM. Si un consentement correspondant a \u00e9t\u00e9 demand\u00e9, le traitement s'effectue exclusivement sur la base de l'article 6, paragraphe 1, point a), du RGPD et de l'article 25, paragraphe 1, de la loi TDDDG, dans la mesure o\u00f9 le consentement inclut le stockage de cookies ou l'acc\u00e8s \u00e0 des informations dans le terminal de l'utilisateur (par ex. Device-Fingerprinting) au sens de la loi TDDDG. Le consentement est r\u00e9vocable \u00e0 tout moment.<\/p>\n\n\n\n<p>Pour plus d'informations sur Google reCAPTCHA, veuillez consulter les r\u00e8gles de confidentialit\u00e9 de Google et les conditions d'utilisation de Google en cliquant sur les liens suivants : <a href=\"https:\/\/policies.google.com\/privacy?hl=de\" target=\"_blank\" rel=\"noreferrer noopener\">https:\/\/policies.google.com\/privacy?hl=de<\/a> et <a href=\"https:\/\/policies.google.com\/terms?hl=de\" target=\"_blank\" rel=\"noreferrer noopener\">https:\/\/policies.google.com\/terms?hl=de<\/a>.<\/p>\n\n\n\n<p>L'entreprise dispose d'une certification selon le \"EU-US Data Privacy Framework\" (DPF). Le DPF est un accord entre l'Union europ\u00e9enne et les \u00c9tats-Unis visant \u00e0 garantir le respect des normes europ\u00e9ennes en mati\u00e8re de protection des donn\u00e9es lors du traitement des donn\u00e9es aux \u00c9tats-Unis. Toute entreprise certifi\u00e9e selon le DPF s'engage \u00e0 respecter ces normes de protection des donn\u00e9es. Pour plus d'informations \u00e0 ce sujet, veuillez contacter le fournisseur en cliquant sur le lien suivant : <a href=\"https:\/\/www.dataprivacyframework.gov\/s\/participant-search\/participant-detail?contact=true&amp;id=a2zt000000001L5AAI&amp;status=Active\" target=\"_blank\" rel=\"noreferrer noopener\">https:\/\/www.dataprivacyframework.gov\/s\/participant-search\/participant-detail?contact=true&amp;id=a2zt000000001L5AAI&amp;status=Active<\/a><\/p>\n\n\n\n<h4 class=\"wp-block-heading\">Wordfence<\/h4>\n\n\n\n<p>Nous avons int\u00e9gr\u00e9 Wordfence sur ce site web. Le fournisseur est Defiant Inc., Defiant, Inc., 800 5th Ave Ste 4100, Seattle, WA 98104, USA (ci-apr\u00e8s \"Wordfence\").<\/p>\n\n\n\n<p>Wordfence sert \u00e0 prot\u00e9ger notre site web contre les acc\u00e8s ind\u00e9sirables ou les cyberattaques malveillantes. \u00c0 cette fin, notre site web \u00e9tablit une connexion permanente avec les serveurs de Wordfence afin que ce dernier puisse comparer ses bases de donn\u00e9es avec les acc\u00e8s effectu\u00e9s sur notre site web et les bloquer le cas \u00e9ch\u00e9ant.<\/p>\n\n\n\n<p>L'utilisation de Wordfence est bas\u00e9e sur l'article 6, paragraphe 1, point f du RGPD. L'exploitant du site web a un int\u00e9r\u00eat l\u00e9gitime \u00e0 prot\u00e9ger son site web le plus efficacement possible contre les cyberattaques. Dans la mesure o\u00f9 un consentement correspondant a \u00e9t\u00e9 demand\u00e9, le traitement s'effectue exclusivement sur la base de l'article 6, paragraphe 1, point a), du RGPD et de l'article 25, paragraphe 1, de la loi TDDDG, dans la mesure o\u00f9 le consentement inclut le stockage de cookies ou l'acc\u00e8s \u00e0 des informations dans le terminal de l'utilisateur (par ex. Device-Fingerprinting) au sens de la loi TDDDG. Le consentement est r\u00e9vocable \u00e0 tout moment.<\/p>\n\n\n\n<p>Le transfert de donn\u00e9es vers les \u00c9tats-Unis est bas\u00e9 sur les clauses contractuelles standard de la Commission europ\u00e9enne. Vous trouverez les d\u00e9tails ici : <a href=\"https:\/\/www.wordfence.com\/help\/general-data-protection-regulation\/\" target=\"_blank\" rel=\"noreferrer noopener\">https:\/\/www.wordfence.com\/help\/general-data-protection-regulation\/<\/a>.<\/p>\n\n\n\n<h3 class=\"wp-block-heading\">6. Commerce \u00e9lectronique et fournisseurs de paiement<\/h3>\n\n\n\n<h4 class=\"wp-block-heading\">Services de paiement<\/h4>\n\n\n\n<p>Nous int\u00e9grons des services de paiement de soci\u00e9t\u00e9s tierces sur notre site web. Lorsque vous effectuez un achat chez nous, vos donn\u00e9es de paiement (par ex. nom, montant du paiement, coordonn\u00e9es bancaires, num\u00e9ro de carte de cr\u00e9dit) sont trait\u00e9es par le prestataire de services de paiement aux fins du traitement du paiement. Les dispositions contractuelles et de protection des donn\u00e9es respectives des prestataires concern\u00e9s s'appliquent \u00e0 ces transactions. L'utilisation des prestataires de services de paiement se fait sur la base de l'article 6, paragraphe 1, point b), du RGPD (ex\u00e9cution du contrat) ainsi que dans l'int\u00e9r\u00eat d'un processus de paiement aussi fluide, confortable et s\u00fbr que possible (article 6, paragraphe 1, point f), du RGPD). Dans la mesure o\u00f9 votre consentement est demand\u00e9 pour certaines actions, l'article 6, paragraphe 1, point a) du RGPD constitue la base juridique du traitement des donn\u00e9es ; les consentements peuvent \u00eatre r\u00e9voqu\u00e9s \u00e0 tout moment pour l'avenir.<\/p>\n\n\n\n<p>Nous utilisons les services de paiement \/ prestataires de services de paiement suivants dans le cadre de ce site web :<\/p>\n\n\n\n<p><strong>PayPal<\/strong><\/p>\n\n\n\n<p>Le fournisseur de ce service de paiement est PayPal (Europe) S.\u00e0.r.l. et Cie, S.C.A., 22-24 Boulevard Royal, L-2449 Luxembourg (ci-apr\u00e8s \"PayPal\").<\/p>\n\n\n\n<p>Le transfert de donn\u00e9es vers les \u00c9tats-Unis est bas\u00e9 sur les clauses contractuelles standard de la Commission europ\u00e9enne. Vous trouverez les d\u00e9tails ici : <a href=\"https:\/\/www.paypal.com\/de\/webapps\/mpp\/ua\/pocpsa-full\" target=\"_blank\" rel=\"noreferrer noopener\">https:\/\/www.paypal.com\/de\/webapps\/mpp\/ua\/pocpsa-full<\/a>.<\/p>\n\n\n\n<p>Pour plus de d\u00e9tails, veuillez consulter la d\u00e9claration de confidentialit\u00e9 de PayPal : <a href=\"https:\/\/www.paypal.com\/de\/webapps\/mpp\/ua\/privacy-full\" target=\"_blank\" rel=\"noreferrer noopener\">https:\/\/www.paypal.com\/de\/webapps\/mpp\/ua\/privacy-full<\/a>.<\/p>\n\n\n\n<h3 class=\"wp-block-heading\">7. notre pr\u00e9sence sur les m\u00e9dias sociaux<\/h3>\n\n\n\n<h4 class=\"wp-block-heading\">Cette d\u00e9claration de protection des donn\u00e9es s'applique aux sites de m\u00e9dias sociaux suivants<\/h4>\n\n\n\n<ul class=\"wp-block-list\">\n<li><a href=\"https:\/\/www.facebook.com\/tierheim.bremerhaven\" target=\"_blank\" rel=\"noreferrer noopener\">https:\/\/www.facebook.com\/tierheim.bremerhaven<\/a><\/li>\n\n\n\n<li><a href=\"https:\/\/www.instagram.com\/tierheim_bremerhaven\/\" target=\"_blank\" rel=\"noreferrer noopener\">https:\/\/www.instagram.com\/tierheim_bremerhaven\/<\/a><\/li>\n<\/ul>\n\n\n\n<h4 class=\"wp-block-heading\">Traitement des donn\u00e9es par les r\u00e9seaux sociaux<\/h4>\n\n\n\n<p>Nous disposons de profils accessibles au public sur les r\u00e9seaux sociaux. Vous trouverez ci-dessous les r\u00e9seaux sociaux que nous utilisons en d\u00e9tail.<\/p>\n\n\n\n<p>Les r\u00e9seaux sociaux tels que Facebook, X, etc. peuvent g\u00e9n\u00e9ralement analyser de mani\u00e8re approfondie votre comportement d'utilisateur lorsque vous visitez leur site web ou un site web int\u00e9grant des contenus de m\u00e9dias sociaux (par ex. des boutons \"J'aime\" ou des banni\u00e8res publicitaires). La visite de nos pr\u00e9sences sur les m\u00e9dias sociaux d\u00e9clenche de nombreux processus de traitement relatifs \u00e0 la protection des donn\u00e9es. En particulier :<\/p>\n\n\n\n<p>Si vous \u00eates connect\u00e9 \u00e0 votre compte de m\u00e9dias sociaux et que vous visitez notre site de m\u00e9dias sociaux, l'exploitant du portail de m\u00e9dias sociaux peut associer cette visite \u00e0 votre compte d'utilisateur. Dans certaines circonstances, vos donn\u00e9es personnelles peuvent \u00e9galement \u00eatre collect\u00e9es si vous n'\u00eates pas connect\u00e9 ou si vous ne poss\u00e9dez pas de compte sur le portail de m\u00e9dias sociaux concern\u00e9. Dans ce cas, cette saisie de donn\u00e9es s'effectue par exemple par le biais de cookies qui sont enregistr\u00e9s sur votre terminal ou par la saisie de votre adresse IP.<\/p>\n\n\n\n<p>Les donn\u00e9es ainsi collect\u00e9es permettent aux exploitants des portails de m\u00e9dias sociaux de cr\u00e9er des profils d'utilisateurs dans lesquels vos pr\u00e9f\u00e9rences et vos int\u00e9r\u00eats sont enregistr\u00e9s. De cette mani\u00e8re, des publicit\u00e9s bas\u00e9es sur vos int\u00e9r\u00eats peuvent vous \u00eatre pr\u00e9sent\u00e9es dans et en dehors de la pr\u00e9sence du m\u00e9dia social concern\u00e9. Dans la mesure o\u00f9 vous disposez d'un compte sur le r\u00e9seau social concern\u00e9, la publicit\u00e9 bas\u00e9e sur les centres d'int\u00e9r\u00eat peut \u00eatre affich\u00e9e sur tous les appareils sur lesquels vous \u00eates ou avez \u00e9t\u00e9 connect\u00e9.<\/p>\n\n\n\n<p>Veuillez \u00e9galement noter que nous ne pouvons pas suivre tous les processus de traitement sur les portails de m\u00e9dias sociaux. Selon le fournisseur, d'autres processus de traitement peuvent donc \u00eatre effectu\u00e9s par les exploitants des portails de m\u00e9dias sociaux. Pour plus de d\u00e9tails \u00e0 ce sujet, veuillez consulter les conditions d'utilisation et les dispositions relatives \u00e0 la protection des donn\u00e9es des portails de m\u00e9dias sociaux respectifs.<\/p>\n\n\n\n<h4 class=\"wp-block-heading\">Base juridique<\/h4>\n\n\n\n<p>Notre pr\u00e9sence sur les m\u00e9dias sociaux doit garantir une pr\u00e9sence aussi compl\u00e8te que possible sur Internet. Il s'agit ici d'un int\u00e9r\u00eat l\u00e9gitime au sens de l'article 6, paragraphe 1, point f) du RGPD. Les processus d'analyse initi\u00e9s par les r\u00e9seaux sociaux reposent le cas \u00e9ch\u00e9ant sur des bases juridiques divergentes qui doivent \u00eatre indiqu\u00e9es par les exploitants des r\u00e9seaux sociaux (par ex. consentement au sens de l'art. 6, al. 1, let. a du RGPD).<\/p>\n\n\n\n<h4 class=\"wp-block-heading\">Responsable et exercice des droits<\/h4>\n\n\n\n<p>Si vous visitez l'un de nos sites de m\u00e9dias sociaux (par ex. Facebook), nous sommes responsables, conjointement avec l'exploitant de la plateforme de m\u00e9dias sociaux, des processus de traitement des donn\u00e9es d\u00e9clench\u00e9s lors de cette visite. Vous pouvez en principe faire valoir vos droits (information, rectification, suppression, limitation du traitement, portabilit\u00e9 des donn\u00e9es et r\u00e9clamation) aussi bien \u00e0 notre \u00e9gard qu'\u00e0 l'\u00e9gard de l'exploitant du portail de m\u00e9dias sociaux concern\u00e9 (par ex. \u00e0 l'\u00e9gard de Facebook).<\/p>\n\n\n\n<p>Veuillez noter que, malgr\u00e9 la responsabilit\u00e9 commune avec les exploitants des portails de m\u00e9dias sociaux, nous n'avons pas d'influence totale sur les processus de traitement des donn\u00e9es des portails de m\u00e9dias sociaux. Nos possibilit\u00e9s d\u00e9pendent en grande partie de la politique d'entreprise du fournisseur concern\u00e9.<\/p>\n\n\n\n<h4 class=\"wp-block-heading\">Dur\u00e9e de stockage<\/h4>\n\n\n\n<p>Les donn\u00e9es que nous collectons directement via la pr\u00e9sence sur les m\u00e9dias sociaux sont supprim\u00e9es de nos syst\u00e8mes d\u00e8s que vous nous demandez de les supprimer, que vous retirez votre consentement \u00e0 leur stockage ou que le but de leur stockage n'est plus valable. Les cookies enregistr\u00e9s restent sur votre terminal jusqu'\u00e0 ce que vous les supprimiez. Les dispositions l\u00e9gales contraignantes - en particulier les d\u00e9lais de conservation - ne sont pas affect\u00e9es.<\/p>\n\n\n\n<p>Nous n'avons aucune influence sur la dur\u00e9e de conservation de vos donn\u00e9es, qui sont enregistr\u00e9es par les exploitants des r\u00e9seaux sociaux \u00e0 leurs propres fins. Pour plus de d\u00e9tails, veuillez vous informer directement aupr\u00e8s des exploitants des r\u00e9seaux sociaux (par exemple dans leur d\u00e9claration de protection des donn\u00e9es, voir ci-dessous).<\/p>\n\n\n\n<h4 class=\"wp-block-heading\">Vos droits<\/h4>\n\n\n\n<p>Vous avez \u00e0 tout moment le droit d'obtenir gratuitement des informations sur l'origine, le destinataire et la finalit\u00e9 de vos donn\u00e9es personnelles enregistr\u00e9es. Vous disposez \u00e9galement d'un droit d'opposition, d'un droit \u00e0 la portabilit\u00e9 des donn\u00e9es et d'un droit de recours aupr\u00e8s de l'autorit\u00e9 de surveillance comp\u00e9tente. Vous pouvez \u00e9galement demander la rectification, le blocage, la suppression et, dans certaines circonstances, la limitation du traitement de vos donn\u00e9es personnelles.<\/p>\n\n\n\n<h4 class=\"wp-block-heading\">Les r\u00e9seaux sociaux en d\u00e9tail<\/h4>\n\n\n\n<p><strong>Facebook<\/strong><\/p>\n\n\n\n<p>Nous disposons d'un profil sur Facebook. Le fournisseur de ce service est Meta Platforms Ireland Limited, Merrion Road, Dublin 4, D04 X2K5, Irlande (ci-apr\u00e8s Meta). Selon Meta, les donn\u00e9es collect\u00e9es sont \u00e9galement transf\u00e9r\u00e9es aux \u00c9tats-Unis et dans d'autres pays tiers.<\/p>\n\n\n\n<p>Nous avons conclu un accord de traitement conjoint (Controller Addendum) avec Meta. Cet accord d\u00e9finit les op\u00e9rations de traitement des donn\u00e9es dont nous ou Meta sommes responsables lorsque vous visitez notre page Facebook. Vous pouvez consulter cet accord en cliquant sur le lien suivant : <a href=\"https:\/\/www.facebook.com\/legal\/terms\/page_controller_addendum\" target=\"_blank\" rel=\"noreferrer noopener\">https:\/\/www.facebook.com\/legal\/terms\/page_controller_addendum<\/a>.<\/p>\n\n\n\n<p><strong>Vous pouvez adapter vous-m\u00eame vos param\u00e8tres publicitaires dans votre compte d'utilisateur. Pour ce faire, cliquez sur le lien suivant et connectez-vous :<\/strong> <a href=\"https:\/\/www.facebook.com\/settings?tab=ads\" target=\"_blank\" rel=\"noreferrer noopener\">https:\/\/www.facebook.com\/settings?tab=ads<\/a>.<\/p>\n\n\n\n<p>Le transfert de donn\u00e9es vers les \u00c9tats-Unis est bas\u00e9 sur les clauses contractuelles standard de la Commission europ\u00e9enne. Vous trouverez les d\u00e9tails ici : <a href=\"https:\/\/www.facebook.com\/legal\/EU_data_transfer_addendum\" target=\"_blank\" rel=\"noreferrer noopener\">https:\/\/www.facebook.com\/legal\/EU_data_transfer_addendum<\/a> et <a href=\"https:\/\/de-de.facebook.com\/help\/566994660333381\" target=\"_blank\" rel=\"noreferrer noopener\">https:\/\/de-de.facebook.com\/help\/566994660333381<\/a>.<\/p>\n\n\n\n<p>Pour plus de d\u00e9tails, veuillez consulter la d\u00e9claration de confidentialit\u00e9 de Facebook : <a href=\"https:\/\/www.facebook.com\/about\/privacy\/\" target=\"_blank\" rel=\"noreferrer noopener\">https:\/\/www.facebook.com\/about\/privacy\/<\/a>.<\/p>\n\n\n\n<p>L'entreprise dispose d'une certification selon le \"EU-US Data Privacy Framework\" (DPF). Le DPF est un accord entre l'Union europ\u00e9enne et les \u00c9tats-Unis visant \u00e0 garantir le respect des normes europ\u00e9ennes en mati\u00e8re de protection des donn\u00e9es lors du traitement des donn\u00e9es aux \u00c9tats-Unis. Toute entreprise certifi\u00e9e selon le DPF s'engage \u00e0 respecter ces normes de protection des donn\u00e9es. Pour plus d'informations \u00e0 ce sujet, veuillez contacter le fournisseur en cliquant sur le lien suivant : <a href=\"https:\/\/www.dataprivacyframework.gov\/s\/participant-search\/participant-detail?contact=true&amp;id=a2zt0000000GnywAAC&amp;status=Active\" target=\"_blank\" rel=\"noreferrer noopener\">https:\/\/www.dataprivacyframework.gov\/s\/participant-search\/participant-detail?contact=true&amp;id=a2zt0000000GnywAAC&amp;status=Active<\/a><\/p>\n\n\n\n<p><strong>Instagram<\/strong><\/p>\n\n\n\n<p>Nous disposons d'un profil sur Instagram. Le fournisseur de ce service est Meta Platforms Ireland Limited, Merrion Road, Dublin 4, D04 X2K5, Irlande.<\/p>\n\n\n\n<p>Le transfert de donn\u00e9es vers les \u00c9tats-Unis est bas\u00e9 sur les clauses contractuelles standard de la Commission europ\u00e9enne. Vous trouverez les d\u00e9tails ici : <a href=\"https:\/\/www.facebook.com\/legal\/EU_data_transfer_addendum\" target=\"_blank\" rel=\"noreferrer noopener\">https:\/\/www.facebook.com\/legal\/EU_data_transfer_addendum<\/a>, <a href=\"https:\/\/privacycenter.instagram.com\/policy\/\" target=\"_blank\" rel=\"noreferrer noopener\">https:\/\/privacycenter.instagram.com\/policy\/<\/a> et <a href=\"https:\/\/de-de.facebook.com\/help\/566994660333381\" target=\"_blank\" rel=\"noreferrer noopener\">https:\/\/de-de.facebook.com\/help\/566994660333381<\/a>.<\/p>\n\n\n\n<p>Pour plus de d\u00e9tails sur la mani\u00e8re dont ils traitent vos donn\u00e9es personnelles, veuillez consulter la d\u00e9claration de confidentialit\u00e9 d'Instagram : <a href=\"https:\/\/privacycenter.instagram.com\/policy\/\" target=\"_blank\" rel=\"noreferrer noopener\">https:\/\/privacycenter.instagram.com\/policy\/<\/a>.<\/p>\n\n\n\n<p>L'entreprise dispose d'une certification selon le \"EU-US Data Privacy Framework\" (DPF). Le DPF est un accord entre l'Union europ\u00e9enne et les \u00c9tats-Unis visant \u00e0 garantir le respect des normes europ\u00e9ennes en mati\u00e8re de protection des donn\u00e9es lors du traitement des donn\u00e9es aux \u00c9tats-Unis. Toute entreprise certifi\u00e9e selon le DPF s'engage \u00e0 respecter ces normes de protection des donn\u00e9es. Pour plus d'informations \u00e0 ce sujet, veuillez contacter le fournisseur en cliquant sur le lien suivant : <a href=\"https:\/\/www.dataprivacyframework.gov\/s\/participant-search\/participant-detail?contact=true&amp;id=a2zt0000000GnywAAC&amp;status=Active\" target=\"_blank\" rel=\"noreferrer noopener\">https:\/\/www.dataprivacyframework.gov\/s\/participant-search\/participant-detail?contact=true&amp;id=a2zt0000000GnywAAC&amp;status=Active<\/a><\/p>\n\n\n\n<p><br>Mise \u00e0 jour : avril 2024<\/p>","protected":false},"excerpt":{"rendered":"<p>1. Datenschutz auf einen Blick Allgemeine Hinweise Die folgenden Hinweise geben einen einfachen \u00dcberblick dar\u00fcber, was mit Ihren personenbezogenen Daten passiert, wenn Sie diese Website besuchen. Personenbezogene Daten sind alle Daten, mit denen Sie pers\u00f6nlich identifiziert werden k\u00f6nnen. Ausf\u00fchrliche Informationen zum Thema Datenschutz entnehmen Sie unserer unter diesem Text aufgef\u00fchrten Datenschutzerkl\u00e4rung. Datenerfassung auf dieser Website [&hellip;]<\/p>\n","protected":false},"author":3,"featured_media":0,"parent":0,"menu_order":0,"comment_status":"closed","ping_status":"closed","template":"","meta":{"footnotes":""},"class_list":["post-2053","page","type-page","status-publish","hentry"],"_links":{"self":[{"href":"https:\/\/www.tierschutz-bremerhaven.eu\/fr\/wp-json\/wp\/v2\/pages\/2053","targetHints":{"allow":["GET"]}}],"collection":[{"href":"https:\/\/www.tierschutz-bremerhaven.eu\/fr\/wp-json\/wp\/v2\/pages"}],"about":[{"href":"https:\/\/www.tierschutz-bremerhaven.eu\/fr\/wp-json\/wp\/v2\/types\/page"}],"author":[{"embeddable":true,"href":"https:\/\/www.tierschutz-bremerhaven.eu\/fr\/wp-json\/wp\/v2\/users\/3"}],"replies":[{"embeddable":true,"href":"https:\/\/www.tierschutz-bremerhaven.eu\/fr\/wp-json\/wp\/v2\/comments?post=2053"}],"version-history":[{"count":12,"href":"https:\/\/www.tierschutz-bremerhaven.eu\/fr\/wp-json\/wp\/v2\/pages\/2053\/revisions"}],"predecessor-version":[{"id":10697,"href":"https:\/\/www.tierschutz-bremerhaven.eu\/fr\/wp-json\/wp\/v2\/pages\/2053\/revisions\/10697"}],"wp:attachment":[{"href":"https:\/\/www.tierschutz-bremerhaven.eu\/fr\/wp-json\/wp\/v2\/media?parent=2053"}],"curies":[{"name":"wp","href":"https:\/\/api.w.org\/{rel}","templated":true}]}}