{"id":4124,"date":"2021-09-23T08:07:17","date_gmt":"2021-09-23T08:07:17","guid":{"rendered":"https:\/\/tierschutz-bremerhaven.eu\/?page_id=4124"},"modified":"2021-09-23T08:08:07","modified_gmt":"2021-09-23T08:08:07","slug":"actualites","status":"publish","type":"page","link":"https:\/\/www.tierschutz-bremerhaven.eu\/fr\/aktuelles\/neuigkeiten","title":{"rendered":"Nouvelles"},"content":{"rendered":"<div data-elementor-type=\"wp-page\" data-elementor-id=\"4124\" class=\"elementor elementor-4124\" data-elementor-post-type=\"page\">\n\t\t\t\t\t\t<section class=\"elementor-section elementor-top-section elementor-element elementor-element-e76d119 elementor-section-full_width elementor-section-height-default elementor-section-height-default\" data-id=\"e76d119\" data-element_type=\"section\" data-e-type=\"section\">\n\t\t\t\t\t\t<div class=\"elementor-container elementor-column-gap-no\">\n\t\t\t\t\t<div class=\"elementor-column elementor-col-100 elementor-top-column elementor-element elementor-element-300cce58\" data-id=\"300cce58\" data-element_type=\"column\" data-e-type=\"column\">\n\t\t\t<div class=\"elementor-widget-wrap elementor-element-populated\">\n\t\t\t\t\t\t<div class=\"elementor-element elementor-element-6d2d91ab elementor-widget elementor-widget-template\" data-id=\"6d2d91ab\" data-element_type=\"widget\" data-e-type=\"widget\" data-widget_type=\"template.default\">\n\t\t\t\t<div class=\"elementor-widget-container\">\n\t\t\t\t\t\t\t<div class=\"elementor-template\">\n\t\t\t\t\t<div data-elementor-type=\"archive\" data-elementor-id=\"4107\" class=\"elementor elementor-4107\" data-elementor-post-type=\"elementor_library\">\n\t\t\t\t\t<section class=\"elementor-section elementor-top-section elementor-element elementor-element-1254be79 elementor-section-boxed elementor-section-height-default elementor-section-height-default\" data-id=\"1254be79\" data-element_type=\"section\" data-e-type=\"section\" data-settings=\"{&quot;background_background&quot;:&quot;classic&quot;}\">\n\t\t\t\t\t\t<div class=\"elementor-container elementor-column-gap-default\">\n\t\t\t\t\t<div class=\"elementor-column elementor-col-100 elementor-top-column elementor-element elementor-element-1e3e3a32\" data-id=\"1e3e3a32\" data-element_type=\"column\" data-e-type=\"column\">\n\t\t\t<div class=\"elementor-widget-wrap elementor-element-populated\">\n\t\t\t\t\t\t<section class=\"elementor-section elementor-inner-section elementor-element elementor-element-6670dc29 elementor-section-content-middle elementor-section-full_width elementor-section-height-default elementor-section-height-default\" data-id=\"6670dc29\" data-element_type=\"section\" data-e-type=\"section\">\n\t\t\t\t\t\t<div class=\"elementor-container elementor-column-gap-no\">\n\t\t\t\t\t<div class=\"elementor-column elementor-col-100 elementor-inner-column elementor-element elementor-element-2803a541\" data-id=\"2803a541\" data-element_type=\"column\" data-e-type=\"column\">\n\t\t\t<div class=\"elementor-widget-wrap elementor-element-populated\">\n\t\t\t\t\t\t<div class=\"elementor-element elementor-element-6803188d elementor-widget elementor-widget-heading\" data-id=\"6803188d\" data-element_type=\"widget\" data-e-type=\"widget\" data-widget_type=\"heading.default\">\n\t\t\t\t<div class=\"elementor-widget-container\">\n\t\t\t\t\t<h2 class=\"elementor-heading-title elementor-size-default\">Nouvelles\n<\/h2>\t\t\t\t<\/div>\n\t\t\t\t<\/div>\n\t\t\t\t<div class=\"elementor-element elementor-element-7cdc5512 elementor-grid-3 elementor-grid-tablet-2 elementor-grid-mobile-1 elementor-posts--thumbnail-top elementor-card-shadow-yes elementor-posts__hover-gradient elementor-widget elementor-widget-posts\" data-id=\"7cdc5512\" data-element_type=\"widget\" data-e-type=\"widget\" data-settings=\"{&quot;cards_columns&quot;:&quot;3&quot;,&quot;cards_columns_tablet&quot;:&quot;2&quot;,&quot;cards_columns_mobile&quot;:&quot;1&quot;,&quot;cards_row_gap&quot;:{&quot;unit&quot;:&quot;px&quot;,&quot;size&quot;:35,&quot;sizes&quot;:[]},&quot;cards_row_gap_tablet&quot;:{&quot;unit&quot;:&quot;px&quot;,&quot;size&quot;:&quot;&quot;,&quot;sizes&quot;:[]},&quot;cards_row_gap_mobile&quot;:{&quot;unit&quot;:&quot;px&quot;,&quot;size&quot;:&quot;&quot;,&quot;sizes&quot;:[]}}\" data-widget_type=\"posts.cards\">\n\t\t\t\t<div class=\"elementor-widget-container\">\n\t\t\t\t\t\t\t<div class=\"elementor-posts-container elementor-posts elementor-posts--skin-cards elementor-grid\" role=\"list\">\n\t\t\t\t<article class=\"elementor-post elementor-grid-item post-13319 post type-post status-publish format-standard hentry category-neuigkeiten\" role=\"listitem\">\n\t\t\t<div class=\"elementor-post__card\">\n\t\t\t\t<div class=\"elementor-post__text\">\n\t\t\t\t<h3 class=\"elementor-post__title\">\n\t\t\t<a href=\"https:\/\/www.tierschutz-bremerhaven.eu\/fr\/einladung-zur-jahreshauptversammlung-am-08-05-2026\" >\n\t\t\t\tInvitation \u00e0 l'assembl\u00e9e g\u00e9n\u00e9rale annuelle du 08.05.2026\t\t\t<\/a>\n\t\t<\/h3>\n\t\t\t\t<div class=\"elementor-post__excerpt\">\n\t\t\t\t\t<\/div>\n\t\t\n\t\t<a class=\"elementor-post__read-more\" href=\"https:\/\/www.tierschutz-bremerhaven.eu\/fr\/einladung-zur-jahreshauptversammlung-am-08-05-2026\" aria-label=\"En savoir plus sur Einladung zur Jahreshauptversammlung am 08.05.2026\" tabindex=\"-1\" >\n\t\t\tLire la suite \"\t\t<\/a>\n\n\t\t\t\t<\/div>\n\t\t\t\t<div class=\"elementor-post__meta-data\">\n\t\t\t\t\t<span class=\"elementor-post-date\">\n\t\t\t19 avril 2026\t\t<\/span>\n\t\t\t\t<\/div>\n\t\t\t\t\t<\/div>\n\t\t<\/article>\n\t\t\t\t<article class=\"elementor-post elementor-grid-item post-13082 post type-post status-publish format-standard hentry category-neuigkeiten\" role=\"listitem\">\n\t\t\t<div class=\"elementor-post__card\">\n\t\t\t\t<div class=\"elementor-post__text\">\n\t\t\t\t<h3 class=\"elementor-post__title\">\n\t\t\t<a href=\"https:\/\/www.tierschutz-bremerhaven.eu\/fr\/zukunftstag-2026\" >\n\t\t\t\tFutur en tous genres 2026\t\t\t<\/a>\n\t\t<\/h3>\n\t\t\t\t<div class=\"elementor-post__excerpt\">\n\t\t\t<p>Attention, toutes les places pour 2026 sont prises. N'h\u00e9sitez pas \u00e0 vous r\u00e9inscrire pour l'ann\u00e9e 2027 ! Passer sa journ\u00e9e d'avenir dans un refuge pour animaux est le souhait de beaucoup de personnes.<\/p>\n\t\t<\/div>\n\t\t\n\t\t<a class=\"elementor-post__read-more\" href=\"https:\/\/www.tierschutz-bremerhaven.eu\/fr\/zukunftstag-2026\" aria-label=\"En savoir plus sur Zukunftstag 2026\" tabindex=\"-1\" >\n\t\t\tLire la suite \"\t\t<\/a>\n\n\t\t\t\t<\/div>\n\t\t\t\t<div class=\"elementor-post__meta-data\">\n\t\t\t\t\t<span class=\"elementor-post-date\">\n\t\t\t11 f\u00e9vrier 2026\t\t<\/span>\n\t\t\t\t<\/div>\n\t\t\t\t\t<\/div>\n\t\t<\/article>\n\t\t\t\t<article class=\"elementor-post elementor-grid-item post-13025 post type-post status-publish format-standard hentry category-neuigkeiten\" role=\"listitem\">\n\t\t\t<div class=\"elementor-post__card\">\n\t\t\t\t<div class=\"elementor-post__text\">\n\t\t\t\t<h3 class=\"elementor-post__title\">\n\t\t\t<a href=\"https:\/\/www.tierschutz-bremerhaven.eu\/fr\/sonntag-den-25-01-26-geschlossen\" >\n\t\t\t\tDimanche, 25.01.26 ferm\u00e9 !\t\t\t<\/a>\n\t\t<\/h3>\n\t\t\t\t<div class=\"elementor-post__excerpt\">\n\t\t\t\t\t<\/div>\n\t\t\n\t\t<a class=\"elementor-post__read-more\" href=\"https:\/\/www.tierschutz-bremerhaven.eu\/fr\/sonntag-den-25-01-26-geschlossen\" aria-label=\"En savoir plus sur Sonntag, den 25.01.26 geschlossen!\" tabindex=\"-1\" >\n\t\t\tLire la suite \"\t\t<\/a>\n\n\t\t\t\t<\/div>\n\t\t\t\t<div class=\"elementor-post__meta-data\">\n\t\t\t\t\t<span class=\"elementor-post-date\">\n\t\t\t24 janvier 2026\t\t<\/span>\n\t\t\t\t<\/div>\n\t\t\t\t\t<\/div>\n\t\t<\/article>\n\t\t\t\t<article class=\"elementor-post elementor-grid-item post-12868 post type-post status-publish format-standard hentry category-neuigkeiten\" role=\"listitem\">\n\t\t\t<div class=\"elementor-post__card\">\n\t\t\t\t<div class=\"elementor-post__text\">\n\t\t\t\t<h3 class=\"elementor-post__title\">\n\t\t\t<a href=\"https:\/\/www.tierschutz-bremerhaven.eu\/fr\/weihnachtszeit-infos-zu-gassigehen-katzenstreicheln\" >\n\t\t\t\tP\u00e9riode de No\u00ebl : informations sur les promenades et les caresses de chats\t\t\t<\/a>\n\t\t<\/h3>\n\t\t\t\t<div class=\"elementor-post__excerpt\">\n\t\t\t<p>Veuillez noter que les promenades et les caresses de chat sont l\u00e9g\u00e8rement modifi\u00e9es pendant les f\u00eates : Promenade &amp; caresses de chat : 23 d\u00e9cembre : comme d'habitude 24 d\u00e9cembre (veille de No\u00ebl) : de 10:00-12:00<\/p>\n\t\t<\/div>\n\t\t\n\t\t<a class=\"elementor-post__read-more\" href=\"https:\/\/www.tierschutz-bremerhaven.eu\/fr\/weihnachtszeit-infos-zu-gassigehen-katzenstreicheln\" aria-label=\"En savoir plus sur Weihnachtszeit: Infos zu Gassigehen &amp; Katzenstreicheln\" tabindex=\"-1\" >\n\t\t\tLire la suite \"\t\t<\/a>\n\n\t\t\t\t<\/div>\n\t\t\t\t<div class=\"elementor-post__meta-data\">\n\t\t\t\t\t<span class=\"elementor-post-date\">\n\t\t\t16 d\u00e9cembre 2025\t\t<\/span>\n\t\t\t\t<\/div>\n\t\t\t\t\t<\/div>\n\t\t<\/article>\n\t\t\t\t<article class=\"elementor-post elementor-grid-item post-12815 post type-post status-publish format-standard has-post-thumbnail hentry category-neuigkeiten\" role=\"listitem\">\n\t\t\t<div class=\"elementor-post__card\">\n\t\t\t\t<a class=\"elementor-post__thumbnail__link\" href=\"https:\/\/www.tierschutz-bremerhaven.eu\/fr\/vermittlungspause-2\" tabindex=\"-1\" ><div class=\"elementor-post__thumbnail\"><img fetchpriority=\"high\" decoding=\"async\" width=\"300\" height=\"286\" src=\"https:\/\/www.tierschutz-bremerhaven.eu\/wp-content\/uploads\/2025\/11\/Vermittlungsstopp-2025-300x286.jpg\" class=\"attachment-medium size-medium wp-image-12816\" alt=\"\" srcset=\"https:\/\/www.tierschutz-bremerhaven.eu\/wp-content\/uploads\/2025\/11\/Vermittlungsstopp-2025-300x286.jpg 300w, https:\/\/www.tierschutz-bremerhaven.eu\/wp-content\/uploads\/2025\/11\/Vermittlungsstopp-2025-768x733.jpg 768w, https:\/\/www.tierschutz-bremerhaven.eu\/wp-content\/uploads\/2025\/11\/Vermittlungsstopp-2025-13x12.jpg 13w, https:\/\/www.tierschutz-bremerhaven.eu\/wp-content\/uploads\/2025\/11\/Vermittlungsstopp-2025-e1764532497738.jpg 200w\" sizes=\"(max-width: 300px) 100vw, 300px\" \/><\/div><\/a>\n\t\t\t\t<div class=\"elementor-post__text\">\n\t\t\t\t<h3 class=\"elementor-post__title\">\n\t\t\t<a href=\"https:\/\/www.tierschutz-bremerhaven.eu\/fr\/vermittlungspause-2\" >\n\t\t\t\tPause de m\u00e9diation 2025 !\t\t\t<\/a>\n\t\t<\/h3>\n\t\t\t\t<div class=\"elementor-post__excerpt\">\n\t\t\t<p>Chers amis des animaux, nous faisons une pause dans le placement d'animaux pendant les f\u00eates de No\u00ebl et de fin d'ann\u00e9e. Malheureusement, il arrive souvent que des animaux soient offerts en cadeau de No\u00ebl sous la<\/p>\n\t\t<\/div>\n\t\t\n\t\t<a class=\"elementor-post__read-more\" href=\"https:\/\/www.tierschutz-bremerhaven.eu\/fr\/vermittlungspause-2\" aria-label=\"En savoir plus sur Vermittlungspause 2025!\" tabindex=\"-1\" >\n\t\t\tLire la suite \"\t\t<\/a>\n\n\t\t\t\t<\/div>\n\t\t\t\t<div class=\"elementor-post__meta-data\">\n\t\t\t\t\t<span class=\"elementor-post-date\">\n\t\t\t30 novembre 2025\t\t<\/span>\n\t\t\t\t<\/div>\n\t\t\t\t\t<\/div>\n\t\t<\/article>\n\t\t\t\t<article class=\"elementor-post elementor-grid-item post-12654 post type-post status-publish format-standard hentry category-neuigkeiten\" role=\"listitem\">\n\t\t\t<div class=\"elementor-post__card\">\n\t\t\t\t<div class=\"elementor-post__text\">\n\t\t\t\t<h3 class=\"elementor-post__title\">\n\t\t\t<a href=\"https:\/\/www.tierschutz-bremerhaven.eu\/fr\/%e2%9a%a0%ef%b8%8f-achtung-geaenderte-zeiten-am-sonntag\" >\n\t\t\t\t\u26a0\ufe0f Attention - horaires modifi\u00e9s le dimanche !\t\t\t<\/a>\n\t\t<\/h3>\n\t\t\t\t<div class=\"elementor-post__excerpt\">\n\t\t\t<p>Chers amis des animaux,Veuillez noter que nos heures de promenade et de visite ont chang\u00e9 le dimanche : \ud83d\udc3e Dimanche :   - heures de promenade : 10:00 - 14:00 - heures de visite :<\/p>\n\t\t<\/div>\n\t\t\n\t\t<a class=\"elementor-post__read-more\" href=\"https:\/\/www.tierschutz-bremerhaven.eu\/fr\/%e2%9a%a0%ef%b8%8f-achtung-geaenderte-zeiten-am-sonntag\" aria-label=\"En savoir plus sur \u26a0\ufe0f Achtung \u2013 ge\u00e4nderte Zeiten am Sonntag!\" tabindex=\"-1\" >\n\t\t\tLire la suite \"\t\t<\/a>\n\n\t\t\t\t<\/div>\n\t\t\t\t<div class=\"elementor-post__meta-data\">\n\t\t\t\t\t<span class=\"elementor-post-date\">\n\t\t\t4 novembre 2025\t\t<\/span>\n\t\t\t\t<\/div>\n\t\t\t\t\t<\/div>\n\t\t<\/article>\n\t\t\t\t<article class=\"elementor-post elementor-grid-item post-11542 post type-post status-publish format-standard hentry category-neuigkeiten\" role=\"listitem\">\n\t\t\t<div class=\"elementor-post__card\">\n\t\t\t\t<div class=\"elementor-post__text\">\n\t\t\t\t<h3 class=\"elementor-post__title\">\n\t\t\t<a href=\"https:\/\/www.tierschutz-bremerhaven.eu\/fr\/einladung-zur-jahreshauptversammlung-am-25-04-2025\" >\n\t\t\t\tInvitation \u00e0 l'assembl\u00e9e g\u00e9n\u00e9rale annuelle du 25.04.2025\t\t\t<\/a>\n\t\t<\/h3>\n\t\t\t\t<div class=\"elementor-post__excerpt\">\n\t\t\t\t\t<\/div>\n\t\t\n\t\t<a class=\"elementor-post__read-more\" href=\"https:\/\/www.tierschutz-bremerhaven.eu\/fr\/einladung-zur-jahreshauptversammlung-am-25-04-2025\" aria-label=\"En savoir plus sur Invitation \u00e0 l&#039;assembl\u00e9e g\u00e9n\u00e9rale annuelle du 25.04.2025\" tabindex=\"-1\" >\n\t\t\tLire la suite \"\t\t<\/a>\n\n\t\t\t\t<\/div>\n\t\t\t\t<div class=\"elementor-post__meta-data\">\n\t\t\t\t\t<span class=\"elementor-post-date\">\n\t\t\t8 avril 2025\t\t<\/span>\n\t\t\t\t<\/div>\n\t\t\t\t\t<\/div>\n\t\t<\/article>\n\t\t\t\t<article class=\"elementor-post elementor-grid-item post-9889 post type-post status-publish format-standard hentry category-neuigkeiten\" role=\"listitem\">\n\t\t\t<div class=\"elementor-post__card\">\n\t\t\t\t<div class=\"elementor-post__text\">\n\t\t\t\t<h3 class=\"elementor-post__title\">\n\t\t\t<a href=\"https:\/\/www.tierschutz-bremerhaven.eu\/fr\/zukunftstag-2025\" >\n\t\t\t\tFutur en tous genres 2025\t\t\t<\/a>\n\t\t<\/h3>\n\t\t\t\t<div class=\"elementor-post__excerpt\">\n\t\t\t<p style=\"color:#cf2e2e;font-weight:bold;\">Attention, toutes les places pour 2025 sont prises. N'h\u00e9sitez pas \u00e0 vous r\u00e9inscrire pour l'ann\u00e9e 2026 !<\/p>\n<p>Passer la journ\u00e9e Futur en tous genres au refuge pour animaux est le souhait de tr\u00e8s nombreux \u00e9l\u00e8ves. C'est pourquoi il est tr\u00e8s important que vous vous inscriviez \u00e0 temps chez nous, car les places sont limit\u00e9es.<\/p>\n\t\t<\/div>\n\t\t\n\t\t<a class=\"elementor-post__read-more\" href=\"https:\/\/www.tierschutz-bremerhaven.eu\/fr\/zukunftstag-2025\" aria-label=\"En savoir plus sur Futur en tous genres 2025\" tabindex=\"-1\" >\n\t\t\tLire la suite \"\t\t<\/a>\n\n\t\t\t\t<\/div>\n\t\t\t\t<div class=\"elementor-post__meta-data\">\n\t\t\t\t\t<span class=\"elementor-post-date\">\n\t\t\t5 janvier 2025\t\t<\/span>\n\t\t\t\t<\/div>\n\t\t\t\t\t<\/div>\n\t\t<\/article>\n\t\t\t\t<article class=\"elementor-post elementor-grid-item post-11120 post type-post status-publish format-standard has-post-thumbnail hentry category-neuigkeiten\" role=\"listitem\">\n\t\t\t<div class=\"elementor-post__card\">\n\t\t\t\t<a class=\"elementor-post__thumbnail__link\" href=\"https:\/\/www.tierschutz-bremerhaven.eu\/fr\/vermittlungspause\" tabindex=\"-1\" ><div class=\"elementor-post__thumbnail\"><img decoding=\"async\" width=\"300\" height=\"300\" src=\"https:\/\/www.tierschutz-bremerhaven.eu\/wp-content\/uploads\/2024\/12\/Vermittlungsstopp-300x300.jpeg\" class=\"attachment-medium size-medium wp-image-11121\" alt=\"\" srcset=\"https:\/\/www.tierschutz-bremerhaven.eu\/wp-content\/uploads\/2024\/12\/Vermittlungsstopp-300x300.jpeg 300w, https:\/\/www.tierschutz-bremerhaven.eu\/wp-content\/uploads\/2024\/12\/Vermittlungsstopp-1024x1024.jpeg 1024w, https:\/\/www.tierschutz-bremerhaven.eu\/wp-content\/uploads\/2024\/12\/Vermittlungsstopp-150x150.jpeg 150w, https:\/\/www.tierschutz-bremerhaven.eu\/wp-content\/uploads\/2024\/12\/Vermittlungsstopp-768x768.jpeg 768w, https:\/\/www.tierschutz-bremerhaven.eu\/wp-content\/uploads\/2024\/12\/Vermittlungsstopp-12x12.jpeg 12w, https:\/\/www.tierschutz-bremerhaven.eu\/wp-content\/uploads\/2024\/12\/Vermittlungsstopp.jpeg 1200w\" sizes=\"(max-width: 300px) 100vw, 300px\" \/><\/div><\/a>\n\t\t\t\t<div class=\"elementor-post__text\">\n\t\t\t\t<h3 class=\"elementor-post__title\">\n\t\t\t<a href=\"https:\/\/www.tierschutz-bremerhaven.eu\/fr\/vermittlungspause\" >\n\t\t\t\tPause de m\u00e9diation !\t\t\t<\/a>\n\t\t<\/h3>\n\t\t\t\t<div class=\"elementor-post__excerpt\">\n\t\t\t<p>Chers amis des animaux, nous faisons une pause dans le placement d'animaux pendant les f\u00eates de No\u00ebl et de fin d'ann\u00e9e. Malheureusement, il arrive souvent que des animaux soient offerts en cadeau de No\u00ebl sous la<\/p>\n\t\t<\/div>\n\t\t\n\t\t<a class=\"elementor-post__read-more\" href=\"https:\/\/www.tierschutz-bremerhaven.eu\/fr\/vermittlungspause\" aria-label=\"En savoir plus sur Pause m\u00e9diation !\" tabindex=\"-1\" >\n\t\t\tLire la suite \"\t\t<\/a>\n\n\t\t\t\t<\/div>\n\t\t\t\t<div class=\"elementor-post__meta-data\">\n\t\t\t\t\t<span class=\"elementor-post-date\">\n\t\t\t13 d\u00e9cembre 2024\t\t<\/span>\n\t\t\t\t<\/div>\n\t\t\t\t\t<\/div>\n\t\t<\/article>\n\t\t\t\t<article class=\"elementor-post elementor-grid-item post-10914 post type-post status-publish format-standard has-post-thumbnail hentry category-neuigkeiten\" role=\"listitem\">\n\t\t\t<div class=\"elementor-post__card\">\n\t\t\t\t<a class=\"elementor-post__thumbnail__link\" href=\"https:\/\/www.tierschutz-bremerhaven.eu\/fr\/tag-der-offenen-tuer-faellt-am-01-11-2024-aus\" tabindex=\"-1\" ><div class=\"elementor-post__thumbnail\"><img decoding=\"async\" width=\"300\" height=\"300\" src=\"https:\/\/www.tierschutz-bremerhaven.eu\/wp-content\/uploads\/2024\/10\/1000104384-300x300.png\" class=\"attachment-medium size-medium wp-image-10915\" alt=\"\" srcset=\"https:\/\/www.tierschutz-bremerhaven.eu\/wp-content\/uploads\/2024\/10\/1000104384-300x300.png 300w, https:\/\/www.tierschutz-bremerhaven.eu\/wp-content\/uploads\/2024\/10\/1000104384-1024x1024.png 1024w, https:\/\/www.tierschutz-bremerhaven.eu\/wp-content\/uploads\/2024\/10\/1000104384-150x150.png 150w, https:\/\/www.tierschutz-bremerhaven.eu\/wp-content\/uploads\/2024\/10\/1000104384-768x768.png 768w, https:\/\/www.tierschutz-bremerhaven.eu\/wp-content\/uploads\/2024\/10\/1000104384-12x12.png 12w, https:\/\/www.tierschutz-bremerhaven.eu\/wp-content\/uploads\/2024\/10\/1000104384.png 1080w\" sizes=\"(max-width: 300px) 100vw, 300px\" \/><\/div><\/a>\n\t\t\t\t<div class=\"elementor-post__text\">\n\t\t\t\t<h3 class=\"elementor-post__title\">\n\t\t\t<a href=\"https:\/\/www.tierschutz-bremerhaven.eu\/fr\/tag-der-offenen-tuer-faellt-am-01-11-2024-aus\" >\n\t\t\t\tLa \"Journ\u00e9e portes ouvertes\" est annul\u00e9e le 01.11.2024 !\t\t\t<\/a>\n\t\t<\/h3>\n\t\t\t\t<div class=\"elementor-post__excerpt\">\n\t\t\t\t\t<\/div>\n\t\t\n\t\t<a class=\"elementor-post__read-more\" href=\"https:\/\/www.tierschutz-bremerhaven.eu\/fr\/tag-der-offenen-tuer-faellt-am-01-11-2024-aus\" aria-label=\"En savoir plus sur &quot;Journ\u00e9e portes ouvertes&quot; annul\u00e9e le 01.11.2024 !\" tabindex=\"-1\" >\n\t\t\tLire la suite \"\t\t<\/a>\n\n\t\t\t\t<\/div>\n\t\t\t\t<div class=\"elementor-post__meta-data\">\n\t\t\t\t\t<span class=\"elementor-post-date\">\n\t\t\t29 octobre 2024\t\t<\/span>\n\t\t\t\t<\/div>\n\t\t\t\t\t<\/div>\n\t\t<\/article>\n\t\t\t\t<article class=\"elementor-post elementor-grid-item post-10861 post type-post status-publish format-standard hentry category-neuigkeiten\" role=\"listitem\">\n\t\t\t<div class=\"elementor-post__card\">\n\t\t\t\t<div class=\"elementor-post__text\">\n\t\t\t\t<h3 class=\"elementor-post__title\">\n\t\t\t<a href=\"https:\/\/www.tierschutz-bremerhaven.eu\/fr\/gassigehen-findet-nicht-statt-2\" >\n\t\t\t\tPas de promenade !\t\t\t<\/a>\n\t\t<\/h3>\n\t\t\t\t<div class=\"elementor-post__excerpt\">\n\t\t\t<p>22.10.2024 Chers amis des animaux, malheureusement, les promenades doivent \u00eatre annul\u00e9es jusqu'\u00e0 nouvel ordre. Nous vous contacterons d\u00e8s que cela sera \u00e0 nouveau possible. Merci de votre compr\u00e9hension\ud83c\udf38.<\/p>\n\t\t<\/div>\n\t\t\n\t\t<a class=\"elementor-post__read-more\" href=\"https:\/\/www.tierschutz-bremerhaven.eu\/fr\/gassigehen-findet-nicht-statt-2\" aria-label=\"En savoir plus sur La promenade n&#039;a pas lieu !\" tabindex=\"-1\" >\n\t\t\tLire la suite \"\t\t<\/a>\n\n\t\t\t\t<\/div>\n\t\t\t\t<div class=\"elementor-post__meta-data\">\n\t\t\t\t\t<span class=\"elementor-post-date\">\n\t\t\t22 octobre 2024\t\t<\/span>\n\t\t\t\t<\/div>\n\t\t\t\t\t<\/div>\n\t\t<\/article>\n\t\t\t\t<article class=\"elementor-post elementor-grid-item post-10605 post type-post status-publish format-standard hentry category-neuigkeiten\" role=\"listitem\">\n\t\t\t<div class=\"elementor-post__card\">\n\t\t\t\t<div class=\"elementor-post__text\">\n\t\t\t\t<h3 class=\"elementor-post__title\">\n\t\t\t<a href=\"https:\/\/www.tierschutz-bremerhaven.eu\/fr\/einladung-zur-jahreshauptversammlung-am-30-08-2024\" >\n\t\t\t\tInvitation \u00e0 l'assembl\u00e9e g\u00e9n\u00e9rale annuelle du 30.08.2024\t\t\t<\/a>\n\t\t<\/h3>\n\t\t\t\t<div class=\"elementor-post__excerpt\">\n\t\t\t\t\t<\/div>\n\t\t\n\t\t<a class=\"elementor-post__read-more\" href=\"https:\/\/www.tierschutz-bremerhaven.eu\/fr\/einladung-zur-jahreshauptversammlung-am-30-08-2024\" aria-label=\"En savoir plus sur Invitation \u00e0 l&#039;assembl\u00e9e g\u00e9n\u00e9rale annuelle du 30.08.2024\" tabindex=\"-1\" >\n\t\t\tLire la suite \"\t\t<\/a>\n\n\t\t\t\t<\/div>\n\t\t\t\t<div class=\"elementor-post__meta-data\">\n\t\t\t\t\t<span class=\"elementor-post-date\">\n\t\t\t13 ao\u00fbt 2024\t\t<\/span>\n\t\t\t\t<\/div>\n\t\t\t\t\t<\/div>\n\t\t<\/article>\n\t\t\t\t<article class=\"elementor-post elementor-grid-item post-10134 post type-post status-publish format-standard has-post-thumbnail hentry category-neuigkeiten\" role=\"listitem\">\n\t\t\t<div class=\"elementor-post__card\">\n\t\t\t\t<a class=\"elementor-post__thumbnail__link\" href=\"https:\/\/www.tierschutz-bremerhaven.eu\/fr\/fruehlingsfest-03-05-2024\" tabindex=\"-1\" ><div class=\"elementor-post__thumbnail\"><img loading=\"lazy\" decoding=\"async\" width=\"300\" height=\"300\" src=\"https:\/\/www.tierschutz-bremerhaven.eu\/wp-content\/uploads\/2024\/04\/Fruehlingsfest_Plakat_24_Instagram-300x300.jpg\" class=\"attachment-medium size-medium wp-image-10135\" alt=\"\" srcset=\"https:\/\/www.tierschutz-bremerhaven.eu\/wp-content\/uploads\/2024\/04\/Fruehlingsfest_Plakat_24_Instagram-300x300.jpg 300w, https:\/\/www.tierschutz-bremerhaven.eu\/wp-content\/uploads\/2024\/04\/Fruehlingsfest_Plakat_24_Instagram-1024x1024.jpg 1024w, https:\/\/www.tierschutz-bremerhaven.eu\/wp-content\/uploads\/2024\/04\/Fruehlingsfest_Plakat_24_Instagram-150x150.jpg 150w, https:\/\/www.tierschutz-bremerhaven.eu\/wp-content\/uploads\/2024\/04\/Fruehlingsfest_Plakat_24_Instagram-768x768.jpg 768w, https:\/\/www.tierschutz-bremerhaven.eu\/wp-content\/uploads\/2024\/04\/Fruehlingsfest_Plakat_24_Instagram-1536x1536.jpg 1536w, https:\/\/www.tierschutz-bremerhaven.eu\/wp-content\/uploads\/2024\/04\/Fruehlingsfest_Plakat_24_Instagram-2048x2048.jpg 2048w, https:\/\/www.tierschutz-bremerhaven.eu\/wp-content\/uploads\/2024\/04\/Fruehlingsfest_Plakat_24_Instagram-12x12.jpg 12w\" sizes=\"(max-width: 300px) 100vw, 300px\" \/><\/div><\/a>\n\t\t\t\t<div class=\"elementor-post__text\">\n\t\t\t\t<h3 class=\"elementor-post__title\">\n\t\t\t<a href=\"https:\/\/www.tierschutz-bremerhaven.eu\/fr\/fruehlingsfest-03-05-2024\" >\n\t\t\t\tF\u00eate du printemps 03.05.2024\t\t\t<\/a>\n\t\t<\/h3>\n\t\t\t\t<div class=\"elementor-post__excerpt\">\n\t\t\t\t\t<\/div>\n\t\t\n\t\t<a class=\"elementor-post__read-more\" href=\"https:\/\/www.tierschutz-bremerhaven.eu\/fr\/fruehlingsfest-03-05-2024\" aria-label=\"En savoir plus sur F\u00eate du printemps 03.05.2024\" tabindex=\"-1\" >\n\t\t\tLire la suite \"\t\t<\/a>\n\n\t\t\t\t<\/div>\n\t\t\t\t<div class=\"elementor-post__meta-data\">\n\t\t\t\t\t<span class=\"elementor-post-date\">\n\t\t\t11 avril 2024\t\t<\/span>\n\t\t\t\t<\/div>\n\t\t\t\t\t<\/div>\n\t\t<\/article>\n\t\t\t\t<article class=\"elementor-post elementor-grid-item post-10111 post type-post status-publish format-standard has-post-thumbnail hentry category-neuigkeiten\" role=\"listitem\">\n\t\t\t<div class=\"elementor-post__card\">\n\t\t\t\t<a class=\"elementor-post__thumbnail__link\" href=\"https:\/\/www.tierschutz-bremerhaven.eu\/fr\/petition-2\" tabindex=\"-1\" ><div class=\"elementor-post__thumbnail\"><img loading=\"lazy\" decoding=\"async\" width=\"212\" height=\"300\" src=\"https:\/\/www.tierschutz-bremerhaven.eu\/wp-content\/uploads\/2024\/04\/v4_Petition_Tierschutz_page-0001-212x300.jpg\" class=\"attachment-medium size-medium wp-image-10112\" alt=\"\" srcset=\"https:\/\/www.tierschutz-bremerhaven.eu\/wp-content\/uploads\/2024\/04\/v4_Petition_Tierschutz_page-0001-212x300.jpg 212w, https:\/\/www.tierschutz-bremerhaven.eu\/wp-content\/uploads\/2024\/04\/v4_Petition_Tierschutz_page-0001-725x1024.jpg 725w, https:\/\/www.tierschutz-bremerhaven.eu\/wp-content\/uploads\/2024\/04\/v4_Petition_Tierschutz_page-0001-768x1085.jpg 768w, https:\/\/www.tierschutz-bremerhaven.eu\/wp-content\/uploads\/2024\/04\/v4_Petition_Tierschutz_page-0001-1087x1536.jpg 1087w, https:\/\/www.tierschutz-bremerhaven.eu\/wp-content\/uploads\/2024\/04\/v4_Petition_Tierschutz_page-0001-8x12.jpg 8w, https:\/\/www.tierschutz-bremerhaven.eu\/wp-content\/uploads\/2024\/04\/v4_Petition_Tierschutz_page-0001.jpg 1241w\" sizes=\"(max-width: 212px) 100vw, 212px\" \/><\/div><\/a>\n\t\t\t\t<div class=\"elementor-post__text\">\n\t\t\t\t<h3 class=\"elementor-post__title\">\n\t\t\t<a href=\"https:\/\/www.tierschutz-bremerhaven.eu\/fr\/petition-2\" >\n\t\t\t\tP\u00e9tition\t\t\t<\/a>\n\t\t<\/h3>\n\t\t\t\t<div class=\"elementor-post__excerpt\">\n\t\t\t<p>https:\/\/petition.bremische-buergerschaft.de\/index.php?n=petitionsdetails&amp;s=1&amp;c=date_public&amp;d=DESC&amp;b=0&amp;l=10&amp;searchstring=&amp;pID=4866<\/p>\n\t\t<\/div>\n\t\t\n\t\t<a class=\"elementor-post__read-more\" href=\"https:\/\/www.tierschutz-bremerhaven.eu\/fr\/petition-2\" aria-label=\"En savoir plus sur Petition\" tabindex=\"-1\" >\n\t\t\tLire la suite \"\t\t<\/a>\n\n\t\t\t\t<\/div>\n\t\t\t\t<div class=\"elementor-post__meta-data\">\n\t\t\t\t\t<span class=\"elementor-post-date\">\n\t\t\t10 avril 2024\t\t<\/span>\n\t\t\t\t<\/div>\n\t\t\t\t\t<\/div>\n\t\t<\/article>\n\t\t\t\t<article class=\"elementor-post elementor-grid-item post-10028 post type-post status-publish format-standard hentry category-neuigkeiten\" role=\"listitem\">\n\t\t\t<div class=\"elementor-post__card\">\n\t\t\t\t<div class=\"elementor-post__text\">\n\t\t\t\t<h3 class=\"elementor-post__title\">\n\t\t\t<a href=\"https:\/\/www.tierschutz-bremerhaven.eu\/fr\/petition\" >\n\t\t\t\tP\u00e9tition\t\t\t<\/a>\n\t\t<\/h3>\n\t\t\t\t<div class=\"elementor-post__excerpt\">\n\t\t\t<p>Grande nouvelle, chers amis (de la protection) des animaux ! Nous avons r\u00e9ussi ! Notre p\u00e9tition a \u00e9t\u00e9 mise en ligne le 15.03.2024 et a d\u00e9j\u00e0 obtenu plus de 1000 signatures ! C'est tout simplement<\/p>\n\t\t<\/div>\n\t\t\n\t\t<a class=\"elementor-post__read-more\" href=\"https:\/\/www.tierschutz-bremerhaven.eu\/fr\/petition\" aria-label=\"En savoir plus sur Petition\" tabindex=\"-1\" >\n\t\t\tLire la suite \"\t\t<\/a>\n\n\t\t\t\t<\/div>\n\t\t\t\t<div class=\"elementor-post__meta-data\">\n\t\t\t\t\t<span class=\"elementor-post-date\">\n\t\t\t28 mars 2024\t\t<\/span>\n\t\t\t\t<\/div>\n\t\t\t\t\t<\/div>\n\t\t<\/article>\n\t\t\t\t<\/div>\n\t\t\n\t\t\t\t\t\t<\/div>\n\t\t\t\t<\/div>\n\t\t\t\t\t<\/div>\n\t\t<\/div>\n\t\t\t\t\t<\/div>\n\t\t<\/section>\n\t\t\t\t\t<\/div>\n\t\t<\/div>\n\t\t\t\t\t<\/div>\n\t\t<\/section>\n\t\t\t\t<\/div>\n\t\t\t\t<\/div>\n\t\t\t\t\t\t<\/div>\n\t\t\t\t<\/div>\n\t\t\t\t\t<\/div>\n\t\t<\/div>\n\t\t\t\t\t<\/div>\n\t\t<\/section>\n\t\t\t\t<\/div>","protected":false},"excerpt":{"rendered":"","protected":false},"author":3,"featured_media":0,"parent":2980,"menu_order":0,"comment_status":"closed","ping_status":"closed","template":"","meta":{"footnotes":""},"class_list":["post-4124","page","type-page","status-publish","hentry"],"_links":{"self":[{"href":"https:\/\/www.tierschutz-bremerhaven.eu\/fr\/wp-json\/wp\/v2\/pages\/4124","targetHints":{"allow":["GET"]}}],"collection":[{"href":"https:\/\/www.tierschutz-bremerhaven.eu\/fr\/wp-json\/wp\/v2\/pages"}],"about":[{"href":"https:\/\/www.tierschutz-bremerhaven.eu\/fr\/wp-json\/wp\/v2\/types\/page"}],"author":[{"embeddable":true,"href":"https:\/\/www.tierschutz-bremerhaven.eu\/fr\/wp-json\/wp\/v2\/users\/3"}],"replies":[{"embeddable":true,"href":"https:\/\/www.tierschutz-bremerhaven.eu\/fr\/wp-json\/wp\/v2\/comments?post=4124"}],"version-history":[{"count":4,"href":"https:\/\/www.tierschutz-bremerhaven.eu\/fr\/wp-json\/wp\/v2\/pages\/4124\/revisions"}],"predecessor-version":[{"id":4129,"href":"https:\/\/www.tierschutz-bremerhaven.eu\/fr\/wp-json\/wp\/v2\/pages\/4124\/revisions\/4129"}],"up":[{"embeddable":true,"href":"https:\/\/www.tierschutz-bremerhaven.eu\/fr\/wp-json\/wp\/v2\/pages\/2980"}],"wp:attachment":[{"href":"https:\/\/www.tierschutz-bremerhaven.eu\/fr\/wp-json\/wp\/v2\/media?parent=4124"}],"curies":[{"name":"wp","href":"https:\/\/api.w.org\/{rel}","templated":true}]}}