{"id":1824,"date":"2021-04-29T14:22:50","date_gmt":"2021-04-29T14:22:50","guid":{"rendered":"https:\/\/tierschutz-bremerhaven.eu\/?page_id=1824"},"modified":"2021-10-08T12:26:14","modified_gmt":"2021-10-08T12:26:14","slug":"vadon-elo-allatot-talaltak","status":"publish","type":"page","link":"https:\/\/www.tierschutz-bremerhaven.eu\/hu\/wildtier-gefunden","title":{"rendered":"Vad\u00e1llatot tal\u00e1ltak"},"content":{"rendered":"<div data-elementor-type=\"wp-page\" data-elementor-id=\"1824\" class=\"elementor elementor-1824\" data-elementor-post-type=\"page\">\n\t\t\t\t\t\t<section class=\"elementor-section elementor-top-section elementor-element elementor-element-3f2c348 elementor-section-boxed elementor-section-height-default elementor-section-height-default\" data-id=\"3f2c348\" data-element_type=\"section\" data-e-type=\"section\" data-settings=\"{&quot;background_background&quot;:&quot;classic&quot;}\">\n\t\t\t\t\t\t<div class=\"elementor-container elementor-column-gap-default\">\n\t\t\t\t\t<div class=\"elementor-column elementor-col-100 elementor-top-column elementor-element elementor-element-2cef154\" data-id=\"2cef154\" data-element_type=\"column\" data-e-type=\"column\">\n\t\t\t<div class=\"elementor-widget-wrap elementor-element-populated\">\n\t\t\t\t\t\t<div class=\"elementor-element elementor-element-02a7822 elementor-widget elementor-widget-heading\" data-id=\"02a7822\" data-element_type=\"widget\" data-e-type=\"widget\" data-widget_type=\"heading.default\">\n\t\t\t\t<div class=\"elementor-widget-container\">\n\t\t\t\t\t<h2 class=\"elementor-heading-title elementor-size-default\">Vad\u00e1llatot tal\u00e1ltak<\/h2>\t\t\t\t<\/div>\n\t\t\t\t<\/div>\n\t\t\t\t<div class=\"elementor-element elementor-element-7cc7aaa elementor-widget elementor-widget-text-editor\" data-id=\"7cc7aaa\" data-element_type=\"widget\" data-e-type=\"widget\" data-widget_type=\"text-editor.default\">\n\t\t\t\t<div class=\"elementor-widget-container\">\n\t\t\t\t\t\t\t\t\t<p>Ha kapcsolatba k\u00edv\u00e1n l\u00e9pni vel\u00fcnk egy tal\u00e1lt vad\u00e1llattal kapcsolatban, el\u0151vigy\u00e1zatoss\u00e1gb\u00f3l felh\u00edvjuk a figyelm\u00e9t, hogy&nbsp;<strong><em>nem vagyunk felel\u0151sek a vadon \u00e9l\u0151 \u00e1llatok\u00e9rt<\/em><\/strong>. K\u00e9rj\u00fck, \u00e9rts\u00e9k meg, hogy sem alapos ismeretekkel, sem kapacit\u00e1ssal nem rendelkez\u00fcnk a m\u00f3kusok, denev\u00e9rek stb. befogad\u00e1s\u00e1ra \u00e9s gondoz\u00e1s\u00e1ra. Ha s\u00e9r\u00fclt \u00e1llatr\u00f3l van sz\u00f3, akkor ilyen kiv\u00e9teles esetekben t\u00e1mogatjuk \u00d6n\u00f6ket, ameddig kapacit\u00e1sunk engedi. Term\u00e9szetesen abban is seg\u00edt\u00fcnk, hogy profi \u00e1llatfel\u00fcgyel\u0151 k\u00f6zpontot tal\u00e1ljon. <br><br>Sajnos ez egy olyan tov\u00e1bbi feladat, amelyet nem lehet az \u00e1llatj\u00f3l\u00e9ti munk\u00e1nk \u00e9s az \u00e1llatmenhelyek m\u0171k\u00f6dtet\u00e9se mellett megoldani.<br><\/p>\n<p>Azok a k\u00f6z\u00fati k\u00f6zleked\u0151k, akik szarvasvaddal (pl. \u0151z, g\u00edmszarvas, d\u00e1mszarvas, vaddiszn\u00f3) kapcsolatos balesetet okoznak, k\u00f6telesek azt az illet\u00e9kes rend\u0151rkapit\u00e1nys\u00e1gon bejelenteni.<\/p>\n<p>El\u00e9rhet minket az \u00e1llatmenhelyen a tel: <a href=\"tel:047183257\">0471 - 8 32 57<\/a>. Nyitvatart\u00e1si id\u0151n k\u00edv\u00fcl k\u00e9rj\u00fck, forduljon a rend\u0151rs\u00e9ghez.<\/p><br><p><\/p>\t\t\t\t\t\t\t\t<\/div>\n\t\t\t\t<\/div>\n\t\t\t\t\t<\/div>\n\t\t<\/div>\n\t\t\t\t\t<\/div>\n\t\t<\/section>\n\t\t\t\t<\/div>","protected":false},"excerpt":{"rendered":"<p>Wildtier gefunden Wenn Sie sich wegen eines gefundenen Wildtieres an uns wenden m\u00f6chten, weisen wir vorsorglich darauf hin, dass&nbsp;wir f\u00fcr Wildtiere nicht zust\u00e4ndig sind. Bitte haben Sie Verst\u00e4ndnis daf\u00fcr, dass wir weder \u00fcber das fundierte Wissen noch \u00fcber die Kapazit\u00e4ten f\u00fcr Aufnahme und Pflege von Eichh\u00f6rnchen, Fledermaus etc. verf\u00fcgen. Sollte es sich um ein verletztes [&hellip;]<\/p>\n","protected":false},"author":3,"featured_media":0,"parent":0,"menu_order":0,"comment_status":"closed","ping_status":"closed","template":"","meta":{"footnotes":""},"class_list":["post-1824","page","type-page","status-publish","hentry"],"_links":{"self":[{"href":"https:\/\/www.tierschutz-bremerhaven.eu\/hu\/wp-json\/wp\/v2\/pages\/1824","targetHints":{"allow":["GET"]}}],"collection":[{"href":"https:\/\/www.tierschutz-bremerhaven.eu\/hu\/wp-json\/wp\/v2\/pages"}],"about":[{"href":"https:\/\/www.tierschutz-bremerhaven.eu\/hu\/wp-json\/wp\/v2\/types\/page"}],"author":[{"embeddable":true,"href":"https:\/\/www.tierschutz-bremerhaven.eu\/hu\/wp-json\/wp\/v2\/users\/3"}],"replies":[{"embeddable":true,"href":"https:\/\/www.tierschutz-bremerhaven.eu\/hu\/wp-json\/wp\/v2\/comments?post=1824"}],"version-history":[{"count":15,"href":"https:\/\/www.tierschutz-bremerhaven.eu\/hu\/wp-json\/wp\/v2\/pages\/1824\/revisions"}],"predecessor-version":[{"id":5339,"href":"https:\/\/www.tierschutz-bremerhaven.eu\/hu\/wp-json\/wp\/v2\/pages\/1824\/revisions\/5339"}],"wp:attachment":[{"href":"https:\/\/www.tierschutz-bremerhaven.eu\/hu\/wp-json\/wp\/v2\/media?parent=1824"}],"curies":[{"name":"wp","href":"https:\/\/api.w.org\/{rel}","templated":true}]}}