{"id":4124,"date":"2021-09-23T08:07:17","date_gmt":"2021-09-23T08:07:17","guid":{"rendered":"https:\/\/tierschutz-bremerhaven.eu\/?page_id=4124"},"modified":"2021-09-23T08:08:07","modified_gmt":"2021-09-23T08:08:07","slug":"hirek","status":"publish","type":"page","link":"https:\/\/www.tierschutz-bremerhaven.eu\/hu\/aktuelles\/neuigkeiten","title":{"rendered":"Legfrissebb h\u00edrek"},"content":{"rendered":"<div data-elementor-type=\"wp-page\" data-elementor-id=\"4124\" class=\"elementor elementor-4124\" data-elementor-post-type=\"page\">\n\t\t\t\t\t\t<section class=\"elementor-section elementor-top-section elementor-element elementor-element-e76d119 elementor-section-full_width elementor-section-height-default elementor-section-height-default\" data-id=\"e76d119\" data-element_type=\"section\" data-e-type=\"section\">\n\t\t\t\t\t\t<div class=\"elementor-container elementor-column-gap-no\">\n\t\t\t\t\t<div class=\"elementor-column elementor-col-100 elementor-top-column elementor-element elementor-element-300cce58\" data-id=\"300cce58\" data-element_type=\"column\" data-e-type=\"column\">\n\t\t\t<div class=\"elementor-widget-wrap elementor-element-populated\">\n\t\t\t\t\t\t<div class=\"elementor-element elementor-element-6d2d91ab elementor-widget elementor-widget-template\" data-id=\"6d2d91ab\" data-element_type=\"widget\" data-e-type=\"widget\" data-widget_type=\"template.default\">\n\t\t\t\t<div class=\"elementor-widget-container\">\n\t\t\t\t\t\t\t<div class=\"elementor-template\">\n\t\t\t\t\t<div data-elementor-type=\"archive\" data-elementor-id=\"4107\" class=\"elementor elementor-4107\" data-elementor-post-type=\"elementor_library\">\n\t\t\t\t\t<section class=\"elementor-section elementor-top-section elementor-element elementor-element-1254be79 elementor-section-boxed elementor-section-height-default elementor-section-height-default\" data-id=\"1254be79\" data-element_type=\"section\" data-e-type=\"section\" data-settings=\"{&quot;background_background&quot;:&quot;classic&quot;}\">\n\t\t\t\t\t\t<div class=\"elementor-container elementor-column-gap-default\">\n\t\t\t\t\t<div class=\"elementor-column elementor-col-100 elementor-top-column elementor-element elementor-element-1e3e3a32\" data-id=\"1e3e3a32\" data-element_type=\"column\" data-e-type=\"column\">\n\t\t\t<div class=\"elementor-widget-wrap elementor-element-populated\">\n\t\t\t\t\t\t<section class=\"elementor-section elementor-inner-section elementor-element elementor-element-6670dc29 elementor-section-content-middle elementor-section-full_width elementor-section-height-default elementor-section-height-default\" data-id=\"6670dc29\" data-element_type=\"section\" data-e-type=\"section\">\n\t\t\t\t\t\t<div class=\"elementor-container elementor-column-gap-no\">\n\t\t\t\t\t<div class=\"elementor-column elementor-col-100 elementor-inner-column elementor-element elementor-element-2803a541\" data-id=\"2803a541\" data-element_type=\"column\" data-e-type=\"column\">\n\t\t\t<div class=\"elementor-widget-wrap elementor-element-populated\">\n\t\t\t\t\t\t<div class=\"elementor-element elementor-element-6803188d elementor-widget elementor-widget-heading\" data-id=\"6803188d\" data-element_type=\"widget\" data-e-type=\"widget\" data-widget_type=\"heading.default\">\n\t\t\t\t<div class=\"elementor-widget-container\">\n\t\t\t\t\t<h2 class=\"elementor-heading-title elementor-size-default\">Legfrissebb h\u00edrek\n<\/h2>\t\t\t\t<\/div>\n\t\t\t\t<\/div>\n\t\t\t\t<div class=\"elementor-element elementor-element-7cdc5512 elementor-grid-3 elementor-grid-tablet-2 elementor-grid-mobile-1 elementor-posts--thumbnail-top elementor-card-shadow-yes elementor-posts__hover-gradient elementor-widget elementor-widget-posts\" data-id=\"7cdc5512\" data-element_type=\"widget\" data-e-type=\"widget\" data-settings=\"{&quot;cards_columns&quot;:&quot;3&quot;,&quot;cards_columns_tablet&quot;:&quot;2&quot;,&quot;cards_columns_mobile&quot;:&quot;1&quot;,&quot;cards_row_gap&quot;:{&quot;unit&quot;:&quot;px&quot;,&quot;size&quot;:35,&quot;sizes&quot;:[]},&quot;cards_row_gap_tablet&quot;:{&quot;unit&quot;:&quot;px&quot;,&quot;size&quot;:&quot;&quot;,&quot;sizes&quot;:[]},&quot;cards_row_gap_mobile&quot;:{&quot;unit&quot;:&quot;px&quot;,&quot;size&quot;:&quot;&quot;,&quot;sizes&quot;:[]}}\" data-widget_type=\"posts.cards\">\n\t\t\t\t<div class=\"elementor-widget-container\">\n\t\t\t\t\t\t\t<div class=\"elementor-posts-container elementor-posts elementor-posts--skin-cards elementor-grid\" role=\"list\">\n\t\t\t\t<article class=\"elementor-post elementor-grid-item post-13319 post type-post status-publish format-standard hentry category-neuigkeiten\" role=\"listitem\">\n\t\t\t<div class=\"elementor-post__card\">\n\t\t\t\t<div class=\"elementor-post__text\">\n\t\t\t\t<h3 class=\"elementor-post__title\">\n\t\t\t<a href=\"https:\/\/www.tierschutz-bremerhaven.eu\/hu\/einladung-zur-jahreshauptversammlung-am-08-05-2026\" >\n\t\t\t\tMegh\u00edv\u00f3 a 2026.05.08-i \u00e9ves rendes k\u00f6zgy\u0171l\u00e9sre\t\t\t<\/a>\n\t\t<\/h3>\n\t\t\t\t<div class=\"elementor-post__excerpt\">\n\t\t\t\t\t<\/div>\n\t\t\n\t\t<a class=\"elementor-post__read-more\" href=\"https:\/\/www.tierschutz-bremerhaven.eu\/hu\/einladung-zur-jahreshauptversammlung-am-08-05-2026\" aria-label=\"Read more about Einladung zur Jahreshauptversammlung am 08.05.2026\" tabindex=\"-1\" >\n\t\t\tB\u0151vebben \"\t\t<\/a>\n\n\t\t\t\t<\/div>\n\t\t\t\t<div class=\"elementor-post__meta-data\">\n\t\t\t\t\t<span class=\"elementor-post-date\">\n\t\t\t\u00e1prilis 19. 2026\t\t<\/span>\n\t\t\t\t<\/div>\n\t\t\t\t\t<\/div>\n\t\t<\/article>\n\t\t\t\t<article class=\"elementor-post elementor-grid-item post-13082 post type-post status-publish format-standard hentry category-neuigkeiten\" role=\"listitem\">\n\t\t\t<div class=\"elementor-post__card\">\n\t\t\t\t<div class=\"elementor-post__text\">\n\t\t\t\t<h3 class=\"elementor-post__title\">\n\t\t\t<a href=\"https:\/\/www.tierschutz-bremerhaven.eu\/hu\/zukunftstag-2026\" >\n\t\t\t\tJ\u00f6v\u0151 napja 2026\t\t\t<\/a>\n\t\t<\/h3>\n\t\t\t\t<div class=\"elementor-post__excerpt\">\n\t\t\t<p>Figyelem, a 2026-os \u00e9v \u00f6sszes helye foglalt. K\u00e9rj\u00fck, jelentkezzenek \u00fajra a 2027-es \u00e9vre! A j\u00f6v\u0151 napj\u00e1t az \u00e1llatmenhelyen t\u00f6lteni sokak v\u00e1gya.<\/p>\n\t\t<\/div>\n\t\t\n\t\t<a class=\"elementor-post__read-more\" href=\"https:\/\/www.tierschutz-bremerhaven.eu\/hu\/zukunftstag-2026\" aria-label=\"Read more about Zukunftstag 2026\" tabindex=\"-1\" >\n\t\t\tB\u0151vebben \"\t\t<\/a>\n\n\t\t\t\t<\/div>\n\t\t\t\t<div class=\"elementor-post__meta-data\">\n\t\t\t\t\t<span class=\"elementor-post-date\">\n\t\t\tfebru\u00e1r 11. 2026\t\t<\/span>\n\t\t\t\t<\/div>\n\t\t\t\t\t<\/div>\n\t\t<\/article>\n\t\t\t\t<article class=\"elementor-post elementor-grid-item post-13025 post type-post status-publish format-standard hentry category-neuigkeiten\" role=\"listitem\">\n\t\t\t<div class=\"elementor-post__card\">\n\t\t\t\t<div class=\"elementor-post__text\">\n\t\t\t\t<h3 class=\"elementor-post__title\">\n\t\t\t<a href=\"https:\/\/www.tierschutz-bremerhaven.eu\/hu\/sonntag-den-25-01-26-geschlossen\" >\n\t\t\t\tVas\u00e1rnap, 25.01.26-\u00e1n z\u00e1rva!\t\t\t<\/a>\n\t\t<\/h3>\n\t\t\t\t<div class=\"elementor-post__excerpt\">\n\t\t\t\t\t<\/div>\n\t\t\n\t\t<a class=\"elementor-post__read-more\" href=\"https:\/\/www.tierschutz-bremerhaven.eu\/hu\/sonntag-den-25-01-26-geschlossen\" aria-label=\"Read more about Sonntag, den 25.01.26 geschlossen!\" tabindex=\"-1\" >\n\t\t\tB\u0151vebben \"\t\t<\/a>\n\n\t\t\t\t<\/div>\n\t\t\t\t<div class=\"elementor-post__meta-data\">\n\t\t\t\t\t<span class=\"elementor-post-date\">\n\t\t\tjanu\u00e1r 24. 2026\t\t<\/span>\n\t\t\t\t<\/div>\n\t\t\t\t\t<\/div>\n\t\t<\/article>\n\t\t\t\t<article class=\"elementor-post elementor-grid-item post-12868 post type-post status-publish format-standard hentry category-neuigkeiten\" role=\"listitem\">\n\t\t\t<div class=\"elementor-post__card\">\n\t\t\t\t<div class=\"elementor-post__text\">\n\t\t\t\t<h3 class=\"elementor-post__title\">\n\t\t\t<a href=\"https:\/\/www.tierschutz-bremerhaven.eu\/hu\/weihnachtszeit-infos-zu-gassigehen-katzenstreicheln\" >\n\t\t\t\tKar\u00e1csonyi id\u0151szak: inform\u00e1ci\u00f3k a kutyas\u00e9t\u00e1ltat\u00e1sr\u00f3l \u00e9s a macsk\u00e1k simogat\u00e1s\u00e1r\u00f3l\t\t\t<\/a>\n\t\t<\/h3>\n\t\t\t\t<div class=\"elementor-post__excerpt\">\n\t\t\t<p>K\u00e9rj\u00fck, vegy\u00e9k figyelembe, hogy az \u00fcnnepek alatt a kutyas\u00e9t\u00e1ltat\u00e1s \u00e9s a macskasimogat\u00e1s kiss\u00e9 m\u00f3dosul: Kutyas\u00e9t\u00e1ltat\u00e1s \u00e9s macskasimogat\u00e1s: December 23.: a szok\u00e1sos m\u00f3don December 24. (szenteste): 10:00\u201312:00 k\u00f6z\u00f6tt<\/p>\n\t\t<\/div>\n\t\t\n\t\t<a class=\"elementor-post__read-more\" href=\"https:\/\/www.tierschutz-bremerhaven.eu\/hu\/weihnachtszeit-infos-zu-gassigehen-katzenstreicheln\" aria-label=\"Read more about Weihnachtszeit: Infos zu Gassigehen &amp; Katzenstreicheln\" tabindex=\"-1\" >\n\t\t\tB\u0151vebben \"\t\t<\/a>\n\n\t\t\t\t<\/div>\n\t\t\t\t<div class=\"elementor-post__meta-data\">\n\t\t\t\t\t<span class=\"elementor-post-date\">\n\t\t\t2025. december 16.\t\t<\/span>\n\t\t\t\t<\/div>\n\t\t\t\t\t<\/div>\n\t\t<\/article>\n\t\t\t\t<article class=\"elementor-post elementor-grid-item post-12815 post type-post status-publish format-standard has-post-thumbnail hentry category-neuigkeiten\" role=\"listitem\">\n\t\t\t<div class=\"elementor-post__card\">\n\t\t\t\t<a class=\"elementor-post__thumbnail__link\" href=\"https:\/\/www.tierschutz-bremerhaven.eu\/hu\/vermittlungspause-2\" tabindex=\"-1\" ><div class=\"elementor-post__thumbnail\"><img fetchpriority=\"high\" decoding=\"async\" width=\"300\" height=\"286\" src=\"https:\/\/www.tierschutz-bremerhaven.eu\/wp-content\/uploads\/2025\/11\/Vermittlungsstopp-2025-300x286.jpg\" class=\"attachment-medium size-medium wp-image-12816\" alt=\"\" srcset=\"https:\/\/www.tierschutz-bremerhaven.eu\/wp-content\/uploads\/2025\/11\/Vermittlungsstopp-2025-300x286.jpg 300w, https:\/\/www.tierschutz-bremerhaven.eu\/wp-content\/uploads\/2025\/11\/Vermittlungsstopp-2025-768x733.jpg 768w, https:\/\/www.tierschutz-bremerhaven.eu\/wp-content\/uploads\/2025\/11\/Vermittlungsstopp-2025-13x12.jpg 13w, https:\/\/www.tierschutz-bremerhaven.eu\/wp-content\/uploads\/2025\/11\/Vermittlungsstopp-2025-e1764532497738.jpg 200w\" sizes=\"(max-width: 300px) 100vw, 300px\" \/><\/div><\/a>\n\t\t\t\t<div class=\"elementor-post__text\">\n\t\t\t\t<h3 class=\"elementor-post__title\">\n\t\t\t<a href=\"https:\/\/www.tierschutz-bremerhaven.eu\/hu\/vermittlungspause-2\" >\n\t\t\t\tK\u00f6zvet\u00edt\u0151i sz\u00fcnet 2025!\t\t\t<\/a>\n\t\t<\/h3>\n\t\t\t\t<div class=\"elementor-post__excerpt\">\n\t\t\t<p>Kedves \u00e1llatbar\u00e1tok, kar\u00e1csony \u00e9s az \u00e9vfordul\u00f3 k\u00f6rny\u00e9k\u00e9n sz\u00fcnetet tartunk az \u00e1llatok kihelyez\u00e9s\u00e9ben. Sajnos \u00fajra \u00e9s \u00fajra el\u0151fordul, hogy kar\u00e1csonyi aj\u00e1nd\u00e9kk\u00e9nt \u00e1llatokat adnak el a<\/p>\n\t\t<\/div>\n\t\t\n\t\t<a class=\"elementor-post__read-more\" href=\"https:\/\/www.tierschutz-bremerhaven.eu\/hu\/vermittlungspause-2\" aria-label=\"Read more about Vermittlungspause 2025!\" tabindex=\"-1\" >\n\t\t\tB\u0151vebben \"\t\t<\/a>\n\n\t\t\t\t<\/div>\n\t\t\t\t<div class=\"elementor-post__meta-data\">\n\t\t\t\t\t<span class=\"elementor-post-date\">\n\t\t\tnovember 30. 2025\t\t<\/span>\n\t\t\t\t<\/div>\n\t\t\t\t\t<\/div>\n\t\t<\/article>\n\t\t\t\t<article class=\"elementor-post elementor-grid-item post-12654 post type-post status-publish format-standard hentry category-neuigkeiten\" role=\"listitem\">\n\t\t\t<div class=\"elementor-post__card\">\n\t\t\t\t<div class=\"elementor-post__text\">\n\t\t\t\t<h3 class=\"elementor-post__title\">\n\t\t\t<a href=\"https:\/\/www.tierschutz-bremerhaven.eu\/hu\/%e2%9a%a0%ef%b8%8f-achtung-geaenderte-zeiten-am-sonntag\" >\n\t\t\t\t\u26a0\ufe0f Figyelem - vas\u00e1rnap megv\u00e1ltozott id\u0151pontok!\t\t\t<\/a>\n\t\t<\/h3>\n\t\t\t\t<div class=\"elementor-post__excerpt\">\n\t\t\t<p>Kedves \u00e1llatbar\u00e1tok, k\u00e9rj\u00fck, vegy\u00e9tek figyelembe, hogy a vas\u00e1rnapi s\u00e9ta- \u00e9s l\u00e1togat\u00e1si id\u0151nk megv\u00e1ltozott: \ud83d\udc3e vas\u00e1rnap:   - S\u00e9taid\u0151: 10:00 - 14:00 - L\u00e1togat\u00e1si id\u0151: 10:00 - 14:00:<\/p>\n\t\t<\/div>\n\t\t\n\t\t<a class=\"elementor-post__read-more\" href=\"https:\/\/www.tierschutz-bremerhaven.eu\/hu\/%e2%9a%a0%ef%b8%8f-achtung-geaenderte-zeiten-am-sonntag\" aria-label=\"Read more about \u26a0\ufe0f Achtung \u2013 ge\u00e4nderte Zeiten am Sonntag!\" tabindex=\"-1\" >\n\t\t\tB\u0151vebben \"\t\t<\/a>\n\n\t\t\t\t<\/div>\n\t\t\t\t<div class=\"elementor-post__meta-data\">\n\t\t\t\t\t<span class=\"elementor-post-date\">\n\t\t\t4 november 2025\t\t<\/span>\n\t\t\t\t<\/div>\n\t\t\t\t\t<\/div>\n\t\t<\/article>\n\t\t\t\t<article class=\"elementor-post elementor-grid-item post-11542 post type-post status-publish format-standard hentry category-neuigkeiten\" role=\"listitem\">\n\t\t\t<div class=\"elementor-post__card\">\n\t\t\t\t<div class=\"elementor-post__text\">\n\t\t\t\t<h3 class=\"elementor-post__title\">\n\t\t\t<a href=\"https:\/\/www.tierschutz-bremerhaven.eu\/hu\/einladung-zur-jahreshauptversammlung-am-25-04-2025\" >\n\t\t\t\tMegh\u00edv\u00f3 a 2025. \u00e1prilis 25-i \u00e9ves k\u00f6zgy\u0171l\u00e9sre\t\t\t<\/a>\n\t\t<\/h3>\n\t\t\t\t<div class=\"elementor-post__excerpt\">\n\t\t\t\t\t<\/div>\n\t\t\n\t\t<a class=\"elementor-post__read-more\" href=\"https:\/\/www.tierschutz-bremerhaven.eu\/hu\/einladung-zur-jahreshauptversammlung-am-25-04-2025\" aria-label=\"Read more about Megh\u00edv\u00f3 a 25.04.2025-\u00f6s \u00e9ves k\u00f6zgy\u0171l\u00e9sre\" tabindex=\"-1\" >\n\t\t\tB\u0151vebben \"\t\t<\/a>\n\n\t\t\t\t<\/div>\n\t\t\t\t<div class=\"elementor-post__meta-data\">\n\t\t\t\t\t<span class=\"elementor-post-date\">\n\t\t\t8. \u00e1prilis 2025\t\t<\/span>\n\t\t\t\t<\/div>\n\t\t\t\t\t<\/div>\n\t\t<\/article>\n\t\t\t\t<article class=\"elementor-post elementor-grid-item post-9889 post type-post status-publish format-standard hentry category-neuigkeiten\" role=\"listitem\">\n\t\t\t<div class=\"elementor-post__card\">\n\t\t\t\t<div class=\"elementor-post__text\">\n\t\t\t\t<h3 class=\"elementor-post__title\">\n\t\t\t<a href=\"https:\/\/www.tierschutz-bremerhaven.eu\/hu\/zukunftstag-2025\" >\n\t\t\t\tJ\u00f6v\u0151 napja 2025\t\t\t<\/a>\n\t\t<\/h3>\n\t\t\t\t<div class=\"elementor-post__excerpt\">\n\t\t\t<p style=\"color:#cf2e2e;font-weight:bold;\">Figyelem, minden 2025-\u00f6s hely foglalt. K\u00e9rj\u00fck, jelentkezzenek \u00fajra a 2026-os \u00e9vre!<\/p>\n<p>Sok di\u00e1k szeretn\u00e9 a J\u00f6v\u0151 Napj\u00e1t az \u00e1llatmenhelyen t\u00f6lteni. Ez\u00e9rt nagyon fontos, hogy id\u0151ben jelentkezzenek n\u00e1lunk, mert a helyek sz\u00e1ma korl\u00e1tozott.<\/p>\n\t\t<\/div>\n\t\t\n\t\t<a class=\"elementor-post__read-more\" href=\"https:\/\/www.tierschutz-bremerhaven.eu\/hu\/zukunftstag-2025\" aria-label=\"Tov\u00e1bbi inform\u00e1ci\u00f3 a 2025-\u00f6s J\u00f6v\u0151 Napj\u00e1r\u00f3l\" tabindex=\"-1\" >\n\t\t\tB\u0151vebben \"\t\t<\/a>\n\n\t\t\t\t<\/div>\n\t\t\t\t<div class=\"elementor-post__meta-data\">\n\t\t\t\t\t<span class=\"elementor-post-date\">\n\t\t\tjanu\u00e1r 5. 2025\t\t<\/span>\n\t\t\t\t<\/div>\n\t\t\t\t\t<\/div>\n\t\t<\/article>\n\t\t\t\t<article class=\"elementor-post elementor-grid-item post-11120 post type-post status-publish format-standard has-post-thumbnail hentry category-neuigkeiten\" role=\"listitem\">\n\t\t\t<div class=\"elementor-post__card\">\n\t\t\t\t<a class=\"elementor-post__thumbnail__link\" href=\"https:\/\/www.tierschutz-bremerhaven.eu\/hu\/vermittlungspause\" tabindex=\"-1\" ><div class=\"elementor-post__thumbnail\"><img decoding=\"async\" width=\"300\" height=\"300\" src=\"https:\/\/www.tierschutz-bremerhaven.eu\/wp-content\/uploads\/2024\/12\/Vermittlungsstopp-300x300.jpeg\" class=\"attachment-medium size-medium wp-image-11121\" alt=\"\" srcset=\"https:\/\/www.tierschutz-bremerhaven.eu\/wp-content\/uploads\/2024\/12\/Vermittlungsstopp-300x300.jpeg 300w, https:\/\/www.tierschutz-bremerhaven.eu\/wp-content\/uploads\/2024\/12\/Vermittlungsstopp-1024x1024.jpeg 1024w, https:\/\/www.tierschutz-bremerhaven.eu\/wp-content\/uploads\/2024\/12\/Vermittlungsstopp-150x150.jpeg 150w, https:\/\/www.tierschutz-bremerhaven.eu\/wp-content\/uploads\/2024\/12\/Vermittlungsstopp-768x768.jpeg 768w, https:\/\/www.tierschutz-bremerhaven.eu\/wp-content\/uploads\/2024\/12\/Vermittlungsstopp-12x12.jpeg 12w, https:\/\/www.tierschutz-bremerhaven.eu\/wp-content\/uploads\/2024\/12\/Vermittlungsstopp.jpeg 1200w\" sizes=\"(max-width: 300px) 100vw, 300px\" \/><\/div><\/a>\n\t\t\t\t<div class=\"elementor-post__text\">\n\t\t\t\t<h3 class=\"elementor-post__title\">\n\t\t\t<a href=\"https:\/\/www.tierschutz-bremerhaven.eu\/hu\/vermittlungspause\" >\n\t\t\t\tK\u00f6zvet\u00edt\u0151i sz\u00fcnet!\t\t\t<\/a>\n\t\t<\/h3>\n\t\t\t\t<div class=\"elementor-post__excerpt\">\n\t\t\t<p>Kedves \u00e1llatbar\u00e1tok, kar\u00e1csony \u00e9s az \u00e9vfordul\u00f3 k\u00f6rny\u00e9k\u00e9n sz\u00fcnetet tartunk az \u00e1llatok kihelyez\u00e9s\u00e9ben. Sajnos \u00fajra \u00e9s \u00fajra el\u0151fordul, hogy kar\u00e1csonyi aj\u00e1nd\u00e9kk\u00e9nt \u00e1llatokat adnak el a<\/p>\n\t\t<\/div>\n\t\t\n\t\t<a class=\"elementor-post__read-more\" href=\"https:\/\/www.tierschutz-bremerhaven.eu\/hu\/vermittlungspause\" aria-label=\"Read more about Medi\u00e1ci\u00f3s sz\u00fcnet!\" tabindex=\"-1\" >\n\t\t\tB\u0151vebben \"\t\t<\/a>\n\n\t\t\t\t<\/div>\n\t\t\t\t<div class=\"elementor-post__meta-data\">\n\t\t\t\t\t<span class=\"elementor-post-date\">\n\t\t\tdecember 13. 2024\t\t<\/span>\n\t\t\t\t<\/div>\n\t\t\t\t\t<\/div>\n\t\t<\/article>\n\t\t\t\t<article class=\"elementor-post elementor-grid-item post-10914 post type-post status-publish format-standard has-post-thumbnail hentry category-neuigkeiten\" role=\"listitem\">\n\t\t\t<div class=\"elementor-post__card\">\n\t\t\t\t<a class=\"elementor-post__thumbnail__link\" href=\"https:\/\/www.tierschutz-bremerhaven.eu\/hu\/tag-der-offenen-tuer-faellt-am-01-11-2024-aus\" tabindex=\"-1\" ><div class=\"elementor-post__thumbnail\"><img decoding=\"async\" width=\"300\" height=\"300\" src=\"https:\/\/www.tierschutz-bremerhaven.eu\/wp-content\/uploads\/2024\/10\/1000104384-300x300.png\" class=\"attachment-medium size-medium wp-image-10915\" alt=\"\" srcset=\"https:\/\/www.tierschutz-bremerhaven.eu\/wp-content\/uploads\/2024\/10\/1000104384-300x300.png 300w, https:\/\/www.tierschutz-bremerhaven.eu\/wp-content\/uploads\/2024\/10\/1000104384-1024x1024.png 1024w, https:\/\/www.tierschutz-bremerhaven.eu\/wp-content\/uploads\/2024\/10\/1000104384-150x150.png 150w, https:\/\/www.tierschutz-bremerhaven.eu\/wp-content\/uploads\/2024\/10\/1000104384-768x768.png 768w, https:\/\/www.tierschutz-bremerhaven.eu\/wp-content\/uploads\/2024\/10\/1000104384-12x12.png 12w, https:\/\/www.tierschutz-bremerhaven.eu\/wp-content\/uploads\/2024\/10\/1000104384.png 1080w\" sizes=\"(max-width: 300px) 100vw, 300px\" \/><\/div><\/a>\n\t\t\t\t<div class=\"elementor-post__text\">\n\t\t\t\t<h3 class=\"elementor-post__title\">\n\t\t\t<a href=\"https:\/\/www.tierschutz-bremerhaven.eu\/hu\/tag-der-offenen-tuer-faellt-am-01-11-2024-aus\" >\n\t\t\t\tA \"Ny\u00edlt nap\" 2024.11.01-\u00e9n elmarad!\t\t\t<\/a>\n\t\t<\/h3>\n\t\t\t\t<div class=\"elementor-post__excerpt\">\n\t\t\t\t\t<\/div>\n\t\t\n\t\t<a class=\"elementor-post__read-more\" href=\"https:\/\/www.tierschutz-bremerhaven.eu\/hu\/tag-der-offenen-tuer-faellt-am-01-11-2024-aus\" aria-label=\"Read more about A &quot;Ny\u00edlt nap&quot; elmarad 01.11.2024-\u00e9n!\" tabindex=\"-1\" >\n\t\t\tB\u0151vebben \"\t\t<\/a>\n\n\t\t\t\t<\/div>\n\t\t\t\t<div class=\"elementor-post__meta-data\">\n\t\t\t\t\t<span class=\"elementor-post-date\">\n\t\t\tokt\u00f3ber 29. 2024\t\t<\/span>\n\t\t\t\t<\/div>\n\t\t\t\t\t<\/div>\n\t\t<\/article>\n\t\t\t\t<article class=\"elementor-post elementor-grid-item post-10861 post type-post status-publish format-standard hentry category-neuigkeiten\" role=\"listitem\">\n\t\t\t<div class=\"elementor-post__card\">\n\t\t\t\t<div class=\"elementor-post__text\">\n\t\t\t\t<h3 class=\"elementor-post__title\">\n\t\t\t<a href=\"https:\/\/www.tierschutz-bremerhaven.eu\/hu\/gassigehen-findet-nicht-statt-2\" >\n\t\t\t\tA kutyas\u00e9t\u00e1ltat\u00e1sra nem ker\u00fcl sor!\t\t\t<\/a>\n\t\t<\/h3>\n\t\t\t\t<div class=\"elementor-post__excerpt\">\n\t\t\t<p>22.10.2024 Kedves \u00e1llatbar\u00e1tok, sajnos a s\u00e9t\u00e1kat tov\u00e1bbi \u00e9rtes\u00edt\u00e9sig t\u00f6r\u00f6lni kell. Amint \u00fajra lehets\u00e9ges, felvessz\u00fck veletek a kapcsolatot. K\u00f6sz\u00f6nj\u00fck meg\u00e9rt\u00e9s\u00fcket\ud83c\udf38<\/p>\n\t\t<\/div>\n\t\t\n\t\t<a class=\"elementor-post__read-more\" href=\"https:\/\/www.tierschutz-bremerhaven.eu\/hu\/gassigehen-findet-nicht-statt-2\" aria-label=\"Read more about A gyalogl\u00e1s nem t\u00f6rt\u00e9nik meg!\" tabindex=\"-1\" >\n\t\t\tB\u0151vebben \"\t\t<\/a>\n\n\t\t\t\t<\/div>\n\t\t\t\t<div class=\"elementor-post__meta-data\">\n\t\t\t\t\t<span class=\"elementor-post-date\">\n\t\t\tokt\u00f3ber 22. 2024\t\t<\/span>\n\t\t\t\t<\/div>\n\t\t\t\t\t<\/div>\n\t\t<\/article>\n\t\t\t\t<article class=\"elementor-post elementor-grid-item post-10605 post type-post status-publish format-standard hentry category-neuigkeiten\" role=\"listitem\">\n\t\t\t<div class=\"elementor-post__card\">\n\t\t\t\t<div class=\"elementor-post__text\">\n\t\t\t\t<h3 class=\"elementor-post__title\">\n\t\t\t<a href=\"https:\/\/www.tierschutz-bremerhaven.eu\/hu\/einladung-zur-jahreshauptversammlung-am-30-08-2024\" >\n\t\t\t\tMegh\u00edv\u00f3 a 2024. augusztus 30-i \u00e9ves k\u00f6zgy\u0171l\u00e9sre\t\t\t<\/a>\n\t\t<\/h3>\n\t\t\t\t<div class=\"elementor-post__excerpt\">\n\t\t\t\t\t<\/div>\n\t\t\n\t\t<a class=\"elementor-post__read-more\" href=\"https:\/\/www.tierschutz-bremerhaven.eu\/hu\/einladung-zur-jahreshauptversammlung-am-30-08-2024\" aria-label=\"Read more about Megh\u00edv\u00f3 a 2024.08.30-i \u00e9ves k\u00f6zgy\u0171l\u00e9sre\" tabindex=\"-1\" >\n\t\t\tB\u0151vebben \"\t\t<\/a>\n\n\t\t\t\t<\/div>\n\t\t\t\t<div class=\"elementor-post__meta-data\">\n\t\t\t\t\t<span class=\"elementor-post-date\">\n\t\t\taugusztus 13. 2024\t\t<\/span>\n\t\t\t\t<\/div>\n\t\t\t\t\t<\/div>\n\t\t<\/article>\n\t\t\t\t<article class=\"elementor-post elementor-grid-item post-10134 post type-post status-publish format-standard has-post-thumbnail hentry category-neuigkeiten\" role=\"listitem\">\n\t\t\t<div class=\"elementor-post__card\">\n\t\t\t\t<a class=\"elementor-post__thumbnail__link\" href=\"https:\/\/www.tierschutz-bremerhaven.eu\/hu\/fruehlingsfest-03-05-2024\" tabindex=\"-1\" ><div class=\"elementor-post__thumbnail\"><img loading=\"lazy\" decoding=\"async\" width=\"300\" height=\"300\" src=\"https:\/\/www.tierschutz-bremerhaven.eu\/wp-content\/uploads\/2024\/04\/Fruehlingsfest_Plakat_24_Instagram-300x300.jpg\" class=\"attachment-medium size-medium wp-image-10135\" alt=\"\" srcset=\"https:\/\/www.tierschutz-bremerhaven.eu\/wp-content\/uploads\/2024\/04\/Fruehlingsfest_Plakat_24_Instagram-300x300.jpg 300w, https:\/\/www.tierschutz-bremerhaven.eu\/wp-content\/uploads\/2024\/04\/Fruehlingsfest_Plakat_24_Instagram-1024x1024.jpg 1024w, https:\/\/www.tierschutz-bremerhaven.eu\/wp-content\/uploads\/2024\/04\/Fruehlingsfest_Plakat_24_Instagram-150x150.jpg 150w, https:\/\/www.tierschutz-bremerhaven.eu\/wp-content\/uploads\/2024\/04\/Fruehlingsfest_Plakat_24_Instagram-768x768.jpg 768w, https:\/\/www.tierschutz-bremerhaven.eu\/wp-content\/uploads\/2024\/04\/Fruehlingsfest_Plakat_24_Instagram-1536x1536.jpg 1536w, https:\/\/www.tierschutz-bremerhaven.eu\/wp-content\/uploads\/2024\/04\/Fruehlingsfest_Plakat_24_Instagram-2048x2048.jpg 2048w, https:\/\/www.tierschutz-bremerhaven.eu\/wp-content\/uploads\/2024\/04\/Fruehlingsfest_Plakat_24_Instagram-12x12.jpg 12w\" sizes=\"(max-width: 300px) 100vw, 300px\" \/><\/div><\/a>\n\t\t\t\t<div class=\"elementor-post__text\">\n\t\t\t\t<h3 class=\"elementor-post__title\">\n\t\t\t<a href=\"https:\/\/www.tierschutz-bremerhaven.eu\/hu\/fruehlingsfest-03-05-2024\" >\n\t\t\t\tTavaszi fesztiv\u00e1l 03.05.2024\t\t\t<\/a>\n\t\t<\/h3>\n\t\t\t\t<div class=\"elementor-post__excerpt\">\n\t\t\t\t\t<\/div>\n\t\t\n\t\t<a class=\"elementor-post__read-more\" href=\"https:\/\/www.tierschutz-bremerhaven.eu\/hu\/fruehlingsfest-03-05-2024\" aria-label=\"B\u0151vebben a Tavaszi Fesztiv\u00e1lr\u00f3l 03.05.2024\" tabindex=\"-1\" >\n\t\t\tB\u0151vebben \"\t\t<\/a>\n\n\t\t\t\t<\/div>\n\t\t\t\t<div class=\"elementor-post__meta-data\">\n\t\t\t\t\t<span class=\"elementor-post-date\">\n\t\t\t\u00e1prilis 11. 2024\t\t<\/span>\n\t\t\t\t<\/div>\n\t\t\t\t\t<\/div>\n\t\t<\/article>\n\t\t\t\t<article class=\"elementor-post elementor-grid-item post-10111 post type-post status-publish format-standard has-post-thumbnail hentry category-neuigkeiten\" role=\"listitem\">\n\t\t\t<div class=\"elementor-post__card\">\n\t\t\t\t<a class=\"elementor-post__thumbnail__link\" href=\"https:\/\/www.tierschutz-bremerhaven.eu\/hu\/petition-2\" tabindex=\"-1\" ><div class=\"elementor-post__thumbnail\"><img loading=\"lazy\" decoding=\"async\" width=\"212\" height=\"300\" src=\"https:\/\/www.tierschutz-bremerhaven.eu\/wp-content\/uploads\/2024\/04\/v4_Petition_Tierschutz_page-0001-212x300.jpg\" class=\"attachment-medium size-medium wp-image-10112\" alt=\"\" srcset=\"https:\/\/www.tierschutz-bremerhaven.eu\/wp-content\/uploads\/2024\/04\/v4_Petition_Tierschutz_page-0001-212x300.jpg 212w, https:\/\/www.tierschutz-bremerhaven.eu\/wp-content\/uploads\/2024\/04\/v4_Petition_Tierschutz_page-0001-725x1024.jpg 725w, https:\/\/www.tierschutz-bremerhaven.eu\/wp-content\/uploads\/2024\/04\/v4_Petition_Tierschutz_page-0001-768x1085.jpg 768w, https:\/\/www.tierschutz-bremerhaven.eu\/wp-content\/uploads\/2024\/04\/v4_Petition_Tierschutz_page-0001-1087x1536.jpg 1087w, https:\/\/www.tierschutz-bremerhaven.eu\/wp-content\/uploads\/2024\/04\/v4_Petition_Tierschutz_page-0001-8x12.jpg 8w, https:\/\/www.tierschutz-bremerhaven.eu\/wp-content\/uploads\/2024\/04\/v4_Petition_Tierschutz_page-0001.jpg 1241w\" sizes=\"(max-width: 212px) 100vw, 212px\" \/><\/div><\/a>\n\t\t\t\t<div class=\"elementor-post__text\">\n\t\t\t\t<h3 class=\"elementor-post__title\">\n\t\t\t<a href=\"https:\/\/www.tierschutz-bremerhaven.eu\/hu\/petition-2\" >\n\t\t\t\tPet\u00edci\u00f3\t\t\t<\/a>\n\t\t<\/h3>\n\t\t\t\t<div class=\"elementor-post__excerpt\">\n\t\t\t<p>https:\/\/petition.bremische-buergerschaft.de\/index.php?n=petitionsdetails&amp;s=1&amp;c=date_public&amp;d=DESC&amp;b=0&amp;l=10&amp;searchstring=&amp;pID=4866<\/p>\n\t\t<\/div>\n\t\t\n\t\t<a class=\"elementor-post__read-more\" href=\"https:\/\/www.tierschutz-bremerhaven.eu\/hu\/petition-2\" aria-label=\"B\u0151vebben a Pet\u00edci\u00f3r\u00f3l\" tabindex=\"-1\" >\n\t\t\tB\u0151vebben \"\t\t<\/a>\n\n\t\t\t\t<\/div>\n\t\t\t\t<div class=\"elementor-post__meta-data\">\n\t\t\t\t\t<span class=\"elementor-post-date\">\n\t\t\t2024. \u00e1prilis 10.\t\t<\/span>\n\t\t\t\t<\/div>\n\t\t\t\t\t<\/div>\n\t\t<\/article>\n\t\t\t\t<article class=\"elementor-post elementor-grid-item post-10028 post type-post status-publish format-standard hentry category-neuigkeiten\" role=\"listitem\">\n\t\t\t<div class=\"elementor-post__card\">\n\t\t\t\t<div class=\"elementor-post__text\">\n\t\t\t\t<h3 class=\"elementor-post__title\">\n\t\t\t<a href=\"https:\/\/www.tierschutz-bremerhaven.eu\/hu\/petition\" >\n\t\t\t\tPet\u00edci\u00f3\t\t\t<\/a>\n\t\t<\/h3>\n\t\t\t\t<div class=\"elementor-post__excerpt\">\n\t\t\t<p>Nagyszer\u0171 h\u00edrek, kedves \u00e1llat(v\u00e9delmez\u0151) bar\u00e1taink! Megcsin\u00e1ltuk! Pet\u00edci\u00f3nk 2024. m\u00e1rcius 15-\u00e9n ker\u00fclt fel a netre, \u00e9s m\u00e1r t\u00f6bb mint 1000 al\u00e1\u00edr\u00e1st \u00e9rt el! Ez egyszer\u0171en<\/p>\n\t\t<\/div>\n\t\t\n\t\t<a class=\"elementor-post__read-more\" href=\"https:\/\/www.tierschutz-bremerhaven.eu\/hu\/petition\" aria-label=\"B\u0151vebben a Pet\u00edci\u00f3r\u00f3l\" tabindex=\"-1\" >\n\t\t\tB\u0151vebben \"\t\t<\/a>\n\n\t\t\t\t<\/div>\n\t\t\t\t<div class=\"elementor-post__meta-data\">\n\t\t\t\t\t<span class=\"elementor-post-date\">\n\t\t\t28. m\u00e1rcius 2024\t\t<\/span>\n\t\t\t\t<\/div>\n\t\t\t\t\t<\/div>\n\t\t<\/article>\n\t\t\t\t<\/div>\n\t\t\n\t\t\t\t\t\t<\/div>\n\t\t\t\t<\/div>\n\t\t\t\t\t<\/div>\n\t\t<\/div>\n\t\t\t\t\t<\/div>\n\t\t<\/section>\n\t\t\t\t\t<\/div>\n\t\t<\/div>\n\t\t\t\t\t<\/div>\n\t\t<\/section>\n\t\t\t\t<\/div>\n\t\t\t\t<\/div>\n\t\t\t\t\t\t<\/div>\n\t\t\t\t<\/div>\n\t\t\t\t\t<\/div>\n\t\t<\/div>\n\t\t\t\t\t<\/div>\n\t\t<\/section>\n\t\t\t\t<\/div>","protected":false},"excerpt":{"rendered":"","protected":false},"author":3,"featured_media":0,"parent":2980,"menu_order":0,"comment_status":"closed","ping_status":"closed","template":"","meta":{"footnotes":""},"class_list":["post-4124","page","type-page","status-publish","hentry"],"_links":{"self":[{"href":"https:\/\/www.tierschutz-bremerhaven.eu\/hu\/wp-json\/wp\/v2\/pages\/4124","targetHints":{"allow":["GET"]}}],"collection":[{"href":"https:\/\/www.tierschutz-bremerhaven.eu\/hu\/wp-json\/wp\/v2\/pages"}],"about":[{"href":"https:\/\/www.tierschutz-bremerhaven.eu\/hu\/wp-json\/wp\/v2\/types\/page"}],"author":[{"embeddable":true,"href":"https:\/\/www.tierschutz-bremerhaven.eu\/hu\/wp-json\/wp\/v2\/users\/3"}],"replies":[{"embeddable":true,"href":"https:\/\/www.tierschutz-bremerhaven.eu\/hu\/wp-json\/wp\/v2\/comments?post=4124"}],"version-history":[{"count":4,"href":"https:\/\/www.tierschutz-bremerhaven.eu\/hu\/wp-json\/wp\/v2\/pages\/4124\/revisions"}],"predecessor-version":[{"id":4129,"href":"https:\/\/www.tierschutz-bremerhaven.eu\/hu\/wp-json\/wp\/v2\/pages\/4124\/revisions\/4129"}],"up":[{"embeddable":true,"href":"https:\/\/www.tierschutz-bremerhaven.eu\/hu\/wp-json\/wp\/v2\/pages\/2980"}],"wp:attachment":[{"href":"https:\/\/www.tierschutz-bremerhaven.eu\/hu\/wp-json\/wp\/v2\/media?parent=4124"}],"curies":[{"name":"wp","href":"https:\/\/api.w.org\/{rel}","templated":true}]}}