{"id":2334,"date":"2021-05-25T08:21:35","date_gmt":"2021-05-25T08:21:35","guid":{"rendered":"https:\/\/tierschutz-bremerhaven.eu\/?page_id=2334"},"modified":"2023-09-27T07:54:38","modified_gmt":"2023-09-27T07:54:38","slug":"szkola-mlodziezowa","status":"publish","type":"page","link":"https:\/\/www.tierschutz-bremerhaven.eu\/pl\/jugend-schule","title":{"rendered":"M\u0142odzie\u017c i szko\u0142a"},"content":{"rendered":"<div data-elementor-type=\"wp-page\" data-elementor-id=\"2334\" class=\"elementor elementor-2334\" data-elementor-post-type=\"page\">\n\t\t\t\t\t\t<section class=\"elementor-section elementor-top-section elementor-element elementor-element-001ccb4 elementor-section-boxed elementor-section-height-default elementor-section-height-default\" data-id=\"001ccb4\" data-element_type=\"section\" data-e-type=\"section\" data-settings=\"{&quot;background_background&quot;:&quot;classic&quot;}\">\n\t\t\t\t\t\t<div class=\"elementor-container elementor-column-gap-default\">\n\t\t\t\t\t<div class=\"elementor-column elementor-col-100 elementor-top-column elementor-element elementor-element-6b70233\" data-id=\"6b70233\" data-element_type=\"column\" data-e-type=\"column\">\n\t\t\t<div class=\"elementor-widget-wrap elementor-element-populated\">\n\t\t\t\t\t\t<div class=\"elementor-element elementor-element-4862873 elementor-widget elementor-widget-heading\" data-id=\"4862873\" data-element_type=\"widget\" data-e-type=\"widget\" data-widget_type=\"heading.default\">\n\t\t\t\t<div class=\"elementor-widget-container\">\n\t\t\t\t\t<h3 class=\"elementor-heading-title elementor-size-default\">Future Day \/ Sta\u017c \/ AG<\/h3>\t\t\t\t<\/div>\n\t\t\t\t<\/div>\n\t\t\t\t<div class=\"elementor-element elementor-element-6c06c67 elementor-widget elementor-widget-text-editor\" data-id=\"6c06c67\" data-element_type=\"widget\" data-e-type=\"widget\" data-widget_type=\"text-editor.default\">\n\t\t\t\t<div class=\"elementor-widget-container\">\n\t\t\t\t\t\t\t\t\t<p>Dzi\u0119kujemy za entuzjazm i zainteresowanie naszym schroniskiem dla zwierz\u0105t, <b>Tw\u00f3j<\/b> <strong>Future Day \/ Tw\u00f3j sta\u017c \/ Tw\u00f3j AG\u00a0<\/strong>Z wielk\u0105 przyjemno\u015bci\u0105 zapraszamy dzieci do sp\u0119dzenia z nami czasu. Od kilku lat dzieci korzystaj\u0105 z tej mo\u017cliwo\u015bci, aby poczu\u0107, jak to jest by\u0107 opiekunem zwierz\u0105t. Na dzieci czekaj\u0105 ciekawe projekty. Mo\u017cna na przyk\u0142ad rozpieszcza\u0107 naszych czworono\u017cnych przyjaci\u00f3\u0142 na spacerze, hodowa\u0107 karm\u0119 dla zwierz\u0105t i karmi\u0107 ni\u0105 nasze gryzonie, zorganizowa\u0107 zbi\u00f3rk\u0119 pieni\u0119dzy, zrobi\u0107 zabawki dla zwierz\u0105t, pozna\u0107 codzienne \u017cycie w schronisku dla zwierz\u0105t i wiele wi\u0119cej.<\/p><p>Nast\u0119puj\u0105ce szko\u0142y oferuj\u0105 obecnie swoim uczniom ca\u0142odzienny program: Carl von Ossietzky CVO school centre, Kreisgymnasium Weserm\u00fcnde, Paula-Modersohn-Schule, Schule am Leher Markt.<\/p><p><b>The<\/b><strong>\u00a0<\/strong><strong>Future Day \/ sta\u017c \/ AG\u00a0<\/strong>w<strong>\u00a0<\/strong><strong>Schronisko dla zwierz\u0105t<\/strong> jest \u017cyczeniem wielu uczni\u00f3w. Dlatego bardzo wa\u017cne jest, aby zarejestrowa\u0107 si\u0119 u nas w odpowiednim czasie, poniewa\u017c liczba miejsc jest ograniczona.<\/p><p><strong>Nale\u017cy zabra\u0107 ze sob\u0105 nast\u0119puj\u0105ce przedmioty:<\/strong><\/p><ul><li>Dokumenty ze szko\u0142y<\/li><li>\u015awiadectwo szczepienia\/ochrona poszczepienna<\/li><li>Niewra\u017cliwa odzie\u017c<\/li><li>Mi\u0142o\u015b\u0107 do zwierz\u0105t<\/li><li>Dobry humor<\/li><\/ul><p>Prosimy o kontakt w schronisku dla zwierz\u0105t pod nr tel: <a href=\"tel:047183257\">0471 - 8 32 57<\/a>. Poza godzinami otwarcia mo\u017cna zostawi\u0107 wiadomo\u015b\u0107 na automatycznej sekretarce. Oddzwonimy natychmiast.<\/p><p>Wizyty w schronisku s\u0105 mo\u017cliwe tylko po wcze\u015bniejszym um\u00f3wieniu.<\/p><p>Dzi\u0119kujemy za zrozumienie i czekamy na Twoj\u0105 wizyt\u0119!<\/p>\t\t\t\t\t\t\t\t<\/div>\n\t\t\t\t<\/div>\n\t\t\t\t<div class=\"elementor-element elementor-element-82516fd elementor-widget elementor-widget-heading\" data-id=\"82516fd\" data-element_type=\"widget\" data-e-type=\"widget\" data-widget_type=\"heading.default\">\n\t\t\t\t<div class=\"elementor-widget-container\">\n\t\t\t\t\t<h2 class=\"elementor-heading-title elementor-size-default\">Wycieczki z przewodnikiem dla klas szkolnych i grup m\u0142odzie\u017cowych<\/h2>\t\t\t\t<\/div>\n\t\t\t\t<\/div>\n\t\t\t\t<div class=\"elementor-element elementor-element-5633557 elementor-widget elementor-widget-text-editor\" data-id=\"5633557\" data-element_type=\"widget\" data-e-type=\"widget\" data-widget_type=\"text-editor.default\">\n\t\t\t\t<div class=\"elementor-widget-container\">\n\t\t\t\t\t\t\t\t\t<p>Chcesz pozna\u0107 nowe schronisko dla zwierz\u0105t i jego obecnych mieszka\u0144c\u00f3w? Nie ma problemu. Zapraszamy na jedn\u0105 z naszych wycieczek z przewodnikiem. S\u0105 one bezp\u0142atne - ale zawsze ch\u0119tnie otrzymamy darowizn\u0119 na rzecz schroniska dla zwierz\u0105t.<\/p>\n<p>Zwiedzanie schroniska trwa oko\u0142o 45 minut, a towarzysz\u0105 mu zar\u00f3wno aktywni cz\u0142onkowie organizacji, jak i opiekunowie zwierz\u0105t. Podczas wizyty uczestnicy otrzymuj\u0105 powitaln\u0105 rozmow\u0119, podczas kt\u00f3rej dowiaduj\u0105 si\u0119, jakie zadania spe\u0142nia schronisko dla zwierz\u0105t oraz w jaki spos\u00f3b zarz\u0105dza si\u0119 opiek\u0105 i leczeniem oko\u0142o 600 potrzebuj\u0105cych zwierz\u0105t rocznie. Podczas wsp\u00f3lnej wycieczki zwiedzany jest r\u00f3wnie\u017c teren schroniska.<\/p>\n<p>Czy chcia\u0142by\u015b odwiedzi\u0107 schronisko dla zwierz\u0105t ze swoj\u0105 klas\u0105 szkoln\u0105\/grup\u0105 dzieci\u0119c\u0105 lub m\u0142odzie\u017cow\u0105? Grupy s\u0105 r\u00f3wnie\u017c mile widziane.<\/p>\n<p><strong>Informacje o wycieczkach grupowych:<\/strong><\/p>\n<ul>\n<li>Grupa maksymalnie 10 os\u00f3b<\/li>\n<li>Wizyty mo\u017cliwe w ci\u0105gu tygodnia w dni otwarte<\/li>\n<li>Obecno\u015b\u0107 co najmniej jednego nauczyciela\/opiekuna<\/li>\n<li>Minimalny wiek dzieci: 6 lat<\/li>\n<li>W stosownych przypadkach, o\u015bwiadczenie uczestnik\u00f3w o wyra\u017ceniu zgody na publikacj\u0119 zdj\u0119\u0107 i nagra\u0144 wideo na stronie internetowej stowarzyszenia i w mediach spo\u0142eczno\u015bciowych.<\/li>\n<li>Rejestracja, je\u015bli to mo\u017cliwe, 3 tygodnie przed wybran\u0105 dat\u0105\n<p><\/p><\/li>\n<\/ul>\n<p>Zapytania dotycz\u0105ce wycieczek po schroniskach dla zwierz\u0105t nale\u017cy przesy\u0142a\u0107 poczt\u0105 elektroniczn\u0105 na adres <a href=\"mailto:info@tierschutz-bremerhaven.de\"><u>info@tierschutz-bremerhaven.de<\/u><\/a><\/p>\n<p>Lub skontaktuj si\u0119 z nami w schronisku dla zwierz\u0105t pod numerem Tel: <a href=\"tel:047183257\">0471 - 8 32 57<\/a>. Poza godzinami otwarcia mo\u017cna zostawi\u0107 wiadomo\u015b\u0107 na automatycznej sekretarce. Oddzwonimy natychmiast.<\/p>\n<p><br><\/p>\t\t\t\t\t\t\t\t<\/div>\n\t\t\t\t<\/div>\n\t\t\t\t\t<\/div>\n\t\t<\/div>\n\t\t\t\t\t<\/div>\n\t\t<\/section>\n\t\t\t\t<\/div>","protected":false},"excerpt":{"rendered":"<p>Zukunftstag \/ Praktikum \/ AG \u00dcber Eure Begeisterung f\u00fcr unser Tierheim und Euer Interesse, Euren Zukunftstag \/ Euer Praktikum \/ Euere AG\u00a0bei uns zu verbringen, freuen wir uns sehr. Bereits seit mehreren Jahren nutzen Kinder diese M\u00f6glichkeit, um in den Beruf des Tierpflegers reinzuschnuppern. Es warten interessante Projekt auf Dich. Du k\u00f6nntest z. B. unsere [&hellip;]<\/p>\n","protected":false},"author":3,"featured_media":0,"parent":0,"menu_order":0,"comment_status":"closed","ping_status":"closed","template":"","meta":{"footnotes":""},"class_list":["post-2334","page","type-page","status-publish","hentry"],"_links":{"self":[{"href":"https:\/\/www.tierschutz-bremerhaven.eu\/pl\/wp-json\/wp\/v2\/pages\/2334","targetHints":{"allow":["GET"]}}],"collection":[{"href":"https:\/\/www.tierschutz-bremerhaven.eu\/pl\/wp-json\/wp\/v2\/pages"}],"about":[{"href":"https:\/\/www.tierschutz-bremerhaven.eu\/pl\/wp-json\/wp\/v2\/types\/page"}],"author":[{"embeddable":true,"href":"https:\/\/www.tierschutz-bremerhaven.eu\/pl\/wp-json\/wp\/v2\/users\/3"}],"replies":[{"embeddable":true,"href":"https:\/\/www.tierschutz-bremerhaven.eu\/pl\/wp-json\/wp\/v2\/comments?post=2334"}],"version-history":[{"count":94,"href":"https:\/\/www.tierschutz-bremerhaven.eu\/pl\/wp-json\/wp\/v2\/pages\/2334\/revisions"}],"predecessor-version":[{"id":9019,"href":"https:\/\/www.tierschutz-bremerhaven.eu\/pl\/wp-json\/wp\/v2\/pages\/2334\/revisions\/9019"}],"wp:attachment":[{"href":"https:\/\/www.tierschutz-bremerhaven.eu\/pl\/wp-json\/wp\/v2\/media?parent=2334"}],"curies":[{"name":"wp","href":"https:\/\/api.w.org\/{rel}","templated":true}]}}