{"id":4124,"date":"2021-09-23T08:07:17","date_gmt":"2021-09-23T08:07:17","guid":{"rendered":"https:\/\/tierschutz-bremerhaven.eu\/?page_id=4124"},"modified":"2021-09-23T08:08:07","modified_gmt":"2021-09-23T08:08:07","slug":"wiadomosci","status":"publish","type":"page","link":"https:\/\/www.tierschutz-bremerhaven.eu\/pl\/aktuelles\/neuigkeiten","title":{"rendered":"Najnowsze wiadomo\u015bci"},"content":{"rendered":"<div data-elementor-type=\"wp-page\" data-elementor-id=\"4124\" class=\"elementor elementor-4124\" data-elementor-post-type=\"page\">\n\t\t\t\t\t\t<section class=\"elementor-section elementor-top-section elementor-element elementor-element-e76d119 elementor-section-full_width elementor-section-height-default elementor-section-height-default\" data-id=\"e76d119\" data-element_type=\"section\" data-e-type=\"section\">\n\t\t\t\t\t\t<div class=\"elementor-container elementor-column-gap-no\">\n\t\t\t\t\t<div class=\"elementor-column elementor-col-100 elementor-top-column elementor-element elementor-element-300cce58\" data-id=\"300cce58\" data-element_type=\"column\" data-e-type=\"column\">\n\t\t\t<div class=\"elementor-widget-wrap elementor-element-populated\">\n\t\t\t\t\t\t<div class=\"elementor-element elementor-element-6d2d91ab elementor-widget elementor-widget-template\" data-id=\"6d2d91ab\" data-element_type=\"widget\" data-e-type=\"widget\" data-widget_type=\"template.default\">\n\t\t\t\t<div class=\"elementor-widget-container\">\n\t\t\t\t\t\t\t<div class=\"elementor-template\">\n\t\t\t\t\t<div data-elementor-type=\"archive\" data-elementor-id=\"4107\" class=\"elementor elementor-4107\" data-elementor-post-type=\"elementor_library\">\n\t\t\t\t\t<section class=\"elementor-section elementor-top-section elementor-element elementor-element-1254be79 elementor-section-boxed elementor-section-height-default elementor-section-height-default\" data-id=\"1254be79\" data-element_type=\"section\" data-e-type=\"section\" data-settings=\"{&quot;background_background&quot;:&quot;classic&quot;}\">\n\t\t\t\t\t\t<div class=\"elementor-container elementor-column-gap-default\">\n\t\t\t\t\t<div class=\"elementor-column elementor-col-100 elementor-top-column elementor-element elementor-element-1e3e3a32\" data-id=\"1e3e3a32\" data-element_type=\"column\" data-e-type=\"column\">\n\t\t\t<div class=\"elementor-widget-wrap elementor-element-populated\">\n\t\t\t\t\t\t<section class=\"elementor-section elementor-inner-section elementor-element elementor-element-6670dc29 elementor-section-content-middle elementor-section-full_width elementor-section-height-default elementor-section-height-default\" data-id=\"6670dc29\" data-element_type=\"section\" data-e-type=\"section\">\n\t\t\t\t\t\t<div class=\"elementor-container elementor-column-gap-no\">\n\t\t\t\t\t<div class=\"elementor-column elementor-col-100 elementor-inner-column elementor-element elementor-element-2803a541\" data-id=\"2803a541\" data-element_type=\"column\" data-e-type=\"column\">\n\t\t\t<div class=\"elementor-widget-wrap elementor-element-populated\">\n\t\t\t\t\t\t<div class=\"elementor-element elementor-element-6803188d elementor-widget elementor-widget-heading\" data-id=\"6803188d\" data-element_type=\"widget\" data-e-type=\"widget\" data-widget_type=\"heading.default\">\n\t\t\t\t<div class=\"elementor-widget-container\">\n\t\t\t\t\t<h2 class=\"elementor-heading-title elementor-size-default\">Najnowsze wiadomo\u015bci\n<\/h2>\t\t\t\t<\/div>\n\t\t\t\t<\/div>\n\t\t\t\t<div class=\"elementor-element elementor-element-7cdc5512 elementor-grid-3 elementor-grid-tablet-2 elementor-grid-mobile-1 elementor-posts--thumbnail-top elementor-card-shadow-yes elementor-posts__hover-gradient elementor-widget elementor-widget-posts\" data-id=\"7cdc5512\" data-element_type=\"widget\" data-e-type=\"widget\" data-settings=\"{&quot;cards_columns&quot;:&quot;3&quot;,&quot;cards_columns_tablet&quot;:&quot;2&quot;,&quot;cards_columns_mobile&quot;:&quot;1&quot;,&quot;cards_row_gap&quot;:{&quot;unit&quot;:&quot;px&quot;,&quot;size&quot;:35,&quot;sizes&quot;:[]},&quot;cards_row_gap_tablet&quot;:{&quot;unit&quot;:&quot;px&quot;,&quot;size&quot;:&quot;&quot;,&quot;sizes&quot;:[]},&quot;cards_row_gap_mobile&quot;:{&quot;unit&quot;:&quot;px&quot;,&quot;size&quot;:&quot;&quot;,&quot;sizes&quot;:[]}}\" data-widget_type=\"posts.cards\">\n\t\t\t\t<div class=\"elementor-widget-container\">\n\t\t\t\t\t\t\t<div class=\"elementor-posts-container elementor-posts elementor-posts--skin-cards elementor-grid\" role=\"list\">\n\t\t\t\t<article class=\"elementor-post elementor-grid-item post-13319 post type-post status-publish format-standard hentry category-neuigkeiten\" role=\"listitem\">\n\t\t\t<div class=\"elementor-post__card\">\n\t\t\t\t<div class=\"elementor-post__text\">\n\t\t\t\t<h3 class=\"elementor-post__title\">\n\t\t\t<a href=\"https:\/\/www.tierschutz-bremerhaven.eu\/pl\/einladung-zur-jahreshauptversammlung-am-08-05-2026\" >\n\t\t\t\tZaproszenie na Zwyczajne Walne Zgromadzenie w dniu 08.05.2026 r.\t\t\t<\/a>\n\t\t<\/h3>\n\t\t\t\t<div class=\"elementor-post__excerpt\">\n\t\t\t\t\t<\/div>\n\t\t\n\t\t<a class=\"elementor-post__read-more\" href=\"https:\/\/www.tierschutz-bremerhaven.eu\/pl\/einladung-zur-jahreshauptversammlung-am-08-05-2026\" aria-label=\"Read more about Einladung zur Jahreshauptversammlung am 08.05.2026\" tabindex=\"-1\" >\n\t\t\tCzytaj wi\u0119cej \"\t\t<\/a>\n\n\t\t\t\t<\/div>\n\t\t\t\t<div class=\"elementor-post__meta-data\">\n\t\t\t\t\t<span class=\"elementor-post-date\">\n\t\t\t19. kwietnia 2026\t\t<\/span>\n\t\t\t\t<\/div>\n\t\t\t\t\t<\/div>\n\t\t<\/article>\n\t\t\t\t<article class=\"elementor-post elementor-grid-item post-13082 post type-post status-publish format-standard hentry category-neuigkeiten\" role=\"listitem\">\n\t\t\t<div class=\"elementor-post__card\">\n\t\t\t\t<div class=\"elementor-post__text\">\n\t\t\t\t<h3 class=\"elementor-post__title\">\n\t\t\t<a href=\"https:\/\/www.tierschutz-bremerhaven.eu\/pl\/zukunftstag-2026\" >\n\t\t\t\tDzie\u0144 Przysz\u0142o\u015bci 2026\t\t\t<\/a>\n\t\t<\/h3>\n\t\t\t\t<div class=\"elementor-post__excerpt\">\n\t\t\t<p>Uwaga, wszystkie miejsca na rok 2026 s\u0105 zaj\u0119te. Prosimy o ponown\u0105 rejestracj\u0119 na rok 2027! Sp\u0119dzenie przysz\u0142ego dnia w schronisku dla zwierz\u0105t to \u017cyczenie wielu os\u00f3b.<\/p>\n\t\t<\/div>\n\t\t\n\t\t<a class=\"elementor-post__read-more\" href=\"https:\/\/www.tierschutz-bremerhaven.eu\/pl\/zukunftstag-2026\" aria-label=\"Read more about Zukunftstag 2026\" tabindex=\"-1\" >\n\t\t\tCzytaj wi\u0119cej \"\t\t<\/a>\n\n\t\t\t\t<\/div>\n\t\t\t\t<div class=\"elementor-post__meta-data\">\n\t\t\t\t\t<span class=\"elementor-post-date\">\n\t\t\t11. lutego 2026\t\t<\/span>\n\t\t\t\t<\/div>\n\t\t\t\t\t<\/div>\n\t\t<\/article>\n\t\t\t\t<article class=\"elementor-post elementor-grid-item post-13025 post type-post status-publish format-standard hentry category-neuigkeiten\" role=\"listitem\">\n\t\t\t<div class=\"elementor-post__card\">\n\t\t\t\t<div class=\"elementor-post__text\">\n\t\t\t\t<h3 class=\"elementor-post__title\">\n\t\t\t<a href=\"https:\/\/www.tierschutz-bremerhaven.eu\/pl\/sonntag-den-25-01-26-geschlossen\" >\n\t\t\t\tZamkni\u0119te w niedziel\u0119, 25.01.26!\t\t\t<\/a>\n\t\t<\/h3>\n\t\t\t\t<div class=\"elementor-post__excerpt\">\n\t\t\t\t\t<\/div>\n\t\t\n\t\t<a class=\"elementor-post__read-more\" href=\"https:\/\/www.tierschutz-bremerhaven.eu\/pl\/sonntag-den-25-01-26-geschlossen\" aria-label=\"Read more about Sonntag, den 25.01.26 geschlossen!\" tabindex=\"-1\" >\n\t\t\tCzytaj wi\u0119cej \"\t\t<\/a>\n\n\t\t\t\t<\/div>\n\t\t\t\t<div class=\"elementor-post__meta-data\">\n\t\t\t\t\t<span class=\"elementor-post-date\">\n\t\t\t24. stycznia 2026\t\t<\/span>\n\t\t\t\t<\/div>\n\t\t\t\t\t<\/div>\n\t\t<\/article>\n\t\t\t\t<article class=\"elementor-post elementor-grid-item post-12868 post type-post status-publish format-standard hentry category-neuigkeiten\" role=\"listitem\">\n\t\t\t<div class=\"elementor-post__card\">\n\t\t\t\t<div class=\"elementor-post__text\">\n\t\t\t\t<h3 class=\"elementor-post__title\">\n\t\t\t<a href=\"https:\/\/www.tierschutz-bremerhaven.eu\/pl\/weihnachtszeit-infos-zu-gassigehen-katzenstreicheln\" >\n\t\t\t\tOkres \u015bwi\u0105teczny: informacje na temat wyprowadzania i g\u0142askania kot\u00f3w\t\t\t<\/a>\n\t\t<\/h3>\n\t\t\t\t<div class=\"elementor-post__excerpt\">\n\t\t\t<p>Nale\u017cy pami\u0119ta\u0107, \u017ce spacery i g\u0142askanie kot\u00f3w s\u0105 nieco dostosowane do dni \u015bwi\u0105tecznych: Spacery i g\u0142askanie kot\u00f3w: 23 grudnia: jak zwykle 24 grudnia (Wigilia): od 10:00-12:00<\/p>\n\t\t<\/div>\n\t\t\n\t\t<a class=\"elementor-post__read-more\" href=\"https:\/\/www.tierschutz-bremerhaven.eu\/pl\/weihnachtszeit-infos-zu-gassigehen-katzenstreicheln\" aria-label=\"Read more about Weihnachtszeit: Infos zu Gassigehen &amp; Katzenstreicheln\" tabindex=\"-1\" >\n\t\t\tCzytaj wi\u0119cej \"\t\t<\/a>\n\n\t\t\t\t<\/div>\n\t\t\t\t<div class=\"elementor-post__meta-data\">\n\t\t\t\t\t<span class=\"elementor-post-date\">\n\t\t\t16. grudnia 2025\t\t<\/span>\n\t\t\t\t<\/div>\n\t\t\t\t\t<\/div>\n\t\t<\/article>\n\t\t\t\t<article class=\"elementor-post elementor-grid-item post-12815 post type-post status-publish format-standard has-post-thumbnail hentry category-neuigkeiten\" role=\"listitem\">\n\t\t\t<div class=\"elementor-post__card\">\n\t\t\t\t<a class=\"elementor-post__thumbnail__link\" href=\"https:\/\/www.tierschutz-bremerhaven.eu\/pl\/vermittlungspause-2\" tabindex=\"-1\" ><div class=\"elementor-post__thumbnail\"><img fetchpriority=\"high\" decoding=\"async\" width=\"300\" height=\"286\" src=\"https:\/\/www.tierschutz-bremerhaven.eu\/wp-content\/uploads\/2025\/11\/Vermittlungsstopp-2025-300x286.jpg\" class=\"attachment-medium size-medium wp-image-12816\" alt=\"\" srcset=\"https:\/\/www.tierschutz-bremerhaven.eu\/wp-content\/uploads\/2025\/11\/Vermittlungsstopp-2025-300x286.jpg 300w, https:\/\/www.tierschutz-bremerhaven.eu\/wp-content\/uploads\/2025\/11\/Vermittlungsstopp-2025-768x733.jpg 768w, https:\/\/www.tierschutz-bremerhaven.eu\/wp-content\/uploads\/2025\/11\/Vermittlungsstopp-2025-13x12.jpg 13w, https:\/\/www.tierschutz-bremerhaven.eu\/wp-content\/uploads\/2025\/11\/Vermittlungsstopp-2025-e1764532497738.jpg 200w\" sizes=\"(max-width: 300px) 100vw, 300px\" \/><\/div><\/a>\n\t\t\t\t<div class=\"elementor-post__text\">\n\t\t\t\t<h3 class=\"elementor-post__title\">\n\t\t\t<a href=\"https:\/\/www.tierschutz-bremerhaven.eu\/pl\/vermittlungspause-2\" >\n\t\t\t\tPrzerwa na mediacj\u0119 2025!\t\t\t<\/a>\n\t\t<\/h3>\n\t\t\t\t<div class=\"elementor-post__excerpt\">\n\t\t\t<p>Drodzy mi\u0142o\u015bnicy zwierz\u0105t, robimy sobie przerw\u0119 od umieszczania zwierz\u0105t w okresie Bo\u017cego Narodzenia i na prze\u0142omie roku. Niestety, wci\u0105\u017c zdarza si\u0119, \u017ce zwierz\u0119ta s\u0105 sprzedawane jako prezenty \u015bwi\u0105teczne pod choink\u0105.<\/p>\n\t\t<\/div>\n\t\t\n\t\t<a class=\"elementor-post__read-more\" href=\"https:\/\/www.tierschutz-bremerhaven.eu\/pl\/vermittlungspause-2\" aria-label=\"Read more about Vermittlungspause 2025!\" tabindex=\"-1\" >\n\t\t\tCzytaj wi\u0119cej \"\t\t<\/a>\n\n\t\t\t\t<\/div>\n\t\t\t\t<div class=\"elementor-post__meta-data\">\n\t\t\t\t\t<span class=\"elementor-post-date\">\n\t\t\t30. listopada 2025\t\t<\/span>\n\t\t\t\t<\/div>\n\t\t\t\t\t<\/div>\n\t\t<\/article>\n\t\t\t\t<article class=\"elementor-post elementor-grid-item post-12654 post type-post status-publish format-standard hentry category-neuigkeiten\" role=\"listitem\">\n\t\t\t<div class=\"elementor-post__card\">\n\t\t\t\t<div class=\"elementor-post__text\">\n\t\t\t\t<h3 class=\"elementor-post__title\">\n\t\t\t<a href=\"https:\/\/www.tierschutz-bremerhaven.eu\/pl\/%e2%9a%a0%ef%b8%8f-achtung-geaenderte-zeiten-am-sonntag\" >\n\t\t\t\t\u26a0\ufe0f Uwaga - zmiana godzin w niedziel\u0119!\t\t\t<\/a>\n\t\t<\/h3>\n\t\t\t\t<div class=\"elementor-post__excerpt\">\n\t\t\t<p>Drodzy przyjaciele zwierz\u0105t, informujemy, \u017ce godziny spacer\u00f3w i odwiedzin w niedziel\u0119 uleg\u0142y zmianie: \ud83d\udc3e Niedziela:   - Godziny spacer\u00f3w: 10:00 - 14:00 - Godziny odwiedzin:<\/p>\n\t\t<\/div>\n\t\t\n\t\t<a class=\"elementor-post__read-more\" href=\"https:\/\/www.tierschutz-bremerhaven.eu\/pl\/%e2%9a%a0%ef%b8%8f-achtung-geaenderte-zeiten-am-sonntag\" aria-label=\"Read more about \u26a0\ufe0f Achtung \u2013 ge\u00e4nderte Zeiten am Sonntag!\" tabindex=\"-1\" >\n\t\t\tCzytaj wi\u0119cej \"\t\t<\/a>\n\n\t\t\t\t<\/div>\n\t\t\t\t<div class=\"elementor-post__meta-data\">\n\t\t\t\t\t<span class=\"elementor-post-date\">\n\t\t\t4. listopada 2025\t\t<\/span>\n\t\t\t\t<\/div>\n\t\t\t\t\t<\/div>\n\t\t<\/article>\n\t\t\t\t<article class=\"elementor-post elementor-grid-item post-11542 post type-post status-publish format-standard hentry category-neuigkeiten\" role=\"listitem\">\n\t\t\t<div class=\"elementor-post__card\">\n\t\t\t\t<div class=\"elementor-post__text\">\n\t\t\t\t<h3 class=\"elementor-post__title\">\n\t\t\t<a href=\"https:\/\/www.tierschutz-bremerhaven.eu\/pl\/einladung-zur-jahreshauptversammlung-am-25-04-2025\" >\n\t\t\t\tZaproszenie na Zwyczajne Walne Zgromadzenie w dniu 25 kwietnia 2025 r.\t\t\t<\/a>\n\t\t<\/h3>\n\t\t\t\t<div class=\"elementor-post__excerpt\">\n\t\t\t\t\t<\/div>\n\t\t\n\t\t<a class=\"elementor-post__read-more\" href=\"https:\/\/www.tierschutz-bremerhaven.eu\/pl\/einladung-zur-jahreshauptversammlung-am-25-04-2025\" aria-label=\"Czytaj wi\u0119cej o Zaproszenie na Zwyczajne Walne Zgromadzenie w dniu 25.04.2025 r.\" tabindex=\"-1\" >\n\t\t\tCzytaj wi\u0119cej \"\t\t<\/a>\n\n\t\t\t\t<\/div>\n\t\t\t\t<div class=\"elementor-post__meta-data\">\n\t\t\t\t\t<span class=\"elementor-post-date\">\n\t\t\t8. kwietnia 2025 r.\t\t<\/span>\n\t\t\t\t<\/div>\n\t\t\t\t\t<\/div>\n\t\t<\/article>\n\t\t\t\t<article class=\"elementor-post elementor-grid-item post-9889 post type-post status-publish format-standard hentry category-neuigkeiten\" role=\"listitem\">\n\t\t\t<div class=\"elementor-post__card\">\n\t\t\t\t<div class=\"elementor-post__text\">\n\t\t\t\t<h3 class=\"elementor-post__title\">\n\t\t\t<a href=\"https:\/\/www.tierschutz-bremerhaven.eu\/pl\/zukunftstag-2025\" >\n\t\t\t\tDzie\u0144 Przysz\u0142o\u015bci 2025\t\t\t<\/a>\n\t\t<\/h3>\n\t\t\t\t<div class=\"elementor-post__excerpt\">\n\t\t\t<p style=\"color:#cf2e2e;font-weight:bold;\">Uwaga, wszystkie miejsca na rok 2025 s\u0105 zaj\u0119te. Prosimy o ponown\u0105 rejestracj\u0119 na rok 2026!<\/p>\n<p>Wielu uczni\u00f3w chcia\u0142oby sp\u0119dzi\u0107 Dzie\u0144 Przysz\u0142o\u015bci w schronisku dla zwierz\u0105t. Dlatego bardzo wa\u017cne jest, aby zarejestrowa\u0107 si\u0119 u nas w odpowiednim czasie, poniewa\u017c liczba miejsc jest ograniczona.<\/p>\n\t\t<\/div>\n\t\t\n\t\t<a class=\"elementor-post__read-more\" href=\"https:\/\/www.tierschutz-bremerhaven.eu\/pl\/zukunftstag-2025\" aria-label=\"Przeczytaj wi\u0119cej o Future Day 2025\" tabindex=\"-1\" >\n\t\t\tCzytaj wi\u0119cej \"\t\t<\/a>\n\n\t\t\t\t<\/div>\n\t\t\t\t<div class=\"elementor-post__meta-data\">\n\t\t\t\t\t<span class=\"elementor-post-date\">\n\t\t\t5. stycznia 2025 r.\t\t<\/span>\n\t\t\t\t<\/div>\n\t\t\t\t\t<\/div>\n\t\t<\/article>\n\t\t\t\t<article class=\"elementor-post elementor-grid-item post-11120 post type-post status-publish format-standard has-post-thumbnail hentry category-neuigkeiten\" role=\"listitem\">\n\t\t\t<div class=\"elementor-post__card\">\n\t\t\t\t<a class=\"elementor-post__thumbnail__link\" href=\"https:\/\/www.tierschutz-bremerhaven.eu\/pl\/vermittlungspause\" tabindex=\"-1\" ><div class=\"elementor-post__thumbnail\"><img decoding=\"async\" width=\"300\" height=\"300\" src=\"https:\/\/www.tierschutz-bremerhaven.eu\/wp-content\/uploads\/2024\/12\/Vermittlungsstopp-300x300.jpeg\" class=\"attachment-medium size-medium wp-image-11121\" alt=\"\" srcset=\"https:\/\/www.tierschutz-bremerhaven.eu\/wp-content\/uploads\/2024\/12\/Vermittlungsstopp-300x300.jpeg 300w, https:\/\/www.tierschutz-bremerhaven.eu\/wp-content\/uploads\/2024\/12\/Vermittlungsstopp-1024x1024.jpeg 1024w, https:\/\/www.tierschutz-bremerhaven.eu\/wp-content\/uploads\/2024\/12\/Vermittlungsstopp-150x150.jpeg 150w, https:\/\/www.tierschutz-bremerhaven.eu\/wp-content\/uploads\/2024\/12\/Vermittlungsstopp-768x768.jpeg 768w, https:\/\/www.tierschutz-bremerhaven.eu\/wp-content\/uploads\/2024\/12\/Vermittlungsstopp-12x12.jpeg 12w, https:\/\/www.tierschutz-bremerhaven.eu\/wp-content\/uploads\/2024\/12\/Vermittlungsstopp.jpeg 1200w\" sizes=\"(max-width: 300px) 100vw, 300px\" \/><\/div><\/a>\n\t\t\t\t<div class=\"elementor-post__text\">\n\t\t\t\t<h3 class=\"elementor-post__title\">\n\t\t\t<a href=\"https:\/\/www.tierschutz-bremerhaven.eu\/pl\/vermittlungspause\" >\n\t\t\t\tPrzerwa na mediacj\u0119!\t\t\t<\/a>\n\t\t<\/h3>\n\t\t\t\t<div class=\"elementor-post__excerpt\">\n\t\t\t<p>Drodzy mi\u0142o\u015bnicy zwierz\u0105t, robimy sobie przerw\u0119 od umieszczania zwierz\u0105t w okresie Bo\u017cego Narodzenia i na prze\u0142omie roku. Niestety, wci\u0105\u017c zdarza si\u0119, \u017ce zwierz\u0119ta s\u0105 sprzedawane jako prezenty \u015bwi\u0105teczne pod choink\u0105.<\/p>\n\t\t<\/div>\n\t\t\n\t\t<a class=\"elementor-post__read-more\" href=\"https:\/\/www.tierschutz-bremerhaven.eu\/pl\/vermittlungspause\" aria-label=\"Czytaj wi\u0119cej o Przerwa na mediacj\u0119!\" tabindex=\"-1\" >\n\t\t\tCzytaj wi\u0119cej \"\t\t<\/a>\n\n\t\t\t\t<\/div>\n\t\t\t\t<div class=\"elementor-post__meta-data\">\n\t\t\t\t\t<span class=\"elementor-post-date\">\n\t\t\t13. grudnia 2024 r.\t\t<\/span>\n\t\t\t\t<\/div>\n\t\t\t\t\t<\/div>\n\t\t<\/article>\n\t\t\t\t<article class=\"elementor-post elementor-grid-item post-10914 post type-post status-publish format-standard has-post-thumbnail hentry category-neuigkeiten\" role=\"listitem\">\n\t\t\t<div class=\"elementor-post__card\">\n\t\t\t\t<a class=\"elementor-post__thumbnail__link\" href=\"https:\/\/www.tierschutz-bremerhaven.eu\/pl\/tag-der-offenen-tuer-faellt-am-01-11-2024-aus\" tabindex=\"-1\" ><div class=\"elementor-post__thumbnail\"><img decoding=\"async\" width=\"300\" height=\"300\" src=\"https:\/\/www.tierschutz-bremerhaven.eu\/wp-content\/uploads\/2024\/10\/1000104384-300x300.png\" class=\"attachment-medium size-medium wp-image-10915\" alt=\"\" srcset=\"https:\/\/www.tierschutz-bremerhaven.eu\/wp-content\/uploads\/2024\/10\/1000104384-300x300.png 300w, https:\/\/www.tierschutz-bremerhaven.eu\/wp-content\/uploads\/2024\/10\/1000104384-1024x1024.png 1024w, https:\/\/www.tierschutz-bremerhaven.eu\/wp-content\/uploads\/2024\/10\/1000104384-150x150.png 150w, https:\/\/www.tierschutz-bremerhaven.eu\/wp-content\/uploads\/2024\/10\/1000104384-768x768.png 768w, https:\/\/www.tierschutz-bremerhaven.eu\/wp-content\/uploads\/2024\/10\/1000104384-12x12.png 12w, https:\/\/www.tierschutz-bremerhaven.eu\/wp-content\/uploads\/2024\/10\/1000104384.png 1080w\" sizes=\"(max-width: 300px) 100vw, 300px\" \/><\/div><\/a>\n\t\t\t\t<div class=\"elementor-post__text\">\n\t\t\t\t<h3 class=\"elementor-post__title\">\n\t\t\t<a href=\"https:\/\/www.tierschutz-bremerhaven.eu\/pl\/tag-der-offenen-tuer-faellt-am-01-11-2024-aus\" >\n\t\t\t\t\"Dzie\u0144 Otwarty\" zostaje odwo\u0142any 01.11.2024!\t\t\t<\/a>\n\t\t<\/h3>\n\t\t\t\t<div class=\"elementor-post__excerpt\">\n\t\t\t\t\t<\/div>\n\t\t\n\t\t<a class=\"elementor-post__read-more\" href=\"https:\/\/www.tierschutz-bremerhaven.eu\/pl\/tag-der-offenen-tuer-faellt-am-01-11-2024-aus\" aria-label=\"Czytaj wi\u0119cej o &quot;Dzie\u0144 otwarty&quot; odwo\u0142any 01.11.2024!\" tabindex=\"-1\" >\n\t\t\tCzytaj wi\u0119cej \"\t\t<\/a>\n\n\t\t\t\t<\/div>\n\t\t\t\t<div class=\"elementor-post__meta-data\">\n\t\t\t\t\t<span class=\"elementor-post-date\">\n\t\t\t29. pa\u017adziernika 2024 r.\t\t<\/span>\n\t\t\t\t<\/div>\n\t\t\t\t\t<\/div>\n\t\t<\/article>\n\t\t\t\t<article class=\"elementor-post elementor-grid-item post-10861 post type-post status-publish format-standard hentry category-neuigkeiten\" role=\"listitem\">\n\t\t\t<div class=\"elementor-post__card\">\n\t\t\t\t<div class=\"elementor-post__text\">\n\t\t\t\t<h3 class=\"elementor-post__title\">\n\t\t\t<a href=\"https:\/\/www.tierschutz-bremerhaven.eu\/pl\/gassigehen-findet-nicht-statt-2\" >\n\t\t\t\tSpacer z psem nie ma miejsca!\t\t\t<\/a>\n\t\t<\/h3>\n\t\t\t\t<div class=\"elementor-post__excerpt\">\n\t\t\t<p>22.10.2024 Drodzy mi\u0142o\u015bnicy zwierz\u0105t, niestety spacery musz\u0105 zosta\u0107 odwo\u0142ane do odwo\u0142ania. Skontaktujemy si\u0119 z Wami, gdy tylko b\u0119dzie to mo\u017cliwe. Dzi\u0119kujemy za zrozumienie\ud83c\udf38<\/p>\n\t\t<\/div>\n\t\t\n\t\t<a class=\"elementor-post__read-more\" href=\"https:\/\/www.tierschutz-bremerhaven.eu\/pl\/gassigehen-findet-nicht-statt-2\" aria-label=\"Czytaj wi\u0119cej o Chodzenie nie ma miejsca!\" tabindex=\"-1\" >\n\t\t\tCzytaj wi\u0119cej \"\t\t<\/a>\n\n\t\t\t\t<\/div>\n\t\t\t\t<div class=\"elementor-post__meta-data\">\n\t\t\t\t\t<span class=\"elementor-post-date\">\n\t\t\t22. pa\u017adziernika 2024 r.\t\t<\/span>\n\t\t\t\t<\/div>\n\t\t\t\t\t<\/div>\n\t\t<\/article>\n\t\t\t\t<article class=\"elementor-post elementor-grid-item post-10605 post type-post status-publish format-standard hentry category-neuigkeiten\" role=\"listitem\">\n\t\t\t<div class=\"elementor-post__card\">\n\t\t\t\t<div class=\"elementor-post__text\">\n\t\t\t\t<h3 class=\"elementor-post__title\">\n\t\t\t<a href=\"https:\/\/www.tierschutz-bremerhaven.eu\/pl\/einladung-zur-jahreshauptversammlung-am-30-08-2024\" >\n\t\t\t\tZaproszenie na Zwyczajne Walne Zgromadzenie w dniu 30 sierpnia 2024 r.\t\t\t<\/a>\n\t\t<\/h3>\n\t\t\t\t<div class=\"elementor-post__excerpt\">\n\t\t\t\t\t<\/div>\n\t\t\n\t\t<a class=\"elementor-post__read-more\" href=\"https:\/\/www.tierschutz-bremerhaven.eu\/pl\/einladung-zur-jahreshauptversammlung-am-30-08-2024\" aria-label=\"Czytaj wi\u0119cej o Zaproszenie na Zwyczajne Walne Zgromadzenie w dniu 30.08.2024 r.\" tabindex=\"-1\" >\n\t\t\tCzytaj wi\u0119cej \"\t\t<\/a>\n\n\t\t\t\t<\/div>\n\t\t\t\t<div class=\"elementor-post__meta-data\">\n\t\t\t\t\t<span class=\"elementor-post-date\">\n\t\t\t13. sierpnia 2024 r.\t\t<\/span>\n\t\t\t\t<\/div>\n\t\t\t\t\t<\/div>\n\t\t<\/article>\n\t\t\t\t<article class=\"elementor-post elementor-grid-item post-10134 post type-post status-publish format-standard has-post-thumbnail hentry category-neuigkeiten\" role=\"listitem\">\n\t\t\t<div class=\"elementor-post__card\">\n\t\t\t\t<a class=\"elementor-post__thumbnail__link\" href=\"https:\/\/www.tierschutz-bremerhaven.eu\/pl\/fruehlingsfest-03-05-2024\" tabindex=\"-1\" ><div class=\"elementor-post__thumbnail\"><img loading=\"lazy\" decoding=\"async\" width=\"300\" height=\"300\" src=\"https:\/\/www.tierschutz-bremerhaven.eu\/wp-content\/uploads\/2024\/04\/Fruehlingsfest_Plakat_24_Instagram-300x300.jpg\" class=\"attachment-medium size-medium wp-image-10135\" alt=\"\" srcset=\"https:\/\/www.tierschutz-bremerhaven.eu\/wp-content\/uploads\/2024\/04\/Fruehlingsfest_Plakat_24_Instagram-300x300.jpg 300w, https:\/\/www.tierschutz-bremerhaven.eu\/wp-content\/uploads\/2024\/04\/Fruehlingsfest_Plakat_24_Instagram-1024x1024.jpg 1024w, https:\/\/www.tierschutz-bremerhaven.eu\/wp-content\/uploads\/2024\/04\/Fruehlingsfest_Plakat_24_Instagram-150x150.jpg 150w, https:\/\/www.tierschutz-bremerhaven.eu\/wp-content\/uploads\/2024\/04\/Fruehlingsfest_Plakat_24_Instagram-768x768.jpg 768w, https:\/\/www.tierschutz-bremerhaven.eu\/wp-content\/uploads\/2024\/04\/Fruehlingsfest_Plakat_24_Instagram-1536x1536.jpg 1536w, https:\/\/www.tierschutz-bremerhaven.eu\/wp-content\/uploads\/2024\/04\/Fruehlingsfest_Plakat_24_Instagram-2048x2048.jpg 2048w, https:\/\/www.tierschutz-bremerhaven.eu\/wp-content\/uploads\/2024\/04\/Fruehlingsfest_Plakat_24_Instagram-12x12.jpg 12w\" sizes=\"(max-width: 300px) 100vw, 300px\" \/><\/div><\/a>\n\t\t\t\t<div class=\"elementor-post__text\">\n\t\t\t\t<h3 class=\"elementor-post__title\">\n\t\t\t<a href=\"https:\/\/www.tierschutz-bremerhaven.eu\/pl\/fruehlingsfest-03-05-2024\" >\n\t\t\t\t\u015awi\u0119to wiosny 03.05.2024\t\t\t<\/a>\n\t\t<\/h3>\n\t\t\t\t<div class=\"elementor-post__excerpt\">\n\t\t\t\t\t<\/div>\n\t\t\n\t\t<a class=\"elementor-post__read-more\" href=\"https:\/\/www.tierschutz-bremerhaven.eu\/pl\/fruehlingsfest-03-05-2024\" aria-label=\"Czytaj wi\u0119cej o \u015awi\u0119cie Wiosny 03.05.2024\" tabindex=\"-1\" >\n\t\t\tCzytaj wi\u0119cej \"\t\t<\/a>\n\n\t\t\t\t<\/div>\n\t\t\t\t<div class=\"elementor-post__meta-data\">\n\t\t\t\t\t<span class=\"elementor-post-date\">\n\t\t\t11. kwietnia 2024 r.\t\t<\/span>\n\t\t\t\t<\/div>\n\t\t\t\t\t<\/div>\n\t\t<\/article>\n\t\t\t\t<article class=\"elementor-post elementor-grid-item post-10111 post type-post status-publish format-standard has-post-thumbnail hentry category-neuigkeiten\" role=\"listitem\">\n\t\t\t<div class=\"elementor-post__card\">\n\t\t\t\t<a class=\"elementor-post__thumbnail__link\" href=\"https:\/\/www.tierschutz-bremerhaven.eu\/pl\/petition-2\" tabindex=\"-1\" ><div class=\"elementor-post__thumbnail\"><img loading=\"lazy\" decoding=\"async\" width=\"212\" height=\"300\" src=\"https:\/\/www.tierschutz-bremerhaven.eu\/wp-content\/uploads\/2024\/04\/v4_Petition_Tierschutz_page-0001-212x300.jpg\" class=\"attachment-medium size-medium wp-image-10112\" alt=\"\" srcset=\"https:\/\/www.tierschutz-bremerhaven.eu\/wp-content\/uploads\/2024\/04\/v4_Petition_Tierschutz_page-0001-212x300.jpg 212w, https:\/\/www.tierschutz-bremerhaven.eu\/wp-content\/uploads\/2024\/04\/v4_Petition_Tierschutz_page-0001-725x1024.jpg 725w, https:\/\/www.tierschutz-bremerhaven.eu\/wp-content\/uploads\/2024\/04\/v4_Petition_Tierschutz_page-0001-768x1085.jpg 768w, https:\/\/www.tierschutz-bremerhaven.eu\/wp-content\/uploads\/2024\/04\/v4_Petition_Tierschutz_page-0001-1087x1536.jpg 1087w, https:\/\/www.tierschutz-bremerhaven.eu\/wp-content\/uploads\/2024\/04\/v4_Petition_Tierschutz_page-0001-8x12.jpg 8w, https:\/\/www.tierschutz-bremerhaven.eu\/wp-content\/uploads\/2024\/04\/v4_Petition_Tierschutz_page-0001.jpg 1241w\" sizes=\"(max-width: 212px) 100vw, 212px\" \/><\/div><\/a>\n\t\t\t\t<div class=\"elementor-post__text\">\n\t\t\t\t<h3 class=\"elementor-post__title\">\n\t\t\t<a href=\"https:\/\/www.tierschutz-bremerhaven.eu\/pl\/petition-2\" >\n\t\t\t\tPetycja\t\t\t<\/a>\n\t\t<\/h3>\n\t\t\t\t<div class=\"elementor-post__excerpt\">\n\t\t\t<p>https:\/\/petition.bremische-buergerschaft.de\/index.php?n=petitionsdetails&amp;s=1&amp;c=date_public&amp;d=DESC&amp;b=0&amp;l=10&amp;searchstring=&amp;pID=4866<\/p>\n\t\t<\/div>\n\t\t\n\t\t<a class=\"elementor-post__read-more\" href=\"https:\/\/www.tierschutz-bremerhaven.eu\/pl\/petition-2\" aria-label=\"Przeczytaj wi\u0119cej o petycji\" tabindex=\"-1\" >\n\t\t\tCzytaj wi\u0119cej \"\t\t<\/a>\n\n\t\t\t\t<\/div>\n\t\t\t\t<div class=\"elementor-post__meta-data\">\n\t\t\t\t\t<span class=\"elementor-post-date\">\n\t\t\t10. kwietnia 2024 r.\t\t<\/span>\n\t\t\t\t<\/div>\n\t\t\t\t\t<\/div>\n\t\t<\/article>\n\t\t\t\t<article class=\"elementor-post elementor-grid-item post-10028 post type-post status-publish format-standard hentry category-neuigkeiten\" role=\"listitem\">\n\t\t\t<div class=\"elementor-post__card\">\n\t\t\t\t<div class=\"elementor-post__text\">\n\t\t\t\t<h3 class=\"elementor-post__title\">\n\t\t\t<a href=\"https:\/\/www.tierschutz-bremerhaven.eu\/pl\/petition\" >\n\t\t\t\tPetycja\t\t\t<\/a>\n\t\t<\/h3>\n\t\t\t\t<div class=\"elementor-post__excerpt\">\n\t\t\t<p>Wspania\u0142e wie\u015bci, drodzy przyjaciele (ochrony) zwierz\u0105t! Uda\u0142o nam si\u0119! Nasza petycja zosta\u0142a umieszczona w Internecie 15 marca 2024 r. i osi\u0105gn\u0119\u0142a ju\u017c ponad 1000 podpis\u00f3w! To po prostu<\/p>\n\t\t<\/div>\n\t\t\n\t\t<a class=\"elementor-post__read-more\" href=\"https:\/\/www.tierschutz-bremerhaven.eu\/pl\/petition\" aria-label=\"Przeczytaj wi\u0119cej o petycji\" tabindex=\"-1\" >\n\t\t\tCzytaj wi\u0119cej \"\t\t<\/a>\n\n\t\t\t\t<\/div>\n\t\t\t\t<div class=\"elementor-post__meta-data\">\n\t\t\t\t\t<span class=\"elementor-post-date\">\n\t\t\t28 marca 2024 r.\t\t<\/span>\n\t\t\t\t<\/div>\n\t\t\t\t\t<\/div>\n\t\t<\/article>\n\t\t\t\t<\/div>\n\t\t\n\t\t\t\t\t\t<\/div>\n\t\t\t\t<\/div>\n\t\t\t\t\t<\/div>\n\t\t<\/div>\n\t\t\t\t\t<\/div>\n\t\t<\/section>\n\t\t\t\t\t<\/div>\n\t\t<\/div>\n\t\t\t\t\t<\/div>\n\t\t<\/section>\n\t\t\t\t<\/div>\n\t\t\t\t<\/div>\n\t\t\t\t\t\t<\/div>\n\t\t\t\t<\/div>\n\t\t\t\t\t<\/div>\n\t\t<\/div>\n\t\t\t\t\t<\/div>\n\t\t<\/section>\n\t\t\t\t<\/div>","protected":false},"excerpt":{"rendered":"","protected":false},"author":3,"featured_media":0,"parent":2980,"menu_order":0,"comment_status":"closed","ping_status":"closed","template":"","meta":{"footnotes":""},"class_list":["post-4124","page","type-page","status-publish","hentry"],"_links":{"self":[{"href":"https:\/\/www.tierschutz-bremerhaven.eu\/pl\/wp-json\/wp\/v2\/pages\/4124","targetHints":{"allow":["GET"]}}],"collection":[{"href":"https:\/\/www.tierschutz-bremerhaven.eu\/pl\/wp-json\/wp\/v2\/pages"}],"about":[{"href":"https:\/\/www.tierschutz-bremerhaven.eu\/pl\/wp-json\/wp\/v2\/types\/page"}],"author":[{"embeddable":true,"href":"https:\/\/www.tierschutz-bremerhaven.eu\/pl\/wp-json\/wp\/v2\/users\/3"}],"replies":[{"embeddable":true,"href":"https:\/\/www.tierschutz-bremerhaven.eu\/pl\/wp-json\/wp\/v2\/comments?post=4124"}],"version-history":[{"count":4,"href":"https:\/\/www.tierschutz-bremerhaven.eu\/pl\/wp-json\/wp\/v2\/pages\/4124\/revisions"}],"predecessor-version":[{"id":4129,"href":"https:\/\/www.tierschutz-bremerhaven.eu\/pl\/wp-json\/wp\/v2\/pages\/4124\/revisions\/4129"}],"up":[{"embeddable":true,"href":"https:\/\/www.tierschutz-bremerhaven.eu\/pl\/wp-json\/wp\/v2\/pages\/2980"}],"wp:attachment":[{"href":"https:\/\/www.tierschutz-bremerhaven.eu\/pl\/wp-json\/wp\/v2\/media?parent=4124"}],"curies":[{"name":"wp","href":"https:\/\/api.w.org\/{rel}","templated":true}]}}