{"id":4124,"date":"2021-09-23T08:07:17","date_gmt":"2021-09-23T08:07:17","guid":{"rendered":"https:\/\/tierschutz-bremerhaven.eu\/?page_id=4124"},"modified":"2021-09-23T08:08:07","modified_gmt":"2021-09-23T08:08:07","slug":"stiri","status":"publish","type":"page","link":"https:\/\/www.tierschutz-bremerhaven.eu\/ro\/aktuelles\/neuigkeiten","title":{"rendered":"Ultimele \u0219tiri"},"content":{"rendered":"<div data-elementor-type=\"wp-page\" data-elementor-id=\"4124\" class=\"elementor elementor-4124\" data-elementor-post-type=\"page\">\n\t\t\t\t\t\t<section class=\"elementor-section elementor-top-section elementor-element elementor-element-e76d119 elementor-section-full_width elementor-section-height-default elementor-section-height-default\" data-id=\"e76d119\" data-element_type=\"section\" data-e-type=\"section\">\n\t\t\t\t\t\t<div class=\"elementor-container elementor-column-gap-no\">\n\t\t\t\t\t<div class=\"elementor-column elementor-col-100 elementor-top-column elementor-element elementor-element-300cce58\" data-id=\"300cce58\" data-element_type=\"column\" data-e-type=\"column\">\n\t\t\t<div class=\"elementor-widget-wrap elementor-element-populated\">\n\t\t\t\t\t\t<div class=\"elementor-element elementor-element-6d2d91ab elementor-widget elementor-widget-template\" data-id=\"6d2d91ab\" data-element_type=\"widget\" data-e-type=\"widget\" data-widget_type=\"template.default\">\n\t\t\t\t<div class=\"elementor-widget-container\">\n\t\t\t\t\t\t\t<div class=\"elementor-template\">\n\t\t\t\t\t<div data-elementor-type=\"archive\" data-elementor-id=\"4107\" class=\"elementor elementor-4107\" data-elementor-post-type=\"elementor_library\">\n\t\t\t\t\t<section class=\"elementor-section elementor-top-section elementor-element elementor-element-1254be79 elementor-section-boxed elementor-section-height-default elementor-section-height-default\" data-id=\"1254be79\" data-element_type=\"section\" data-e-type=\"section\" data-settings=\"{&quot;background_background&quot;:&quot;classic&quot;}\">\n\t\t\t\t\t\t<div class=\"elementor-container elementor-column-gap-default\">\n\t\t\t\t\t<div class=\"elementor-column elementor-col-100 elementor-top-column elementor-element elementor-element-1e3e3a32\" data-id=\"1e3e3a32\" data-element_type=\"column\" data-e-type=\"column\">\n\t\t\t<div class=\"elementor-widget-wrap elementor-element-populated\">\n\t\t\t\t\t\t<section class=\"elementor-section elementor-inner-section elementor-element elementor-element-6670dc29 elementor-section-content-middle elementor-section-full_width elementor-section-height-default elementor-section-height-default\" data-id=\"6670dc29\" data-element_type=\"section\" data-e-type=\"section\">\n\t\t\t\t\t\t<div class=\"elementor-container elementor-column-gap-no\">\n\t\t\t\t\t<div class=\"elementor-column elementor-col-100 elementor-inner-column elementor-element elementor-element-2803a541\" data-id=\"2803a541\" data-element_type=\"column\" data-e-type=\"column\">\n\t\t\t<div class=\"elementor-widget-wrap elementor-element-populated\">\n\t\t\t\t\t\t<div class=\"elementor-element elementor-element-6803188d elementor-widget elementor-widget-heading\" data-id=\"6803188d\" data-element_type=\"widget\" data-e-type=\"widget\" data-widget_type=\"heading.default\">\n\t\t\t\t<div class=\"elementor-widget-container\">\n\t\t\t\t\t<h2 class=\"elementor-heading-title elementor-size-default\">Ultimele \u0219tiri\n<\/h2>\t\t\t\t<\/div>\n\t\t\t\t<\/div>\n\t\t\t\t<div class=\"elementor-element elementor-element-7cdc5512 elementor-grid-3 elementor-grid-tablet-2 elementor-grid-mobile-1 elementor-posts--thumbnail-top elementor-card-shadow-yes elementor-posts__hover-gradient elementor-widget elementor-widget-posts\" data-id=\"7cdc5512\" data-element_type=\"widget\" data-e-type=\"widget\" data-settings=\"{&quot;cards_columns&quot;:&quot;3&quot;,&quot;cards_columns_tablet&quot;:&quot;2&quot;,&quot;cards_columns_mobile&quot;:&quot;1&quot;,&quot;cards_row_gap&quot;:{&quot;unit&quot;:&quot;px&quot;,&quot;size&quot;:35,&quot;sizes&quot;:[]},&quot;cards_row_gap_tablet&quot;:{&quot;unit&quot;:&quot;px&quot;,&quot;size&quot;:&quot;&quot;,&quot;sizes&quot;:[]},&quot;cards_row_gap_mobile&quot;:{&quot;unit&quot;:&quot;px&quot;,&quot;size&quot;:&quot;&quot;,&quot;sizes&quot;:[]}}\" data-widget_type=\"posts.cards\">\n\t\t\t\t<div class=\"elementor-widget-container\">\n\t\t\t\t\t\t\t<div class=\"elementor-posts-container elementor-posts elementor-posts--skin-cards elementor-grid\" role=\"list\">\n\t\t\t\t<article class=\"elementor-post elementor-grid-item post-13319 post type-post status-publish format-standard hentry category-neuigkeiten\" role=\"listitem\">\n\t\t\t<div class=\"elementor-post__card\">\n\t\t\t\t<div class=\"elementor-post__text\">\n\t\t\t\t<h3 class=\"elementor-post__title\">\n\t\t\t<a href=\"https:\/\/www.tierschutz-bremerhaven.eu\/ro\/einladung-zur-jahreshauptversammlung-am-08-05-2026\" >\n\t\t\t\tInvita\u021bie la Adunarea general\u0103 anual\u0103 din 08.05.2026\t\t\t<\/a>\n\t\t<\/h3>\n\t\t\t\t<div class=\"elementor-post__excerpt\">\n\t\t\t\t\t<\/div>\n\t\t\n\t\t<a class=\"elementor-post__read-more\" href=\"https:\/\/www.tierschutz-bremerhaven.eu\/ro\/einladung-zur-jahreshauptversammlung-am-08-05-2026\" aria-label=\"Read more about Einladung zur Jahreshauptversammlung am 08.05.2026\" tabindex=\"-1\" >\n\t\t\tCite\u0219te mai mult \"\t\t<\/a>\n\n\t\t\t\t<\/div>\n\t\t\t\t<div class=\"elementor-post__meta-data\">\n\t\t\t\t\t<span class=\"elementor-post-date\">\n\t\t\t19 aprilie 2026\t\t<\/span>\n\t\t\t\t<\/div>\n\t\t\t\t\t<\/div>\n\t\t<\/article>\n\t\t\t\t<article class=\"elementor-post elementor-grid-item post-13082 post type-post status-publish format-standard hentry category-neuigkeiten\" role=\"listitem\">\n\t\t\t<div class=\"elementor-post__card\">\n\t\t\t\t<div class=\"elementor-post__text\">\n\t\t\t\t<h3 class=\"elementor-post__title\">\n\t\t\t<a href=\"https:\/\/www.tierschutz-bremerhaven.eu\/ro\/zukunftstag-2026\" >\n\t\t\t\tZiua viitorului 2026\t\t\t<\/a>\n\t\t<\/h3>\n\t\t\t\t<div class=\"elementor-post__excerpt\">\n\t\t\t<p>Aten\u021bie, toate locurile pentru 2026 sunt ocupate. V\u0103 rug\u0103m s\u0103 v\u0103 \u00eenscrie\u021bi din nou pentru 2027! Petrecerea viitoarei zile la ad\u0103postul de animale este dorin\u021ba multora<\/p>\n\t\t<\/div>\n\t\t\n\t\t<a class=\"elementor-post__read-more\" href=\"https:\/\/www.tierschutz-bremerhaven.eu\/ro\/zukunftstag-2026\" aria-label=\"Read more about Zukunftstag 2026\" tabindex=\"-1\" >\n\t\t\tCite\u0219te mai mult \"\t\t<\/a>\n\n\t\t\t\t<\/div>\n\t\t\t\t<div class=\"elementor-post__meta-data\">\n\t\t\t\t\t<span class=\"elementor-post-date\">\n\t\t\t11 februarie 2026\t\t<\/span>\n\t\t\t\t<\/div>\n\t\t\t\t\t<\/div>\n\t\t<\/article>\n\t\t\t\t<article class=\"elementor-post elementor-grid-item post-13025 post type-post status-publish format-standard hentry category-neuigkeiten\" role=\"listitem\">\n\t\t\t<div class=\"elementor-post__card\">\n\t\t\t\t<div class=\"elementor-post__text\">\n\t\t\t\t<h3 class=\"elementor-post__title\">\n\t\t\t<a href=\"https:\/\/www.tierschutz-bremerhaven.eu\/ro\/sonntag-den-25-01-26-geschlossen\" >\n\t\t\t\t\u00cenchis duminic\u0103, 25.01.26!\t\t\t<\/a>\n\t\t<\/h3>\n\t\t\t\t<div class=\"elementor-post__excerpt\">\n\t\t\t\t\t<\/div>\n\t\t\n\t\t<a class=\"elementor-post__read-more\" href=\"https:\/\/www.tierschutz-bremerhaven.eu\/ro\/sonntag-den-25-01-26-geschlossen\" aria-label=\"Read more about Sonntag, den 25.01.26 geschlossen!\" tabindex=\"-1\" >\n\t\t\tCite\u0219te mai mult \"\t\t<\/a>\n\n\t\t\t\t<\/div>\n\t\t\t\t<div class=\"elementor-post__meta-data\">\n\t\t\t\t\t<span class=\"elementor-post-date\">\n\t\t\t24 ianuarie 2026\t\t<\/span>\n\t\t\t\t<\/div>\n\t\t\t\t\t<\/div>\n\t\t<\/article>\n\t\t\t\t<article class=\"elementor-post elementor-grid-item post-12868 post type-post status-publish format-standard hentry category-neuigkeiten\" role=\"listitem\">\n\t\t\t<div class=\"elementor-post__card\">\n\t\t\t\t<div class=\"elementor-post__text\">\n\t\t\t\t<h3 class=\"elementor-post__title\">\n\t\t\t<a href=\"https:\/\/www.tierschutz-bremerhaven.eu\/ro\/weihnachtszeit-infos-zu-gassigehen-katzenstreicheln\" >\n\t\t\t\tPerioada Cr\u0103ciunului: informa\u021bii privind plimbarea \u0219i m\u00e2ng\u00e2ierea pisicilor\t\t\t<\/a>\n\t\t<\/h3>\n\t\t\t\t<div class=\"elementor-post__excerpt\">\n\t\t\t<p>V\u0103 rug\u0103m s\u0103 re\u021bine\u021bi c\u0103 plimbarea \u0219i m\u00e2ng\u00e2ierea pisicilor sunt u\u0219or modificate \u00een zilele de s\u0103rb\u0103toare: Plimbare \u0219i m\u00e2ng\u00e2ierea pisicilor: 23 decembrie: ca de obicei 24 decembrie (Ajunul Cr\u0103ciunului): de la 10:00 la 12:00<\/p>\n\t\t<\/div>\n\t\t\n\t\t<a class=\"elementor-post__read-more\" href=\"https:\/\/www.tierschutz-bremerhaven.eu\/ro\/weihnachtszeit-infos-zu-gassigehen-katzenstreicheln\" aria-label=\"Read more about Weihnachtszeit: Infos zu Gassigehen &amp; Katzenstreicheln\" tabindex=\"-1\" >\n\t\t\tCite\u0219te mai mult \"\t\t<\/a>\n\n\t\t\t\t<\/div>\n\t\t\t\t<div class=\"elementor-post__meta-data\">\n\t\t\t\t\t<span class=\"elementor-post-date\">\n\t\t\t16 decembrie 2025\t\t<\/span>\n\t\t\t\t<\/div>\n\t\t\t\t\t<\/div>\n\t\t<\/article>\n\t\t\t\t<article class=\"elementor-post elementor-grid-item post-12815 post type-post status-publish format-standard has-post-thumbnail hentry category-neuigkeiten\" role=\"listitem\">\n\t\t\t<div class=\"elementor-post__card\">\n\t\t\t\t<a class=\"elementor-post__thumbnail__link\" href=\"https:\/\/www.tierschutz-bremerhaven.eu\/ro\/vermittlungspause-2\" tabindex=\"-1\" ><div class=\"elementor-post__thumbnail\"><img fetchpriority=\"high\" decoding=\"async\" width=\"300\" height=\"286\" src=\"https:\/\/www.tierschutz-bremerhaven.eu\/wp-content\/uploads\/2025\/11\/Vermittlungsstopp-2025-300x286.jpg\" class=\"attachment-medium size-medium wp-image-12816\" alt=\"\" srcset=\"https:\/\/www.tierschutz-bremerhaven.eu\/wp-content\/uploads\/2025\/11\/Vermittlungsstopp-2025-300x286.jpg 300w, https:\/\/www.tierschutz-bremerhaven.eu\/wp-content\/uploads\/2025\/11\/Vermittlungsstopp-2025-768x733.jpg 768w, https:\/\/www.tierschutz-bremerhaven.eu\/wp-content\/uploads\/2025\/11\/Vermittlungsstopp-2025-13x12.jpg 13w, https:\/\/www.tierschutz-bremerhaven.eu\/wp-content\/uploads\/2025\/11\/Vermittlungsstopp-2025-e1764532497738.jpg 200w\" sizes=\"(max-width: 300px) 100vw, 300px\" \/><\/div><\/a>\n\t\t\t\t<div class=\"elementor-post__text\">\n\t\t\t\t<h3 class=\"elementor-post__title\">\n\t\t\t<a href=\"https:\/\/www.tierschutz-bremerhaven.eu\/ro\/vermittlungspause-2\" >\n\t\t\t\tPauz\u0103 de mediere 2025!\t\t\t<\/a>\n\t\t<\/h3>\n\t\t\t\t<div class=\"elementor-post__excerpt\">\n\t\t\t<p>Dragi iubitori de animale, lu\u0103m o pauz\u0103 de la plasarea animalelor \u00een preajma Cr\u0103ciunului \u0219i a sf\u00e2r\u0219itului de an. Din p\u0103cate, se \u00eent\u00e2mpl\u0103 din nou \u0219i din nou ca animalele s\u0103 fie v\u00e2ndute drept cadouri de Cr\u0103ciun sub<\/p>\n\t\t<\/div>\n\t\t\n\t\t<a class=\"elementor-post__read-more\" href=\"https:\/\/www.tierschutz-bremerhaven.eu\/ro\/vermittlungspause-2\" aria-label=\"Read more about Vermittlungspause 2025!\" tabindex=\"-1\" >\n\t\t\tCite\u0219te mai mult \"\t\t<\/a>\n\n\t\t\t\t<\/div>\n\t\t\t\t<div class=\"elementor-post__meta-data\">\n\t\t\t\t\t<span class=\"elementor-post-date\">\n\t\t\t30 noiembrie 2025\t\t<\/span>\n\t\t\t\t<\/div>\n\t\t\t\t\t<\/div>\n\t\t<\/article>\n\t\t\t\t<article class=\"elementor-post elementor-grid-item post-12654 post type-post status-publish format-standard hentry category-neuigkeiten\" role=\"listitem\">\n\t\t\t<div class=\"elementor-post__card\">\n\t\t\t\t<div class=\"elementor-post__text\">\n\t\t\t\t<h3 class=\"elementor-post__title\">\n\t\t\t<a href=\"https:\/\/www.tierschutz-bremerhaven.eu\/ro\/%e2%9a%a0%ef%b8%8f-achtung-geaenderte-zeiten-am-sonntag\" >\n\t\t\t\t\u26a0\ufe0f Aten\u021bie - ore schimbate duminic\u0103!\t\t\t<\/a>\n\t\t<\/h3>\n\t\t\t\t<div class=\"elementor-post__excerpt\">\n\t\t\t<p>Dragi prieteni ai animalelor, v\u0103 rug\u0103m s\u0103 re\u021bine\u021bi c\u0103 orele noastre de plimbare \u0219i vizitare de duminic\u0103 s-au schimbat: \ud83d\udc3e Duminic\u0103:   - Orele de plimbare: 10:00 - 14:00 - Orele de vizitare:<\/p>\n\t\t<\/div>\n\t\t\n\t\t<a class=\"elementor-post__read-more\" href=\"https:\/\/www.tierschutz-bremerhaven.eu\/ro\/%e2%9a%a0%ef%b8%8f-achtung-geaenderte-zeiten-am-sonntag\" aria-label=\"Read more about \u26a0\ufe0f Achtung \u2013 ge\u00e4nderte Zeiten am Sonntag!\" tabindex=\"-1\" >\n\t\t\tCite\u0219te mai mult \"\t\t<\/a>\n\n\t\t\t\t<\/div>\n\t\t\t\t<div class=\"elementor-post__meta-data\">\n\t\t\t\t\t<span class=\"elementor-post-date\">\n\t\t\t4. noiembrie 2025\t\t<\/span>\n\t\t\t\t<\/div>\n\t\t\t\t\t<\/div>\n\t\t<\/article>\n\t\t\t\t<article class=\"elementor-post elementor-grid-item post-11542 post type-post status-publish format-standard hentry category-neuigkeiten\" role=\"listitem\">\n\t\t\t<div class=\"elementor-post__card\">\n\t\t\t\t<div class=\"elementor-post__text\">\n\t\t\t\t<h3 class=\"elementor-post__title\">\n\t\t\t<a href=\"https:\/\/www.tierschutz-bremerhaven.eu\/ro\/einladung-zur-jahreshauptversammlung-am-25-04-2025\" >\n\t\t\t\tInvita\u021bie la Adunarea general\u0103 anual\u0103 din 25 aprilie 2025\t\t\t<\/a>\n\t\t<\/h3>\n\t\t\t\t<div class=\"elementor-post__excerpt\">\n\t\t\t\t\t<\/div>\n\t\t\n\t\t<a class=\"elementor-post__read-more\" href=\"https:\/\/www.tierschutz-bremerhaven.eu\/ro\/einladung-zur-jahreshauptversammlung-am-25-04-2025\" aria-label=\"Cite\u0219te mai mult despre Invita\u021bie la Adunarea general\u0103 anual\u0103 din 25.04.2025\" tabindex=\"-1\" >\n\t\t\tCite\u0219te mai mult \"\t\t<\/a>\n\n\t\t\t\t<\/div>\n\t\t\t\t<div class=\"elementor-post__meta-data\">\n\t\t\t\t\t<span class=\"elementor-post-date\">\n\t\t\t8 aprilie 2025\t\t<\/span>\n\t\t\t\t<\/div>\n\t\t\t\t\t<\/div>\n\t\t<\/article>\n\t\t\t\t<article class=\"elementor-post elementor-grid-item post-9889 post type-post status-publish format-standard hentry category-neuigkeiten\" role=\"listitem\">\n\t\t\t<div class=\"elementor-post__card\">\n\t\t\t\t<div class=\"elementor-post__text\">\n\t\t\t\t<h3 class=\"elementor-post__title\">\n\t\t\t<a href=\"https:\/\/www.tierschutz-bremerhaven.eu\/ro\/zukunftstag-2025\" >\n\t\t\t\tZiua viitorului 2025\t\t\t<\/a>\n\t\t<\/h3>\n\t\t\t\t<div class=\"elementor-post__excerpt\">\n\t\t\t<p style=\"color:#cf2e2e;font-weight:bold;\">Aten\u021bie, toate locurile pentru 2025 sunt ocupate. V\u0103 rug\u0103m s\u0103 v\u0103 \u00eenscrie\u021bi din nou pentru 2026!<\/p>\n<p>Mul\u021bi elevi ar dori s\u0103 \u00ee\u0219i petreac\u0103 Ziua Viitorului la ad\u0103postul de animale. Prin urmare, este foarte important s\u0103 v\u0103 \u00eenscrie\u021bi din timp, deoarece locurile sunt limitate.<\/p>\n\t\t<\/div>\n\t\t\n\t\t<a class=\"elementor-post__read-more\" href=\"https:\/\/www.tierschutz-bremerhaven.eu\/ro\/zukunftstag-2025\" aria-label=\"Citi\u021bi mai multe despre Ziua viitorului 2025\" tabindex=\"-1\" >\n\t\t\tCite\u0219te mai mult \"\t\t<\/a>\n\n\t\t\t\t<\/div>\n\t\t\t\t<div class=\"elementor-post__meta-data\">\n\t\t\t\t\t<span class=\"elementor-post-date\">\n\t\t\t5. ianurie 2025\t\t<\/span>\n\t\t\t\t<\/div>\n\t\t\t\t\t<\/div>\n\t\t<\/article>\n\t\t\t\t<article class=\"elementor-post elementor-grid-item post-11120 post type-post status-publish format-standard has-post-thumbnail hentry category-neuigkeiten\" role=\"listitem\">\n\t\t\t<div class=\"elementor-post__card\">\n\t\t\t\t<a class=\"elementor-post__thumbnail__link\" href=\"https:\/\/www.tierschutz-bremerhaven.eu\/ro\/vermittlungspause\" tabindex=\"-1\" ><div class=\"elementor-post__thumbnail\"><img decoding=\"async\" width=\"300\" height=\"300\" src=\"https:\/\/www.tierschutz-bremerhaven.eu\/wp-content\/uploads\/2024\/12\/Vermittlungsstopp-300x300.jpeg\" class=\"attachment-medium size-medium wp-image-11121\" alt=\"\" srcset=\"https:\/\/www.tierschutz-bremerhaven.eu\/wp-content\/uploads\/2024\/12\/Vermittlungsstopp-300x300.jpeg 300w, https:\/\/www.tierschutz-bremerhaven.eu\/wp-content\/uploads\/2024\/12\/Vermittlungsstopp-1024x1024.jpeg 1024w, https:\/\/www.tierschutz-bremerhaven.eu\/wp-content\/uploads\/2024\/12\/Vermittlungsstopp-150x150.jpeg 150w, https:\/\/www.tierschutz-bremerhaven.eu\/wp-content\/uploads\/2024\/12\/Vermittlungsstopp-768x768.jpeg 768w, https:\/\/www.tierschutz-bremerhaven.eu\/wp-content\/uploads\/2024\/12\/Vermittlungsstopp-12x12.jpeg 12w, https:\/\/www.tierschutz-bremerhaven.eu\/wp-content\/uploads\/2024\/12\/Vermittlungsstopp.jpeg 1200w\" sizes=\"(max-width: 300px) 100vw, 300px\" \/><\/div><\/a>\n\t\t\t\t<div class=\"elementor-post__text\">\n\t\t\t\t<h3 class=\"elementor-post__title\">\n\t\t\t<a href=\"https:\/\/www.tierschutz-bremerhaven.eu\/ro\/vermittlungspause\" >\n\t\t\t\tPauz\u0103 de mediere!\t\t\t<\/a>\n\t\t<\/h3>\n\t\t\t\t<div class=\"elementor-post__excerpt\">\n\t\t\t<p>Dragi iubitori de animale, lu\u0103m o pauz\u0103 de la plasarea animalelor \u00een preajma Cr\u0103ciunului \u0219i a sf\u00e2r\u0219itului de an. Din p\u0103cate, se \u00eent\u00e2mpl\u0103 din nou \u0219i din nou ca animalele s\u0103 fie v\u00e2ndute drept cadouri de Cr\u0103ciun sub<\/p>\n\t\t<\/div>\n\t\t\n\t\t<a class=\"elementor-post__read-more\" href=\"https:\/\/www.tierschutz-bremerhaven.eu\/ro\/vermittlungspause\" aria-label=\"Cite\u0219te mai mult despre Pauz\u0103 de mediere!\" tabindex=\"-1\" >\n\t\t\tCite\u0219te mai mult \"\t\t<\/a>\n\n\t\t\t\t<\/div>\n\t\t\t\t<div class=\"elementor-post__meta-data\">\n\t\t\t\t\t<span class=\"elementor-post-date\">\n\t\t\t13 decembrie 2024\t\t<\/span>\n\t\t\t\t<\/div>\n\t\t\t\t\t<\/div>\n\t\t<\/article>\n\t\t\t\t<article class=\"elementor-post elementor-grid-item post-10914 post type-post status-publish format-standard has-post-thumbnail hentry category-neuigkeiten\" role=\"listitem\">\n\t\t\t<div class=\"elementor-post__card\">\n\t\t\t\t<a class=\"elementor-post__thumbnail__link\" href=\"https:\/\/www.tierschutz-bremerhaven.eu\/ro\/tag-der-offenen-tuer-faellt-am-01-11-2024-aus\" tabindex=\"-1\" ><div class=\"elementor-post__thumbnail\"><img decoding=\"async\" width=\"300\" height=\"300\" src=\"https:\/\/www.tierschutz-bremerhaven.eu\/wp-content\/uploads\/2024\/10\/1000104384-300x300.png\" class=\"attachment-medium size-medium wp-image-10915\" alt=\"\" srcset=\"https:\/\/www.tierschutz-bremerhaven.eu\/wp-content\/uploads\/2024\/10\/1000104384-300x300.png 300w, https:\/\/www.tierschutz-bremerhaven.eu\/wp-content\/uploads\/2024\/10\/1000104384-1024x1024.png 1024w, https:\/\/www.tierschutz-bremerhaven.eu\/wp-content\/uploads\/2024\/10\/1000104384-150x150.png 150w, https:\/\/www.tierschutz-bremerhaven.eu\/wp-content\/uploads\/2024\/10\/1000104384-768x768.png 768w, https:\/\/www.tierschutz-bremerhaven.eu\/wp-content\/uploads\/2024\/10\/1000104384-12x12.png 12w, https:\/\/www.tierschutz-bremerhaven.eu\/wp-content\/uploads\/2024\/10\/1000104384.png 1080w\" sizes=\"(max-width: 300px) 100vw, 300px\" \/><\/div><\/a>\n\t\t\t\t<div class=\"elementor-post__text\">\n\t\t\t\t<h3 class=\"elementor-post__title\">\n\t\t\t<a href=\"https:\/\/www.tierschutz-bremerhaven.eu\/ro\/tag-der-offenen-tuer-faellt-am-01-11-2024-aus\" >\n\t\t\t\t\"Ziua por\u021bilor deschise\" este anulat\u0103 pe 01.11.2024!\t\t\t<\/a>\n\t\t<\/h3>\n\t\t\t\t<div class=\"elementor-post__excerpt\">\n\t\t\t\t\t<\/div>\n\t\t\n\t\t<a class=\"elementor-post__read-more\" href=\"https:\/\/www.tierschutz-bremerhaven.eu\/ro\/tag-der-offenen-tuer-faellt-am-01-11-2024-aus\" aria-label=\"Cite\u0219te mai mult despre &quot;Ziua por\u021bilor deschise&quot; este anulat\u0103 pe 01.11.2024!\" tabindex=\"-1\" >\n\t\t\tCite\u0219te mai mult \"\t\t<\/a>\n\n\t\t\t\t<\/div>\n\t\t\t\t<div class=\"elementor-post__meta-data\">\n\t\t\t\t\t<span class=\"elementor-post-date\">\n\t\t\t29 octombrie 2024\t\t<\/span>\n\t\t\t\t<\/div>\n\t\t\t\t\t<\/div>\n\t\t<\/article>\n\t\t\t\t<article class=\"elementor-post elementor-grid-item post-10861 post type-post status-publish format-standard hentry category-neuigkeiten\" role=\"listitem\">\n\t\t\t<div class=\"elementor-post__card\">\n\t\t\t\t<div class=\"elementor-post__text\">\n\t\t\t\t<h3 class=\"elementor-post__title\">\n\t\t\t<a href=\"https:\/\/www.tierschutz-bremerhaven.eu\/ro\/gassigehen-findet-nicht-statt-2\" >\n\t\t\t\tPlimbarea c\u00e2inelui nu are loc!\t\t\t<\/a>\n\t\t<\/h3>\n\t\t\t\t<div class=\"elementor-post__excerpt\">\n\t\t\t<p>22.10.2024 Dragi iubitori de animale, din p\u0103cate, plimbarea trebuie s\u0103 fie anulat\u0103 p\u00e2n\u0103 la noi ordine. V\u0103 vom contacta de \u00eendat\u0103 ce este posibil din nou. V\u0103 mul\u021bumim pentru \u00een\u021belegere\ud83c\udf38<\/p>\n\t\t<\/div>\n\t\t\n\t\t<a class=\"elementor-post__read-more\" href=\"https:\/\/www.tierschutz-bremerhaven.eu\/ro\/gassigehen-findet-nicht-statt-2\" aria-label=\"Cite\u0219te mai mult despre Mersul pe jos nu se \u00eent\u00e2mpl\u0103!\" tabindex=\"-1\" >\n\t\t\tCite\u0219te mai mult \"\t\t<\/a>\n\n\t\t\t\t<\/div>\n\t\t\t\t<div class=\"elementor-post__meta-data\">\n\t\t\t\t\t<span class=\"elementor-post-date\">\n\t\t\t22 octombrie 2024\t\t<\/span>\n\t\t\t\t<\/div>\n\t\t\t\t\t<\/div>\n\t\t<\/article>\n\t\t\t\t<article class=\"elementor-post elementor-grid-item post-10605 post type-post status-publish format-standard hentry category-neuigkeiten\" role=\"listitem\">\n\t\t\t<div class=\"elementor-post__card\">\n\t\t\t\t<div class=\"elementor-post__text\">\n\t\t\t\t<h3 class=\"elementor-post__title\">\n\t\t\t<a href=\"https:\/\/www.tierschutz-bremerhaven.eu\/ro\/einladung-zur-jahreshauptversammlung-am-30-08-2024\" >\n\t\t\t\tInvita\u021bie la adunarea general\u0103 anual\u0103 din 30 august 2024\t\t\t<\/a>\n\t\t<\/h3>\n\t\t\t\t<div class=\"elementor-post__excerpt\">\n\t\t\t\t\t<\/div>\n\t\t\n\t\t<a class=\"elementor-post__read-more\" href=\"https:\/\/www.tierschutz-bremerhaven.eu\/ro\/einladung-zur-jahreshauptversammlung-am-30-08-2024\" aria-label=\"Cite\u0219te mai mult despre Invita\u021bie la Adunarea general\u0103 anual\u0103 din 30.08.2024\" tabindex=\"-1\" >\n\t\t\tCite\u0219te mai mult \"\t\t<\/a>\n\n\t\t\t\t<\/div>\n\t\t\t\t<div class=\"elementor-post__meta-data\">\n\t\t\t\t\t<span class=\"elementor-post-date\">\n\t\t\t13 august 2024\t\t<\/span>\n\t\t\t\t<\/div>\n\t\t\t\t\t<\/div>\n\t\t<\/article>\n\t\t\t\t<article class=\"elementor-post elementor-grid-item post-10134 post type-post status-publish format-standard has-post-thumbnail hentry category-neuigkeiten\" role=\"listitem\">\n\t\t\t<div class=\"elementor-post__card\">\n\t\t\t\t<a class=\"elementor-post__thumbnail__link\" href=\"https:\/\/www.tierschutz-bremerhaven.eu\/ro\/fruehlingsfest-03-05-2024\" tabindex=\"-1\" ><div class=\"elementor-post__thumbnail\"><img loading=\"lazy\" decoding=\"async\" width=\"300\" height=\"300\" src=\"https:\/\/www.tierschutz-bremerhaven.eu\/wp-content\/uploads\/2024\/04\/Fruehlingsfest_Plakat_24_Instagram-300x300.jpg\" class=\"attachment-medium size-medium wp-image-10135\" alt=\"\" srcset=\"https:\/\/www.tierschutz-bremerhaven.eu\/wp-content\/uploads\/2024\/04\/Fruehlingsfest_Plakat_24_Instagram-300x300.jpg 300w, https:\/\/www.tierschutz-bremerhaven.eu\/wp-content\/uploads\/2024\/04\/Fruehlingsfest_Plakat_24_Instagram-1024x1024.jpg 1024w, https:\/\/www.tierschutz-bremerhaven.eu\/wp-content\/uploads\/2024\/04\/Fruehlingsfest_Plakat_24_Instagram-150x150.jpg 150w, https:\/\/www.tierschutz-bremerhaven.eu\/wp-content\/uploads\/2024\/04\/Fruehlingsfest_Plakat_24_Instagram-768x768.jpg 768w, https:\/\/www.tierschutz-bremerhaven.eu\/wp-content\/uploads\/2024\/04\/Fruehlingsfest_Plakat_24_Instagram-1536x1536.jpg 1536w, https:\/\/www.tierschutz-bremerhaven.eu\/wp-content\/uploads\/2024\/04\/Fruehlingsfest_Plakat_24_Instagram-2048x2048.jpg 2048w, https:\/\/www.tierschutz-bremerhaven.eu\/wp-content\/uploads\/2024\/04\/Fruehlingsfest_Plakat_24_Instagram-12x12.jpg 12w\" sizes=\"(max-width: 300px) 100vw, 300px\" \/><\/div><\/a>\n\t\t\t\t<div class=\"elementor-post__text\">\n\t\t\t\t<h3 class=\"elementor-post__title\">\n\t\t\t<a href=\"https:\/\/www.tierschutz-bremerhaven.eu\/ro\/fruehlingsfest-03-05-2024\" >\n\t\t\t\tFestivalul Prim\u0103verii 03.05.2024\t\t\t<\/a>\n\t\t<\/h3>\n\t\t\t\t<div class=\"elementor-post__excerpt\">\n\t\t\t\t\t<\/div>\n\t\t\n\t\t<a class=\"elementor-post__read-more\" href=\"https:\/\/www.tierschutz-bremerhaven.eu\/ro\/fruehlingsfest-03-05-2024\" aria-label=\"Cite\u0219te mai mult despre Festivalul Prim\u0103verii 03.05.2024\" tabindex=\"-1\" >\n\t\t\tCite\u0219te mai mult \"\t\t<\/a>\n\n\t\t\t\t<\/div>\n\t\t\t\t<div class=\"elementor-post__meta-data\">\n\t\t\t\t\t<span class=\"elementor-post-date\">\n\t\t\t11 aprilie 2024\t\t<\/span>\n\t\t\t\t<\/div>\n\t\t\t\t\t<\/div>\n\t\t<\/article>\n\t\t\t\t<article class=\"elementor-post elementor-grid-item post-10111 post type-post status-publish format-standard has-post-thumbnail hentry category-neuigkeiten\" role=\"listitem\">\n\t\t\t<div class=\"elementor-post__card\">\n\t\t\t\t<a class=\"elementor-post__thumbnail__link\" href=\"https:\/\/www.tierschutz-bremerhaven.eu\/ro\/petition-2\" tabindex=\"-1\" ><div class=\"elementor-post__thumbnail\"><img loading=\"lazy\" decoding=\"async\" width=\"212\" height=\"300\" src=\"https:\/\/www.tierschutz-bremerhaven.eu\/wp-content\/uploads\/2024\/04\/v4_Petition_Tierschutz_page-0001-212x300.jpg\" class=\"attachment-medium size-medium wp-image-10112\" alt=\"\" srcset=\"https:\/\/www.tierschutz-bremerhaven.eu\/wp-content\/uploads\/2024\/04\/v4_Petition_Tierschutz_page-0001-212x300.jpg 212w, https:\/\/www.tierschutz-bremerhaven.eu\/wp-content\/uploads\/2024\/04\/v4_Petition_Tierschutz_page-0001-725x1024.jpg 725w, https:\/\/www.tierschutz-bremerhaven.eu\/wp-content\/uploads\/2024\/04\/v4_Petition_Tierschutz_page-0001-768x1085.jpg 768w, https:\/\/www.tierschutz-bremerhaven.eu\/wp-content\/uploads\/2024\/04\/v4_Petition_Tierschutz_page-0001-1087x1536.jpg 1087w, https:\/\/www.tierschutz-bremerhaven.eu\/wp-content\/uploads\/2024\/04\/v4_Petition_Tierschutz_page-0001-8x12.jpg 8w, https:\/\/www.tierschutz-bremerhaven.eu\/wp-content\/uploads\/2024\/04\/v4_Petition_Tierschutz_page-0001.jpg 1241w\" sizes=\"(max-width: 212px) 100vw, 212px\" \/><\/div><\/a>\n\t\t\t\t<div class=\"elementor-post__text\">\n\t\t\t\t<h3 class=\"elementor-post__title\">\n\t\t\t<a href=\"https:\/\/www.tierschutz-bremerhaven.eu\/ro\/petition-2\" >\n\t\t\t\tPeti\u021bie\t\t\t<\/a>\n\t\t<\/h3>\n\t\t\t\t<div class=\"elementor-post__excerpt\">\n\t\t\t<p>https:\/\/petition.bremische-buergerschaft.de\/index.php?n=petitionsdetails&amp;s=1&amp;c=date_public&amp;d=DESC&amp;b=0&amp;l=10&amp;searchstring=&amp;pID=4866<\/p>\n\t\t<\/div>\n\t\t\n\t\t<a class=\"elementor-post__read-more\" href=\"https:\/\/www.tierschutz-bremerhaven.eu\/ro\/petition-2\" aria-label=\"Cite\u0219te mai mult despre Peti\u021bie\" tabindex=\"-1\" >\n\t\t\tCite\u0219te mai mult \"\t\t<\/a>\n\n\t\t\t\t<\/div>\n\t\t\t\t<div class=\"elementor-post__meta-data\">\n\t\t\t\t\t<span class=\"elementor-post-date\">\n\t\t\t10 aprilie 2024\t\t<\/span>\n\t\t\t\t<\/div>\n\t\t\t\t\t<\/div>\n\t\t<\/article>\n\t\t\t\t<article class=\"elementor-post elementor-grid-item post-10028 post type-post status-publish format-standard hentry category-neuigkeiten\" role=\"listitem\">\n\t\t\t<div class=\"elementor-post__card\">\n\t\t\t\t<div class=\"elementor-post__text\">\n\t\t\t\t<h3 class=\"elementor-post__title\">\n\t\t\t<a href=\"https:\/\/www.tierschutz-bremerhaven.eu\/ro\/petition\" >\n\t\t\t\tPeti\u021bie\t\t\t<\/a>\n\t\t<\/h3>\n\t\t\t\t<div class=\"elementor-post__excerpt\">\n\t\t\t<p>Ve\u0219ti bune, dragi prieteni ai (protec\u021biei) animalelor! Am reu\u0219it! Peti\u021bia noastr\u0103 a fost pus\u0103 online pe 15 martie 2024 \u0219i a ajuns deja la peste 1000 de semn\u0103turi! Asta este pur \u0219i simplu<\/p>\n\t\t<\/div>\n\t\t\n\t\t<a class=\"elementor-post__read-more\" href=\"https:\/\/www.tierschutz-bremerhaven.eu\/ro\/petition\" aria-label=\"Cite\u0219te mai mult despre Peti\u021bie\" tabindex=\"-1\" >\n\t\t\tCite\u0219te mai mult \"\t\t<\/a>\n\n\t\t\t\t<\/div>\n\t\t\t\t<div class=\"elementor-post__meta-data\">\n\t\t\t\t\t<span class=\"elementor-post-date\">\n\t\t\t28. martie 2024\t\t<\/span>\n\t\t\t\t<\/div>\n\t\t\t\t\t<\/div>\n\t\t<\/article>\n\t\t\t\t<\/div>\n\t\t\n\t\t\t\t\t\t<\/div>\n\t\t\t\t<\/div>\n\t\t\t\t\t<\/div>\n\t\t<\/div>\n\t\t\t\t\t<\/div>\n\t\t<\/section>\n\t\t\t\t\t<\/div>\n\t\t<\/div>\n\t\t\t\t\t<\/div>\n\t\t<\/section>\n\t\t\t\t<\/div>\n\t\t\t\t<\/div>\n\t\t\t\t\t\t<\/div>\n\t\t\t\t<\/div>\n\t\t\t\t\t<\/div>\n\t\t<\/div>\n\t\t\t\t\t<\/div>\n\t\t<\/section>\n\t\t\t\t<\/div>","protected":false},"excerpt":{"rendered":"","protected":false},"author":3,"featured_media":0,"parent":2980,"menu_order":0,"comment_status":"closed","ping_status":"closed","template":"","meta":{"footnotes":""},"class_list":["post-4124","page","type-page","status-publish","hentry"],"_links":{"self":[{"href":"https:\/\/www.tierschutz-bremerhaven.eu\/ro\/wp-json\/wp\/v2\/pages\/4124","targetHints":{"allow":["GET"]}}],"collection":[{"href":"https:\/\/www.tierschutz-bremerhaven.eu\/ro\/wp-json\/wp\/v2\/pages"}],"about":[{"href":"https:\/\/www.tierschutz-bremerhaven.eu\/ro\/wp-json\/wp\/v2\/types\/page"}],"author":[{"embeddable":true,"href":"https:\/\/www.tierschutz-bremerhaven.eu\/ro\/wp-json\/wp\/v2\/users\/3"}],"replies":[{"embeddable":true,"href":"https:\/\/www.tierschutz-bremerhaven.eu\/ro\/wp-json\/wp\/v2\/comments?post=4124"}],"version-history":[{"count":4,"href":"https:\/\/www.tierschutz-bremerhaven.eu\/ro\/wp-json\/wp\/v2\/pages\/4124\/revisions"}],"predecessor-version":[{"id":4129,"href":"https:\/\/www.tierschutz-bremerhaven.eu\/ro\/wp-json\/wp\/v2\/pages\/4124\/revisions\/4129"}],"up":[{"embeddable":true,"href":"https:\/\/www.tierschutz-bremerhaven.eu\/ro\/wp-json\/wp\/v2\/pages\/2980"}],"wp:attachment":[{"href":"https:\/\/www.tierschutz-bremerhaven.eu\/ro\/wp-json\/wp\/v2\/media?parent=4124"}],"curies":[{"name":"wp","href":"https:\/\/api.w.org\/{rel}","templated":true}]}}