{"id":2576,"date":"2021-06-10T08:28:28","date_gmt":"2021-06-10T08:28:28","guid":{"rendered":"https:\/\/tierschutz-bremerhaven.eu\/?post_type=helfen&#038;p=2576"},"modified":"2026-03-18T21:40:03","modified_gmt":"2026-03-18T20:40:03","slug":"walker","status":"publish","type":"helfen","link":"https:\/\/www.tierschutz-bremerhaven.eu\/tr\/helfen\/gassi-geher","title":{"rendered":"K\u00f6pek gezdiricisi"},"content":{"rendered":"<p>Yeni tesisimizde k\u00f6peklerimizin elbette d\u00fczenli olarak kullanabilece\u011fi iki b\u00fcy\u00fck ko\u015fu parkuru bulunmaktad\u0131r. K\u00f6peklerimizi ekstra bir y\u00fcr\u00fcy\u00fc\u015fle \u015f\u0131martmak isterseniz, l\u00fctfen bizimle ileti\u015fime ge\u00e7in. Bu, k\u00f6peklerimiz i\u00e7in \u00f6zel bir \u015feydir, \u00e7\u00fcnk\u00fc t\u00fcm ilgiyi tek bir ki\u015fiden al\u0131rlar ve y\u00fcr\u00fcy\u00fc\u015flerde \u00e7ok fazla \u00e7e\u015fitlilik ya\u015farlar.<\/p>\n\n\n\n<p>Bunun i\u00e7in dernek \u00fcyeli\u011fi zorunludur, \u00e7\u00fcnk\u00fc ileti\u015fim bilgilerinize ihtiyac\u0131m\u0131z var ve daha sonra dernek arac\u0131l\u0131\u011f\u0131yla sigorta kapsam\u0131ndan yararlanacaks\u0131n\u0131z.<\/p>\n\n\n\n<p>Bu y\u00fcr\u00fcy\u00fc\u015flerde \u00e7ocuklar\u0131n k\u00f6peklerimize e\u015flik etmesinden mutluluk duyar\u0131z. Ancak g\u00fcvenlik nedeniyle, bu sadece bir yeti\u015fkinle birlikte m\u00fcmk\u00fcnd\u00fcr.<\/p>\n\n\n\n<p>\u015eimdi tek yapman\u0131z gereken bizden bir randevu almak ve hayvan bak\u0131c\u0131lar\u0131m\u0131z\u0131n size a\u00e7\u0131klayaca\u011f\u0131 y\u00fcr\u00fcy\u00fc\u015f kurallar\u0131m\u0131za a\u015fina olmak. Bu bilgilendirme sizin ve k\u00f6pe\u011finizin g\u00fcvenli\u011fi i\u00e7indir.<\/p>\n\n\n\n<p>Hava \u00e7ok s\u0131cak ya da \u00e7ok so\u011fuksa, hayvanlar\u0131n iyili\u011fi i\u00e7in y\u00fcr\u00fcy\u00fc\u015f\u00fc iptal etmek zorunda kalabiliyoruz. Ama o zaman bir dahaki seferi daha da iple \u00e7ekiyorlar. Y\u00fcr\u00fcy\u00fc\u015f saatlerimiz Sal\u0131, \u00c7ar\u015famba, Cuma, Cumartesi ve Pazar g\u00fcnleri 10.00 - 14.00 aras\u0131ndad\u0131r.<\/p>\n\n\n\n<p>L\u00fctfen hayvan bar\u0131na\u011f\u0131ndan bizimle ileti\u015fime ge\u00e7in: <a href=\"tel:047183257\">0471 - 8 32 57<\/a>. \u00c7al\u0131\u015fma saatlerimiz d\u0131\u015f\u0131nda telesekreterimize mesaj b\u0131rakabilirsiniz. Size hemen geri d\u00f6n\u00fc\u015f yap\u0131lacakt\u0131r. <br><br><\/p>","protected":false},"featured_media":0,"template":"","class_list":["post-2576","helfen","type-helfen","status-publish","hentry"],"_links":{"self":[{"href":"https:\/\/www.tierschutz-bremerhaven.eu\/tr\/wp-json\/wp\/v2\/helfen\/2576","targetHints":{"allow":["GET"]}}],"collection":[{"href":"https:\/\/www.tierschutz-bremerhaven.eu\/tr\/wp-json\/wp\/v2\/helfen"}],"about":[{"href":"https:\/\/www.tierschutz-bremerhaven.eu\/tr\/wp-json\/wp\/v2\/types\/helfen"}],"version-history":[{"count":8,"href":"https:\/\/www.tierschutz-bremerhaven.eu\/tr\/wp-json\/wp\/v2\/helfen\/2576\/revisions"}],"predecessor-version":[{"id":13202,"href":"https:\/\/www.tierschutz-bremerhaven.eu\/tr\/wp-json\/wp\/v2\/helfen\/2576\/revisions\/13202"}],"wp:attachment":[{"href":"https:\/\/www.tierschutz-bremerhaven.eu\/tr\/wp-json\/wp\/v2\/media?parent=2576"}],"curies":[{"name":"wp","href":"https:\/\/api.w.org\/{rel}","templated":true}]}}