{"id":2050,"date":"2021-04-30T07:52:23","date_gmt":"2021-04-30T07:52:23","guid":{"rendered":"https:\/\/tierschutz-bremerhaven.eu\/?page_id=2050"},"modified":"2024-09-06T15:06:28","modified_gmt":"2024-09-06T14:06:28","slug":"baski","status":"publish","type":"page","link":"https:\/\/www.tierschutz-bremerhaven.eu\/tr\/impressum","title":{"rendered":"K\u00fcnye"},"content":{"rendered":"<p>Hayvan Refah\u0131 Bremerhaven e.V.<br>Viel\u00e4nder Weg 137<\/p>\n\n\n\n<p>27574 Bremerhaven&nbsp;<\/p>\n\n\n\n<p>Telefon:&nbsp;<a href=\"tel:047183257\">0471 8 32 57<\/a><br>Faks: 0471 9 81 26 76<\/p>\n\n\n\n<p>E-posta:&nbsp;<a href=\"mailto:info@tierschutz-bremerhaven.eu\">info@tierschutz-bremerhaven.eu<\/a><br>URL: <a href=\"http:\/\/www.tierschutz-bremerhaven.eu\/tr\/\">www.tierschutz-bremerhaven.eu<\/a><\/p>\n\n\n\n<p>IBAN: DE 49 2925 0000 0002 0075 50<br>BIC: BRLADE21BRS<\/p>\n\n\n\n<p>Kay\u0131t mahkemesi: Bremen Yerel Mahkemesi<br>Kay\u0131t numaras\u0131: 564 BHV<\/p>\n\n\n\n<p>UStG \u00a7 27a uyar\u0131nca KDV kimli\u011fi:  DE 114709126<\/p>\n\n\n\n<p>RStV, \u00a7 55 para. 2 anlam\u0131nda yay\u0131nlar\u0131n i\u00e7eri\u011fini temsil etmeye yetkili ve sorumludur:<\/p>\n\n\n\n<p>Inga Albers Y\u00f6netim Kurulu Ba\u015fkan\u0131<\/p>\n\n\n\n<p>Ba\u015fkan ile yukar\u0131daki posta adresinden de ileti\u015fime ge\u00e7ilebilir.<\/p>\n\n\n\n<p><strong>\u0130\u00e7erik i\u00e7in sorumluluk<\/strong><\/p>\n\n\n\n<p>Bir hizmet sa\u011flay\u0131c\u0131 olarak, TMG (Alman Telemedya Yasas\u0131) Madde 7 (1) ve genel mevzuat uyar\u0131nca bu sayfalardaki kendi i\u00e7eri\u011fimizden sorumluyuz. Bununla birlikte, TMG Madde 8 ila 10'a g\u00f6re, bir hizmet sa\u011flay\u0131c\u0131 olarak iletilen veya saklanan \u00fc\u00e7\u00fcnc\u00fc taraf bilgilerini izlemek veya yasa d\u0131\u015f\u0131 faaliyetlere i\u015faret eden durumlar\u0131 ara\u015ft\u0131rmak zorunda de\u011filiz.<\/p>\n\n\n\n<p>Genel mevzuat uyar\u0131nca bilgilerin kullan\u0131m\u0131n\u0131 kald\u0131rma veya engelleme y\u00fck\u00fcml\u00fcl\u00fckleri bundan etkilenmez. Ancak, bu konudaki sorumluluk sadece belirli bir ihlalin fark\u0131na vard\u0131\u011f\u0131m\u0131z andan itibaren m\u00fcmk\u00fcnd\u00fcr. Bu t\u00fcr ihlallerin fark\u0131na var\u0131r varmaz, bu i\u00e7eri\u011fi derhal kald\u0131raca\u011f\u0131z. <\/p>\n\n\n\n<p><strong>Ba\u011flant\u0131lar i\u00e7in sorumluluk<\/strong><\/p>\n\n\n\n<p>Web sitemiz, i\u00e7eri\u011fi \u00fczerinde hi\u00e7bir etkimiz olmayan harici \u00fc\u00e7\u00fcnc\u00fc taraf web sitelerine ba\u011flant\u0131lar i\u00e7ermektedir. Bu nedenle, bu \u00fc\u00e7\u00fcnc\u00fc taraf i\u00e7eri\u011fi i\u00e7in herhangi bir sorumluluk kabul edemeyiz. Ba\u011flant\u0131l\u0131 sayfalar\u0131n i\u00e7eri\u011finden her zaman sayfalar\u0131n ilgili sa\u011flay\u0131c\u0131s\u0131 veya operat\u00f6r\u00fc sorumludur. Ba\u011flant\u0131 verilen sayfalar, ba\u011flant\u0131 verildi\u011fi s\u0131rada olas\u0131 yasal ihlallere kar\u015f\u0131 kontrol edilmi\u015ftir. Ba\u011flant\u0131 s\u0131ras\u0131nda yasa d\u0131\u015f\u0131 i\u00e7erikler tespit edilememi\u015ftir.<\/p>\n\n\n\n<p>Bununla birlikte, ba\u011flant\u0131l\u0131 sayfalar\u0131n i\u00e7eri\u011finin s\u00fcrekli olarak izlenmesi, bir ihlalin somut kan\u0131t\u0131 olmadan makul de\u011fildir. Herhangi bir yasal ihlalden haberdar olursak, bu t\u00fcr ba\u011flant\u0131lar\u0131 derhal kald\u0131raca\u011f\u0131z.<\/p>\n\n\n\n<p><strong>Telif Hakk\u0131<\/strong><\/p>\n\n\n\n<p>Bu sayfalarda site operat\u00f6rleri taraf\u0131ndan olu\u015fturulan i\u00e7erik ve eserler Alman telif hakk\u0131 yasas\u0131na tabidir. \u00c7o\u011faltma, d\u00fczenleme, da\u011f\u0131t\u0131m ve telif hakk\u0131 yasas\u0131n\u0131n s\u0131n\u0131rlar\u0131 d\u0131\u015f\u0131ndaki her t\u00fcrl\u00fc kullan\u0131m, ilgili yazar\u0131n veya yarat\u0131c\u0131n\u0131n yaz\u0131l\u0131 onay\u0131n\u0131 gerektirir. Bu sitenin indirilmesine ve kopyalanmas\u0131na yaln\u0131zca \u00f6zel, ticari olmayan kullan\u0131m i\u00e7in izin verilir.<\/p>\n\n\n\n<p>Bu sitedeki i\u00e7erik operat\u00f6r taraf\u0131ndan olu\u015fturulmad\u0131\u011f\u0131 s\u00fcrece, \u00fc\u00e7\u00fcnc\u00fc taraflar\u0131n telif haklar\u0131na sayg\u0131 duyulur. \u00d6zellikle, \u00fc\u00e7\u00fcnc\u00fc taraf i\u00e7eri\u011fi bu \u015fekilde etiketlenmi\u015ftir. Yine de bir telif hakk\u0131 ihlalinden haberdar olursan\u0131z, l\u00fctfen bizi uygun \u015fekilde bilgilendirin. Herhangi bir ihlalden haberdar olursak, bu t\u00fcr i\u00e7eri\u011fi derhal kald\u0131raca\u011f\u0131z.<\/p>\n\n\n\n<p>Daha iyi okunabilirlik amac\u0131yla, erkek, kad\u0131n ve farkl\u0131 (m\/f\/d) dil formlar\u0131n\u0131n e\u015fzamanl\u0131 kullan\u0131m\u0131na yer verilmemi\u015ftir. T\u00fcm ki\u015fisel tan\u0131mlamalar t\u00fcm cinsiyetler i\u00e7in e\u015fit derecede ge\u00e7erlidir.<\/p>\n\n\n\n<p><strong>Tasar\u0131m ve programlama<\/strong><\/p>\n\n\n\n<p>GROTE MEDIA GmbH<br>Kantstra\u00dfe 4<br>27568 Bremerhaven<br>Telefon: <a href=\"tel:0471983370\">0471 98 33 7-0<\/a><br><a href=\"mailto:info@grote-media.de\">info@grote-media.de<\/a><br><a href=\"https:\/\/grote-media.de\/\" target=\"_blank\" rel=\"noreferrer noopener\">www.grote-media.de<\/a><\/p>","protected":false},"excerpt":{"rendered":"<p>Tierschutz Bremerhaven e.V.Viel\u00e4nder Weg 137 27574 Bremerhaven&nbsp; Telefon:&nbsp;0471 8 32 57Telefax:&nbsp;0471 9 81 26 76 E-Mail:&nbsp;info@tierschutz-bremerhaven.euURL: www.tierschutz-bremerhaven.eu IBAN: DE&nbsp;49 2925 0000 0002&nbsp;0075 50BIC: BRLADE21BRS Registergericht: Amtsgericht BremenRegisternummer: 564 BHV USt-ID gem. \u00a7 27a UStG: &nbsp;DE 114709126 Vertretungsberechtigt und f\u00fcr den Inhalt der Publikationen sowie im Sinne des RStV, \u00a7 55 Abs. 2 verantwortlich ist: Inga [&hellip;]<\/p>\n","protected":false},"author":3,"featured_media":0,"parent":0,"menu_order":0,"comment_status":"closed","ping_status":"closed","template":"","meta":{"footnotes":""},"class_list":["post-2050","page","type-page","status-publish","hentry"],"_links":{"self":[{"href":"https:\/\/www.tierschutz-bremerhaven.eu\/tr\/wp-json\/wp\/v2\/pages\/2050","targetHints":{"allow":["GET"]}}],"collection":[{"href":"https:\/\/www.tierschutz-bremerhaven.eu\/tr\/wp-json\/wp\/v2\/pages"}],"about":[{"href":"https:\/\/www.tierschutz-bremerhaven.eu\/tr\/wp-json\/wp\/v2\/types\/page"}],"author":[{"embeddable":true,"href":"https:\/\/www.tierschutz-bremerhaven.eu\/tr\/wp-json\/wp\/v2\/users\/3"}],"replies":[{"embeddable":true,"href":"https:\/\/www.tierschutz-bremerhaven.eu\/tr\/wp-json\/wp\/v2\/comments?post=2050"}],"version-history":[{"count":10,"href":"https:\/\/www.tierschutz-bremerhaven.eu\/tr\/wp-json\/wp\/v2\/pages\/2050\/revisions"}],"predecessor-version":[{"id":10683,"href":"https:\/\/www.tierschutz-bremerhaven.eu\/tr\/wp-json\/wp\/v2\/pages\/2050\/revisions\/10683"}],"wp:attachment":[{"href":"https:\/\/www.tierschutz-bremerhaven.eu\/tr\/wp-json\/wp\/v2\/media?parent=2050"}],"curies":[{"name":"wp","href":"https:\/\/api.w.org\/{rel}","templated":true}]}}