{"id":2053,"date":"2021-04-30T07:52:59","date_gmt":"2021-04-30T07:52:59","guid":{"rendered":"https:\/\/tierschutz-bremerhaven.eu\/?page_id=2053"},"modified":"2024-09-06T15:19:52","modified_gmt":"2024-09-06T14:19:52","slug":"veri%cc%87-koruma","status":"publish","type":"page","link":"https:\/\/www.tierschutz-bremerhaven.eu\/tr\/datenschutz","title":{"rendered":"Veri koruma"},"content":{"rendered":"<h3 class=\"wp-block-heading\">1. bi\u0307r baki\u015fta veri\u0307 koruma<\/h3>\n\n\n\n<h4 class=\"wp-block-heading\">Genel bilgi<\/h4>\n\n\n\n<p>A\u015fa\u011f\u0131daki bilgiler, bu web sitesini ziyaret etti\u011finizde ki\u015fisel verilerinize ne oldu\u011funa dair basit bir genel bak\u0131\u015f sa\u011flar. Ki\u015fisel veriler, sizi ki\u015fisel olarak tan\u0131mlamak i\u00e7in kullan\u0131labilecek her t\u00fcrl\u00fc veridir. Veri koruma konusuna ili\u015fkin ayr\u0131nt\u0131l\u0131 bilgileri bu metnin alt\u0131nda yer alan veri koruma beyan\u0131m\u0131zda bulabilirsiniz.<\/p>\n\n\n\n<h4 class=\"wp-block-heading\">Bu web sitesinde veri toplama<\/h4>\n\n\n\n<p><strong>Bu web sitesinde veri toplanmas\u0131ndan kim sorumludur?<\/strong><br>Bu web sitesindeki veri i\u015fleme web sitesi operat\u00f6r\u00fc taraf\u0131ndan ger\u00e7ekle\u015ftirilir. Operat\u00f6r\u00fcn ileti\u015fim bilgilerini bu gizlilik politikas\u0131n\u0131n \"Kontrol\u00f6r hakk\u0131nda bilgiler\" b\u00f6l\u00fcm\u00fcnde bulabilirsiniz.<\/p>\n\n\n\n<p><strong>Verilerinizi nas\u0131l topluyoruz?<\/strong><br>Bir yandan, verileriniz bize sa\u011flad\u0131\u011f\u0131n\u0131zda toplan\u0131r. Bu, \u00f6rne\u011fin, bir ileti\u015fim formuna girdi\u011finiz veriler olabilir.<\/p>\n\n\n\n<p>Di\u011fer veriler, web sitesini ziyaret etti\u011finizde BT sistemlerimiz taraf\u0131ndan otomatik olarak veya sizin izninizle toplan\u0131r. Bunlar \u00f6ncelikle teknik verilerdir (\u00f6rne\u011fin internet taray\u0131c\u0131s\u0131, i\u015fletim sistemi veya sayfa g\u00f6r\u00fcnt\u00fcleme s\u00fcresi). Bu veriler, bu web sitesine girdi\u011finiz anda otomatik olarak toplan\u0131r.<\/p>\n\n\n\n<p><strong>Verilerinizi ne i\u00e7in kullan\u0131yoruz?<\/strong><br>Verilerin bir k\u0131sm\u0131, web sitesinin hatas\u0131z bir \u015fekilde sunulmas\u0131n\u0131 sa\u011flamak i\u00e7in toplan\u0131r. Di\u011fer veriler kullan\u0131c\u0131 davran\u0131\u015f\u0131n\u0131z\u0131 analiz etmek i\u00e7in kullan\u0131labilir.<\/p>\n\n\n\n<p><strong>Verilerinizle ilgili hangi haklara sahipsiniz?<\/strong><br>Saklanan ki\u015fisel verilerinizin kayna\u011f\u0131, al\u0131c\u0131s\u0131 ve amac\u0131 hakk\u0131nda istedi\u011finiz zaman \u00fccretsiz olarak bilgi alma hakk\u0131na sahipsiniz. Ayr\u0131ca bu verilerin d\u00fczeltilmesini veya silinmesini talep etme hakk\u0131na da sahipsiniz. Veri i\u015fleme i\u00e7in onay verdiyseniz, bu onay\u0131 istedi\u011finiz zaman gelecek i\u00e7in iptal edebilirsiniz. Ayr\u0131ca, belirli ko\u015fullar alt\u0131nda ki\u015fisel verilerinizin i\u015flenmesinin k\u0131s\u0131tlanmas\u0131n\u0131 talep etme hakk\u0131na da sahipsiniz. Ayr\u0131ca, yetkili denetim makam\u0131na \u015fikayette bulunma hakk\u0131na da sahipsiniz.<\/p>\n\n\n\n<p>Veri koruma konusunda ba\u015fka sorular\u0131n\u0131z varsa istedi\u011finiz zaman bizimle ileti\u015fime ge\u00e7ebilirsiniz.<\/p>\n\n\n\n<h4 class=\"wp-block-heading\">\u00dc\u00e7\u00fcnc\u00fc taraf sa\u011flay\u0131c\u0131lar\u0131n analiz ara\u00e7lar\u0131 ve ara\u00e7lar\u0131<\/h4>\n\n\n\n<p>Bu web sitesini ziyaret etti\u011finizde, gezinme davran\u0131\u015f\u0131n\u0131z istatistiksel olarak de\u011ferlendirilebilir. Bu esas olarak s\u00f6zde analiz programlar\u0131 ile yap\u0131l\u0131r.<\/p>\n\n\n\n<p>Bu analiz programlar\u0131 hakk\u0131nda ayr\u0131nt\u0131l\u0131 bilgi a\u015fa\u011f\u0131daki gizlilik politikas\u0131nda bulunabilir.<\/p>\n\n\n\n<h3 class=\"wp-block-heading\">2. bar\u0131nd\u0131rma<\/h3>\n\n\n\n<p>Web sitemizin i\u00e7eri\u011fini a\u015fa\u011f\u0131daki sa\u011flay\u0131c\u0131 ile bar\u0131nd\u0131r\u0131yoruz:<\/p>\n\n\n\n<h4 class=\"wp-block-heading\">IONOS<\/h4>\n\n\n\n<p>Sa\u011flay\u0131c\u0131 IONOS SE, Elgendorfer Str. 57, 56410 Montabaur'dur (bundan sonra IONOS olarak an\u0131lacakt\u0131r). Web sitemizi ziyaret etti\u011finizde, IONOS IP adresleriniz dahil olmak \u00fczere \u00e7e\u015fitli g\u00fcnl\u00fck dosyalar\u0131n\u0131 toplar. Ayr\u0131nt\u0131lar IONOS gizlilik politikas\u0131nda bulunabilir: <a href=\"https:\/\/www.ionos.de\/terms-gtc\/terms-privacy\" target=\"_blank\" rel=\"noreferrer noopener\">https:\/\/www.ionos.de\/terms-gtc\/terms-privacy<\/a>.<\/p>\n\n\n\n<p>IONOS kullan\u0131m\u0131 GDPR Madde 6 paragraf 1 f bendine dayanmaktad\u0131r. Web sitemizin m\u00fcmk\u00fcn oldu\u011funca g\u00fcvenilir bir \u015fekilde g\u00f6r\u00fcnt\u00fclenmesi konusunda me\u015fru bir menfaatimiz bulunmaktad\u0131r. \u0130lgili bir onay talep edilmi\u015fse, i\u015fleme yaln\u0131zca Madde 6 paragraf 1 lit. a GDPR ve Madde 25 paragraf 1 TDDDG temelinde ger\u00e7ekle\u015ftirilir, onay \u00e7erezlerin depolanmas\u0131n\u0131 veya TDDDG anlam\u0131nda kullan\u0131c\u0131n\u0131n terminal cihaz\u0131ndaki bilgilere eri\u015fimi (\u00f6rn. cihaz parmak izi) i\u00e7erdi\u011fi s\u00fcrece. Onay her zaman iptal edilebilir.<\/p>\n\n\n\n<p><strong>Sipari\u015f i\u015fleme<\/strong><\/p>\n\n\n\n<p>Yukar\u0131da belirtilen hizmetin kullan\u0131m\u0131 i\u00e7in bir veri i\u015fleme s\u00f6zle\u015fmesi (DPA) imzalad\u0131k. Bu, veri koruma yasas\u0131 taraf\u0131ndan \u00f6ng\u00f6r\u00fclen ve web sitesi ziyaret\u00e7ilerimizin ki\u015fisel verilerini yaln\u0131zca talimatlar\u0131m\u0131za uygun olarak ve GDPR'ye uygun olarak i\u015flemeyi garanti eden bir s\u00f6zle\u015fmedir.<\/p>\n\n\n\n<h3 class=\"wp-block-heading\">3 Genel notlar ve zorunlu bilgiler<\/h3>\n\n\n\n<h4 class=\"wp-block-heading\">Veri koruma<\/h4>\n\n\n\n<p>Bu sayfalar\u0131n operat\u00f6rleri ki\u015fisel verilerinizin korunmas\u0131n\u0131 \u00e7ok ciddiye almaktad\u0131r. Ki\u015fisel verilerinizi gizli ve yasal veri koruma d\u00fczenlemelerine ve bu gizlilik politikas\u0131na uygun olarak ele al\u0131yoruz.<\/p>\n\n\n\n<p>Bu web sitesini kulland\u0131\u011f\u0131n\u0131zda, \u00e7e\u015fitli ki\u015fisel veriler toplan\u0131r. Ki\u015fisel veriler, sizi ki\u015fisel olarak tan\u0131mlamak i\u00e7in kullan\u0131labilecek verilerdir. Bu gizlilik politikas\u0131 hangi verileri toplad\u0131\u011f\u0131m\u0131z\u0131 ve bunlar\u0131 ne i\u00e7in kulland\u0131\u011f\u0131m\u0131z\u0131 a\u00e7\u0131klamaktad\u0131r. Ayr\u0131ca bunun nas\u0131l ve ne ama\u00e7la yap\u0131ld\u0131\u011f\u0131n\u0131 da a\u00e7\u0131klar.<\/p>\n\n\n\n<p>\u0130nternet \u00fczerinden veri aktar\u0131m\u0131n\u0131n (\u00f6rne\u011fin e-posta ile ileti\u015fim kurarken) g\u00fcvenlik a\u00e7\u0131klar\u0131na tabi olabilece\u011fini belirtmek isteriz. Verilerin \u00fc\u00e7\u00fcnc\u00fc taraflar\u0131n eri\u015fimine kar\u015f\u0131 tam olarak korunmas\u0131 m\u00fcmk\u00fcn de\u011fildir.<\/p>\n\n\n\n<h4 class=\"wp-block-heading\">Sorumlu kurulu\u015f hakk\u0131nda not<\/h4>\n\n\n\n<p>Bu web sitesindeki veri i\u015flemeden sorumlu kontrol\u00f6r<\/p>\n\n\n\n<p>Hayvan Refah\u0131 Bremerhaven e.V.<br>Inga Albers<br>Viel\u00e4nder Weg 137<br>27574 Bremerhaven<\/p>\n\n\n\n<p>Telefon: <a href=\"tel:047183257\">0471 83257<\/a>\u200b<br>E-posta: <a href=\"mailto:info@tierschutz-bremerhaven.eu\">info@tierschutz-bremerhaven.eu<\/a><\/p>\n\n\n\n<p>Kontrol\u00f6r, ki\u015fisel verilerin (\u00f6rne\u011fin isimler, e-posta adresleri vb.) i\u015flenme ama\u00e7lar\u0131n\u0131 ve ara\u00e7lar\u0131n\u0131 tek ba\u015f\u0131na veya ba\u015fkalar\u0131yla birlikte belirleyen ger\u00e7ek veya t\u00fczel ki\u015fidir.<\/p>\n\n\n\n<h4 class=\"wp-block-heading\">Depolama s\u00fcresi<\/h4>\n\n\n\n<p>Bu gizlilik politikas\u0131nda daha spesifik bir saklama s\u00fcresi belirtilmedi\u011fi s\u00fcrece, ki\u015fisel verileriniz, veri i\u015fleme amac\u0131 art\u0131k ge\u00e7erli olmayana kadar bizde kalacakt\u0131r. Silme i\u00e7in hakl\u0131 bir talepte bulunursan\u0131z veya veri i\u015fleme izninizi iptal ederseniz, ki\u015fisel verilerinizi saklamak i\u00e7in yasal olarak izin verilen ba\u015fka nedenlerimiz olmad\u0131\u011f\u0131 s\u00fcrece verileriniz silinecektir (\u00f6rne\u011fin, vergi veya ticaret hukuku kapsam\u0131ndaki saklama s\u00fcreleri); ikinci durumda, silme i\u015flemi bu nedenler art\u0131k ge\u00e7erli olmad\u0131ktan sonra ger\u00e7ekle\u015fecektir.<\/p>\n\n\n\n<h4 class=\"wp-block-heading\">Bu web sitesinde veri i\u015flemenin yasal dayana\u011f\u0131 hakk\u0131nda genel bilgiler<\/h4>\n\n\n\n<p>Veri i\u015flemeye izin verdiyseniz, ki\u015fisel verilerinizi GDPR'nin 6. maddesinin 1. f\u0131kras\u0131n\u0131n a bendi veya GDPR'nin 9. maddesinin 2. f\u0131kras\u0131n\u0131n a bendi uyar\u0131nca, GDPR'nin 9. maddesinin 1. f\u0131kras\u0131 uyar\u0131nca \u00f6zel veri kategorileri i\u015flendi\u011fi s\u00fcrece i\u015fleriz. Ki\u015fisel verilerin \u00fc\u00e7\u00fcnc\u00fc \u00fclkelere aktar\u0131lmas\u0131na a\u00e7\u0131k\u00e7a izin verilmesi durumunda, veri i\u015fleme ayr\u0131ca GDPR Madde 49 paragraf 1 lit. a temelinde ger\u00e7ekle\u015ftirilir. \u00c7erezlerin depolanmas\u0131na veya son cihaz\u0131n\u0131zdaki bilgilere eri\u015fime (\u00f6rn. cihaz parmak izi yoluyla) izin verdiyseniz, veri i\u015fleme ayr\u0131ca Madde 25 (1) TDDDG temelinde ger\u00e7ekle\u015ftirilir. Onay her zaman iptal edilebilir. Verileriniz bir s\u00f6zle\u015fmenin yerine getirilmesi veya s\u00f6zle\u015fme \u00f6ncesi \u00f6nlemlerin uygulanmas\u0131 i\u00e7in gerekliyse, verilerinizi GDPR Madde 6 paragraf 1 lit. b temelinde i\u015fleriz. Ayr\u0131ca, GDPR Madde 6 paragraf 1 lit. c temelinde yasal bir y\u00fck\u00fcml\u00fcl\u00fc\u011f\u00fc yerine getirmek i\u00e7in gerekli olmas\u0131 halinde verilerinizi i\u015fleriz. Veri i\u015fleme, GDPR Madde 6 paragraf 1 litre f uyar\u0131nca me\u015fru menfaatimiz temelinde de ger\u00e7ekle\u015ftirilebilir. Her bir durumda ilgili yasal dayanaklara ili\u015fkin bilgiler, bu gizlilik politikas\u0131n\u0131n a\u015fa\u011f\u0131daki paragraflar\u0131nda verilmektedir.<\/p>\n\n\n\n<h4 class=\"wp-block-heading\">Verilerin veri koruma yasas\u0131 kapsam\u0131nda g\u00fcvenli olmayan \u00fc\u00e7\u00fcnc\u00fc \u00fclkelere aktar\u0131lmas\u0131 ve DPF sertifikal\u0131 olmayan ABD \u015firketlerine aktar\u0131lmas\u0131 hakk\u0131nda not<\/h4>\n\n\n\n<p>Di\u011fer \u015feylerin yan\u0131 s\u0131ra, veri koruma yasas\u0131 kapsam\u0131nda g\u00fcvenli olmayan \u00fc\u00e7\u00fcnc\u00fc \u00fclkelerde bulunan \u015firketlerin ara\u00e7lar\u0131n\u0131 ve sa\u011flay\u0131c\u0131lar\u0131 AB-ABD Veri Gizlili\u011fi \u00c7er\u00e7evesi (DPF) kapsam\u0131nda sertifikal\u0131 olmayan ABD ara\u00e7lar\u0131n\u0131 kullan\u0131yoruz. Bu ara\u00e7lar\u0131n aktif olmas\u0131 durumunda ki\u015fisel verileriniz bu \u00fclkelere aktar\u0131labilir ve orada i\u015flenebilir. Veri koruma yasas\u0131 kapsam\u0131nda g\u00fcvenli olmayan \u00fc\u00e7\u00fcnc\u00fc \u00fclkelerde AB'dekine benzer bir veri koruma seviyesinin garanti edilemeyece\u011fini belirtmek isteriz.<\/p>\n\n\n\n<p>G\u00fcvenli bir \u00fc\u00e7\u00fcnc\u00fc \u00fclke olarak ABD'nin genel olarak AB ile kar\u015f\u0131la\u015ft\u0131r\u0131labilir bir veri koruma seviyesine sahip oldu\u011funu belirtmek isteriz. Bu nedenle, al\u0131c\u0131n\u0131n \"AB-ABD Veri Gizlili\u011fi \u00c7er\u00e7evesi\" (DPF) kapsam\u0131nda sertifikaland\u0131r\u0131lmas\u0131 veya uygun ek garantilere sahip olmas\u0131 durumunda ABD'ye veri aktar\u0131m\u0131na izin verilir. Veri al\u0131c\u0131lar\u0131 da dahil olmak \u00fczere \u00fc\u00e7\u00fcnc\u00fc \u00fclkelere yap\u0131lan aktar\u0131mlara ili\u015fkin bilgiler bu gizlilik politikas\u0131nda bulunabilir.<\/p>\n\n\n\n<h4 class=\"wp-block-heading\">Ki\u015fisel verilerin al\u0131c\u0131lar\u0131<\/h4>\n\n\n\n<p>Ticari faaliyetlerimizin bir par\u00e7as\u0131 olarak \u00e7e\u015fitli harici kurulu\u015flarla birlikte \u00e7al\u0131\u015f\u0131yoruz. Baz\u0131 durumlarda, ki\u015fisel verilerin bu harici kurulu\u015flara aktar\u0131lmas\u0131 da gereklidir. Ki\u015fisel verileri harici kurulu\u015flara yaln\u0131zca bir s\u00f6zle\u015fmenin yerine getirilmesi i\u00e7in gerekliyse, yasal olarak bunu yapmak zorundaysak (\u00f6rne\u011fin vergi makamlar\u0131na veri aktarmak), GDPR Madde 6 paragraf 1 lit. f uyar\u0131nca aktar\u0131mda me\u015fru bir menfaatimiz varsa veya verilerin aktar\u0131lmas\u0131na ba\u015fka bir yasal dayanak izin veriyorsa aktar\u0131r\u0131z. \u0130\u015flemcileri kullan\u0131rken, m\u00fc\u015fterilerimizin ki\u015fisel verilerini yaln\u0131zca sipari\u015f i\u015fleme i\u00e7in ge\u00e7erli bir s\u00f6zle\u015fme temelinde aktar\u0131r\u0131z. Ortak i\u015fleme durumunda, bir ortak i\u015fleme s\u00f6zle\u015fmesi imzalan\u0131r.<\/p>\n\n\n\n<h4 class=\"wp-block-heading\">Veri i\u015fleme izninizin iptali<\/h4>\n\n\n\n<p>Bir\u00e7ok veri i\u015fleme i\u015flemi yaln\u0131zca sizin a\u00e7\u0131k r\u0131zan\u0131zla m\u00fcmk\u00fcnd\u00fcr. Onay\u0131n\u0131z\u0131 istedi\u011finiz zaman geri \u00e7ekebilirsiniz. \u0130ptal edilene kadar ger\u00e7ekle\u015ftirilen veri i\u015flemenin yasall\u0131\u011f\u0131, iptalden etkilenmez.<\/p>\n\n\n\n<h4 class=\"wp-block-heading\">\u00d6zel durumlarda verilerin toplanmas\u0131na ve do\u011frudan pazarlamaya itiraz etme hakk\u0131 (GDPR Madde 21)<\/h4>\n\n\n\n<p>VERI I\u015eLEMENIN MADDEYE DAYALI OLMASI HALINDE. 6 ABS. 1 LIT. E VEYA F GDPR'YE DAYANIYORSA, \u00d6ZEL DURUMUNUZLA I\u0307LGI\u0307LI\u0307 GEREK\u00c7ELERLE KI\u0307\u015eI\u0307SEL VERI\u0307LERI\u0307NI\u0307ZI\u0307N I\u0307\u015eLENMESI\u0307NE HER ZAMAN I\u0307TI\u0307RAZ ETME HAKKINIZ VARDIR; BU AYNI ZAMANDA BU H\u00dcK\u00dcMLERE DAYALI PROFI\u0307LLEME I\u0307\u00c7I\u0307N DE GE\u00c7ERLI\u0307DI\u0307R. I\u0307\u015eLEMENI\u0307N DAYANDI\u011eI I\u0307LGI\u0307LI\u0307 YASAL DAYANAK BU GI\u0307ZLI\u0307LI\u0307K POLI\u0307TI\u0307KASINDA BULUNABI\u0307LI\u0307R. I\u0307TI\u0307RAZ ETMENI\u0307Z DURUMUNDA, I\u0307\u015eLEME I\u0307\u00c7I\u0307N MENFAATLERI\u0307NI\u0307ZI\u0307, HAKLARINIZI VE \u00d6ZG\u00dcRL\u00dcKLERI\u0307NI\u0307ZI\u0307 GE\u00c7ERSI\u0307Z KILAN ZORLAYICI ME\u015eRU GEREK\u00c7ELER G\u00d6STEREMEDI\u0307\u011eI\u0307MI\u0307Z VEYA I\u0307\u015eLEMENI\u0307N YASAL TALEPLERI\u0307N OLU\u015eTURULMASINA, UYGULANMASINA VEYA SAVUNULMASINA HI\u0307ZMET ETMEDI\u0307\u011eI\u0307 S\u00dcRECE (GDPR MADDE 21 PARAGRAF 1 UYARINCA I\u0307TI\u0307RAZ) I\u0307LGI\u0307LI\u0307 KI\u0307\u015eI\u0307SEL VERI\u0307LERI\u0307NI\u0307ZI\u0307 I\u0307\u015eLEMEYECE\u011eI\u0307Z.<\/p>\n\n\n\n<p>KI\u0307\u015eI\u0307SEL VERI\u0307LERI\u0307NI\u0307Z DO\u011eRUDAN PAZARLAMA AMACIYLA I\u0307\u015eLENI\u0307YORSA, S\u00d6Z KONUSU PAZARLAMA AMACIYLA SI\u0307ZI\u0307NLE I\u0307LGI\u0307LI\u0307 KI\u0307\u015eI\u0307SEL VERI\u0307LERI\u0307N I\u0307\u015eLENMESI\u0307NE I\u0307STEDI\u0307\u011eI\u0307NI\u0307Z ZAMAN I\u0307TI\u0307RAZ ETME HAKKINIZ VARDIR; BU DURUM, S\u00d6Z KONUSU DO\u011eRUDAN PAZARLAMA I\u0307LE I\u0307LGI\u0307LI\u0307 OLDU\u011eU \u00d6L\u00c7\u00dcDE PROFI\u0307L OLU\u015eTURMA I\u0307\u00c7I\u0307N DE GE\u00c7ERLI\u0307DI\u0307R I\u0307TI\u0307RAZ ETMENI\u0307Z DURUMUNDA, KI\u0307\u015eI\u0307SEL VERI\u0307LERI\u0307NI\u0307Z DAHA SONRA DO\u011eRUDAN PAZARLAMA AMACIYLA KULLANILMAYACAKTIR (GDPR MADDE 21 PARAGRAF 2 UYARINCA I\u0307TI\u0307RAZ).<\/p>\n\n\n\n<h4 class=\"wp-block-heading\">Yetkili denetim makam\u0131na \u015fikayette bulunma hakk\u0131<\/h4>\n\n\n\n<p>GDPR'nin ihlal edilmesi durumunda, veri sahipleri, \u00f6zellikle ikamet ettikleri, \u00e7al\u0131\u015ft\u0131klar\u0131 veya iddia edilen ihlalin ger\u00e7ekle\u015fti\u011fi \u00dcye Devletteki bir denetim makam\u0131na \u015fikayette bulunma hakk\u0131na sahiptir. \u015eikayette bulunma hakk\u0131, di\u011fer idari veya adli \u00e7\u00f6z\u00fcm yollar\u0131na halel getirmez.<\/p>\n\n\n\n<h4 class=\"wp-block-heading\">Veri ta\u015f\u0131nabilirli\u011fi hakk\u0131<\/h4>\n\n\n\n<p>Onay\u0131n\u0131za dayanarak veya bir s\u00f6zle\u015fmenin yerine getirilmesi i\u00e7in otomatik olarak i\u015fledi\u011fimiz verilerin size veya \u00fc\u00e7\u00fcnc\u00fc bir tarafa yayg\u0131n olarak kullan\u0131lan, makine taraf\u0131ndan okunabilir bir formatta teslim edilmesini sa\u011flama hakk\u0131na sahipsiniz. Verilerin ba\u015fka bir denetleyiciye do\u011frudan aktar\u0131lmas\u0131n\u0131 talep ederseniz, bu yaln\u0131zca teknik olarak m\u00fcmk\u00fcn oldu\u011fu \u00f6l\u00e7\u00fcde yap\u0131lacakt\u0131r.<\/p>\n\n\n\n<h4 class=\"wp-block-heading\">Bilgi, d\u00fczeltme ve silme<\/h4>\n\n\n\n<p>Y\u00fcr\u00fcrl\u00fckteki yasal h\u00fck\u00fcmler \u00e7er\u00e7evesinde, saklanan ki\u015fisel verileriniz, bunlar\u0131n kayna\u011f\u0131 ve al\u0131c\u0131s\u0131 ve veri i\u015flemenin amac\u0131 hakk\u0131nda istedi\u011finiz zaman \u00fccretsiz bilgi alma ve gerekirse bu verileri d\u00fczeltme veya silme hakk\u0131na sahipsiniz. Ki\u015fisel veriler konusunda ba\u015fka sorular\u0131n\u0131z varsa istedi\u011finiz zaman bizimle ileti\u015fime ge\u00e7ebilirsiniz.<\/p>\n\n\n\n<h4 class=\"wp-block-heading\">\u0130\u015flemenin k\u0131s\u0131tlanmas\u0131 hakk\u0131<\/h4>\n\n\n\n<p>Ki\u015fisel verilerinizin i\u015flenmesinin k\u0131s\u0131tlanmas\u0131n\u0131 talep etme hakk\u0131na sahipsiniz. Bunu yapmak i\u00e7in istedi\u011finiz zaman bizimle ileti\u015fime ge\u00e7ebilirsiniz. \u0130\u015flemenin k\u0131s\u0131tlanmas\u0131 hakk\u0131 a\u015fa\u011f\u0131daki durumlarda mevcuttur:<\/p>\n\n\n\n<ul class=\"wp-block-list\">\n<li>Taraf\u0131m\u0131zca saklanan ki\u015fisel verilerinizin do\u011frulu\u011funa itiraz ederseniz, bunu kontrol etmek i\u00e7in genellikle zamana ihtiyac\u0131m\u0131z vard\u0131r. \u0130nceleme s\u00fcresi boyunca, ki\u015fisel verilerinizin i\u015flenmesinin k\u0131s\u0131tlanmas\u0131n\u0131 talep etme hakk\u0131na sahipsiniz.<\/li>\n\n\n\n<li>Ki\u015fisel verilerinizin i\u015flenmesinin hukuka ayk\u0131r\u0131 olmas\u0131 durumunda, silme yerine veri i\u015flemenin k\u0131s\u0131tlanmas\u0131n\u0131 talep edebilirsiniz.<\/li>\n\n\n\n<li>Ki\u015fisel verilerinize art\u0131k ihtiyac\u0131m\u0131z yoksa, ancak yasal taleplerin uygulanmas\u0131, savunulmas\u0131 veya ileri s\u00fcr\u00fclmesi i\u00e7in ihtiyac\u0131n\u0131z varsa, ki\u015fisel verilerinizin silinmesi yerine i\u015flenmesinin k\u0131s\u0131tlanmas\u0131n\u0131 talep etme hakk\u0131na sahipsiniz.<\/li>\n\n\n\n<li>GDPR Madde 21 (1) uyar\u0131nca bir itirazda bulunduysan\u0131z, sizin ve bizim \u00e7\u0131karlar\u0131m\u0131z aras\u0131nda bir denge kurulmal\u0131d\u0131r. Kimin \u00e7\u0131karlar\u0131n\u0131n \u00fcst\u00fcn geldi\u011fi hen\u00fcz belirlenmedi\u011fi s\u00fcrece, ki\u015fisel verilerinizin i\u015flenmesinin k\u0131s\u0131tlanmas\u0131n\u0131 talep etme hakk\u0131na sahipsiniz.<\/li>\n<\/ul>\n\n\n\n<p>Ki\u015fisel verilerinizin i\u015flenmesini k\u0131s\u0131tlad\u0131ysan\u0131z, bu veriler - saklanmas\u0131 d\u0131\u015f\u0131nda - yaln\u0131zca sizin izninizle veya yasal taleplerin olu\u015fturulmas\u0131, uygulanmas\u0131 veya savunulmas\u0131 veya ba\u015fka bir ger\u00e7ek veya t\u00fczel ki\u015finin haklar\u0131n\u0131n korunmas\u0131 veya Avrupa Birli\u011fi'nin veya bir \u00dcye Devletin \u00f6nemli kamu yarar\u0131 nedenleriyle i\u015flenebilir.<\/p>\n\n\n\n<h4 class=\"wp-block-heading\">SSL veya TLS \u015fifreleme<\/h4>\n\n\n\n<p>Bu site, g\u00fcvenlik nedenleriyle ve site operat\u00f6r\u00fc olarak bize g\u00f6nderdi\u011finiz sipari\u015fler veya sorular gibi gizli i\u00e7eriklerin iletimini korumak i\u00e7in SSL veya TLS \u015fifreleme kullan\u0131r. \u015eifrelenmi\u015f bir ba\u011flant\u0131y\u0131, taray\u0131c\u0131n\u0131z\u0131n adres sat\u0131r\u0131n\u0131n \"http:\/\/\" yerine \"https:\/\/\" olarak de\u011fi\u015fmesinden ve taray\u0131c\u0131 sat\u0131r\u0131n\u0131zdaki kilit sembol\u00fcnden anlayabilirsiniz.<\/p>\n\n\n\n<p>SSL veya TLS \u015fifrelemesi etkinle\u015ftirilirse, bize iletti\u011finiz veriler \u00fc\u00e7\u00fcnc\u00fc taraflarca okunamaz.<\/p>\n\n\n\n<h3 class=\"wp-block-heading\">4. bu web si\u0307tesi\u0307nde veri\u0307 toplama<\/h3>\n\n\n\n<h4 class=\"wp-block-heading\">\u00c7erezler<\/h4>\n\n\n\n<p>\u0130nternet sayfalar\u0131m\u0131zda \"\u00e7erezler\" kullan\u0131lmaktad\u0131r. \u00c7erezler k\u00fc\u00e7\u00fck veri paketleridir ve son cihaz\u0131n\u0131za herhangi bir zarar vermezler. Cihaz\u0131n\u0131zda ya bir oturum s\u00fcresince ge\u00e7ici olarak (oturum \u00e7erezleri) ya da kal\u0131c\u0131 olarak (kal\u0131c\u0131 \u00e7erezler) saklan\u0131rlar. Oturum \u00e7erezleri ziyaretinizin sonunda otomatik olarak silinir. Kal\u0131c\u0131 \u00e7erezler, siz kendiniz silene veya web taray\u0131c\u0131n\u0131z taraf\u0131ndan otomatik olarak silinene kadar son cihaz\u0131n\u0131zda saklanmaya devam eder.<\/p>\n\n\n\n<p>\u00c7erezler bizden (birinci taraf \u00e7erezleri) veya \u00fc\u00e7\u00fcnc\u00fc taraf \u015firketlerden (\u00fc\u00e7\u00fcnc\u00fc taraf \u00e7erezleri olarak adland\u0131r\u0131l\u0131r) kaynaklanabilir. \u00dc\u00e7\u00fcnc\u00fc taraf \u00e7erezleri, \u00fc\u00e7\u00fcnc\u00fc taraf \u015firketlerden gelen belirli hizmetlerin web sitelerine entegre edilmesini sa\u011flar (\u00f6rne\u011fin, \u00f6deme hizmetlerini i\u015flemek i\u00e7in \u00e7erezler).<\/p>\n\n\n\n<p>\u00c7erezlerin \u00e7e\u015fitli i\u015flevleri vard\u0131r. Bir\u00e7ok \u00e7erez teknik olarak gereklidir, \u00e7\u00fcnk\u00fc belirli web sitesi i\u015flevleri bunlar olmadan \u00e7al\u0131\u015fmaz (\u00f6rne\u011fin al\u0131\u015fveri\u015f sepeti i\u015flevi veya videolar\u0131n g\u00f6r\u00fcnt\u00fclenmesi). Di\u011fer \u00e7erezler kullan\u0131c\u0131 davran\u0131\u015f\u0131n\u0131 analiz etmek veya reklam amac\u0131yla kullan\u0131labilir.<\/p>\n\n\n\n<p>Elektronik ileti\u015fim s\u00fcrecini y\u00fcr\u00fctmek, talep etti\u011finiz belirli i\u015flevleri sa\u011flamak (\u00f6rn. al\u0131\u015fveri\u015f sepeti i\u015flevi i\u00e7in) veya web sitesini optimize etmek (\u00f6rn. web kitlesini \u00f6l\u00e7mek i\u00e7in \u00e7erezler) i\u00e7in gerekli olan \u00e7erezler (gerekli \u00e7erezler), ba\u015fka bir yasal dayanak belirtilmedik\u00e7e, GDPR Madde 6 paragraf 1 lit. f temelinde saklan\u0131r. Web sitesi operat\u00f6r\u00fc, hizmetlerinin teknik olarak hatas\u0131z ve optimize edilmi\u015f bir \u015fekilde sunulmas\u0131 i\u00e7in gerekli \u00e7erezlerin saklanmas\u0131nda me\u015fru bir menfaate sahiptir. \u00c7erezlerin ve benzer tan\u0131ma teknolojilerinin saklanmas\u0131 i\u00e7in onay talep edilmi\u015fse, i\u015fleme yaln\u0131zca bu onay temelinde ger\u00e7ekle\u015ftirilir (GDPR Madde 6 Paragraf 1 Bent a ve TDDDG Madde 25 Paragraf 1); onay her zaman iptal edilebilir.<\/p>\n\n\n\n<p>Taray\u0131c\u0131n\u0131z\u0131, \u00e7erezlerin ayarlanmas\u0131 hakk\u0131nda bilgilendirilecek ve yaln\u0131zca bireysel durumlarda \u00e7erezlere izin verecek, belirli durumlar i\u00e7in veya genel olarak \u00e7erezlerin kabul\u00fcn\u00fc hari\u00e7 tutacak ve taray\u0131c\u0131y\u0131 kapat\u0131rken \u00e7erezlerin otomatik olarak silinmesini etkinle\u015ftirecek \u015fekilde ayarlayabilirsiniz. \u00c7erezler devre d\u0131\u015f\u0131 b\u0131rak\u0131l\u0131rsa, bu web sitesinin i\u015flevselli\u011fi k\u0131s\u0131tlanabilir.<\/p>\n\n\n\n<p>Bu web sitesinde hangi \u00e7erezlerin ve hizmetlerin kullan\u0131ld\u0131\u011f\u0131n\u0131 bu gizlilik politikas\u0131nda bulabilirsiniz.<\/p>\n\n\n\n<h4 class=\"wp-block-heading\">Kullan\u0131c\u0131 Merkezli R\u0131za<\/h4>\n\n\n\n<p>Bu web sitesi, son cihaz\u0131n\u0131zda belirli \u00e7erezlerin depolanmas\u0131 veya belirli teknolojilerin kullan\u0131lmas\u0131 i\u00e7in onay\u0131n\u0131z\u0131 almak ve bunlar\u0131 veri koruma d\u00fczenlemelerine uygun olarak belgelemek i\u00e7in Usercentrics'in onay teknolojisini kullan\u0131r. Bu teknolojinin sa\u011flay\u0131c\u0131s\u0131 Usercentrics GmbH, Sendlinger Stra\u00dfe 7, 80331 M\u00fcnih, Almanya, web sitesidir: <a href=\"https:\/\/usercentrics.com\/de\/\" target=\"_blank\" rel=\"noreferrer noopener\">https:\/\/usercentrics.com\/de\/<\/a> (bundan b\u00f6yle \"Usercentrics\" olarak an\u0131lacakt\u0131r).<\/p>\n\n\n\n<p>Web sitemize girdi\u011finizde, a\u015fa\u011f\u0131daki ki\u015fisel veriler Usercentrics'e iletilir:<\/p>\n\n\n\n<ul class=\"wp-block-list\">\n<li>Onay(lar)\u0131n\u0131z veya onay(lar)\u0131n\u0131z\u0131n iptali<\/li>\n\n\n\n<li>IP adresiniz<\/li>\n\n\n\n<li>Taray\u0131c\u0131n\u0131z hakk\u0131nda bilgi<\/li>\n\n\n\n<li>Son cihaz\u0131n\u0131z hakk\u0131nda bilgi<\/li>\n\n\n\n<li>Web sitesini ziyaret etti\u011finiz zaman<\/li>\n\n\n\n<li>Co\u011frafi Konum<\/li>\n<\/ul>\n\n\n\n<p>Ayr\u0131ca Usercentrics, size verilen onaylar\u0131 veya bunlar\u0131n iptalini tahsis edebilmek i\u00e7in taray\u0131c\u0131n\u0131zda bir \u00e7erez saklar. Bu \u015fekilde toplanan veriler, siz bizden silmemizi isteyene, Usercentrics \u00e7erezini kendiniz silene veya verilerin saklanma amac\u0131 art\u0131k ge\u00e7erli olmayana kadar saklan\u0131r. Zorunlu yasal saklama y\u00fck\u00fcml\u00fcl\u00fckleri bundan etkilenmez.<\/p>\n\n\n\n<p>Bu web sitesindeki Usercentrics banner'\u0131 eRecht24'\u00fcn yard\u0131m\u0131yla yap\u0131land\u0131r\u0131lm\u0131\u015ft\u0131r. Bunu, eRecht24 logosunun banner'da g\u00f6r\u00fcnmesinden anlayabilirsiniz. Banner'da eRecht24 logosunu g\u00f6r\u00fcnt\u00fclemek i\u00e7in eRecht24 g\u00f6r\u00fcnt\u00fc sunucusuna bir ba\u011flant\u0131 kurulur. IP adresi de iletilir, ancak sunucu g\u00fcnl\u00fcklerinde yaln\u0131zca anonimle\u015ftirilmi\u015f bi\u00e7imde saklan\u0131r. eRecht24 g\u00f6r\u00fcnt\u00fc sunucusu, bir Alman sa\u011flay\u0131c\u0131 ile Almanya'da bulunmaktad\u0131r. Banner'\u0131n kendisi sadece Usercentrics taraf\u0131ndan sa\u011flan\u0131r.<\/p>\n\n\n\n<p>Usercentrics, belirli teknolojilerin kullan\u0131m\u0131 i\u00e7in yasal olarak gerekli onay\u0131 almak i\u00e7in kullan\u0131l\u0131r. Bunun yasal dayana\u011f\u0131 GDPR Madde 6 paragraf 1 lit. c'dir.<\/p>\n\n\n\n<p><strong>Sipari\u015f i\u015fleme<\/strong><\/p>\n\n\n\n<p>Yukar\u0131da belirtilen hizmetin kullan\u0131m\u0131 i\u00e7in bir veri i\u015fleme s\u00f6zle\u015fmesi (DPA) imzalad\u0131k. Bu, veri koruma yasas\u0131 taraf\u0131ndan \u00f6ng\u00f6r\u00fclen ve web sitesi ziyaret\u00e7ilerimizin ki\u015fisel verilerini yaln\u0131zca talimatlar\u0131m\u0131za uygun olarak ve GDPR'ye uygun olarak i\u015flemeyi garanti eden bir s\u00f6zle\u015fmedir.<\/p>\n\n\n\n<h4 class=\"wp-block-heading\">Sunucu g\u00fcnl\u00fck dosyalar\u0131<\/h4>\n\n\n\n<p>Sayfalar\u0131n sa\u011flay\u0131c\u0131s\u0131, taray\u0131c\u0131n\u0131z\u0131n otomatik olarak bize iletti\u011fi sunucu g\u00fcnl\u00fck dosyalar\u0131 olarak adland\u0131r\u0131lan bilgileri otomatik olarak toplar ve saklar. Bunlar<\/p>\n\n\n\n<ul class=\"wp-block-list\">\n<li>Taray\u0131c\u0131 t\u00fcr\u00fc ve taray\u0131c\u0131 s\u00fcr\u00fcm\u00fc<\/li>\n\n\n\n<li>Kullan\u0131lan i\u015fletim sistemi<\/li>\n\n\n\n<li>Y\u00f6nlendiren URL<\/li>\n\n\n\n<li>Eri\u015fen bilgisayar\u0131n ana bilgisayar ad\u0131<\/li>\n\n\n\n<li>Sunucu iste\u011finin zaman\u0131<\/li>\n\n\n\n<li>IP adresi<\/li>\n<\/ul>\n\n\n\n<p>Bu veriler di\u011fer veri kaynaklar\u0131yla birle\u015ftirilmemi\u015ftir.<\/p>\n\n\n\n<p>Bu veriler GDPR'nin 6. maddesinin 1. f\u0131kras\u0131n\u0131n f bendi uyar\u0131nca toplanmaktad\u0131r. Web sitesi operat\u00f6r\u00fc, web sitesinin teknik olarak hatas\u0131z sunumu ve optimizasyonu konusunda me\u015fru bir menfaate sahiptir - sunucu g\u00fcnl\u00fck dosyalar\u0131 bu ama\u00e7la kaydedilmelidir.<\/p>\n\n\n\n<h4 class=\"wp-block-heading\">\u0130leti\u015fim formu<\/h4>\n\n\n\n<p>\u0130leti\u015fim formu arac\u0131l\u0131\u011f\u0131yla bize soru g\u00f6nderirseniz, orada sa\u011flad\u0131\u011f\u0131n\u0131z ileti\u015fim bilgileri de dahil olmak \u00fczere, talep formundaki bilgileriniz, talebin i\u015flenmesi amac\u0131yla ve takip sorular\u0131 durumunda taraf\u0131m\u0131zdan saklanacakt\u0131r. Bu verileri sizin izniniz olmadan aktarmayaca\u011f\u0131z.<\/p>\n\n\n\n<p>Bu veriler, sorunuz bir s\u00f6zle\u015fmenin yerine getirilmesiyle ilgiliyse veya s\u00f6zle\u015fme \u00f6ncesi \u00f6nlemlerin uygulanmas\u0131 i\u00e7in gerekliyse, GDPR Madde 6 paragraf 1 lit. b temelinde i\u015flenir. Di\u011fer t\u00fcm durumlarda, i\u015fleme, bize y\u00f6neltilen sorular\u0131n etkili bir \u015fekilde i\u015flenmesindeki me\u015fru menfaatimize (GDPR Madde 6 paragraf 1 lit. f) veya talep edilmi\u015fse onay\u0131n\u0131za (GDPR Madde 6 paragraf 1 lit. a) dayanmaktad\u0131r; onay her zaman iptal edilebilir.<\/p>\n\n\n\n<p>\u0130leti\u015fim formunda sa\u011flad\u0131\u011f\u0131n\u0131z verileri, siz silinmesini talep edene, saklanmas\u0131 i\u00e7in verdi\u011finiz izni iptal edene veya saklanma amac\u0131 art\u0131k ge\u00e7erli olmayana kadar (\u00f6rne\u011fin talebinizi yerine getirdikten sonra) saklayaca\u011f\u0131z. Zorunlu yasal h\u00fck\u00fcmler - \u00f6zellikle saklama s\u00fcreleri - etkilenmeden kal\u0131r.<\/p>\n\n\n\n<h4 class=\"wp-block-heading\">E-posta, telefon veya faks ile sorgulama<\/h4>\n\n\n\n<p>Bizimle e-posta, telefon veya faks yoluyla ileti\u015fime ge\u00e7erseniz, t\u00fcm ki\u015fisel veriler (isim, talep) dahil olmak \u00fczere talebiniz, talebinizi i\u015fleme koymak amac\u0131yla taraf\u0131m\u0131zdan saklanacak ve i\u015flenecektir. Bu verileri sizin izniniz olmadan aktarmayaca\u011f\u0131z.<\/p>\n\n\n\n<p>Bu veriler, sorunuz bir s\u00f6zle\u015fmenin yerine getirilmesiyle ilgiliyse veya s\u00f6zle\u015fme \u00f6ncesi \u00f6nlemlerin uygulanmas\u0131 i\u00e7in gerekliyse, GDPR Madde 6 paragraf 1 lit. b temelinde i\u015flenir. Di\u011fer t\u00fcm durumlarda, i\u015fleme, bize y\u00f6neltilen sorular\u0131n etkili bir \u015fekilde i\u015flenmesindeki me\u015fru menfaatimize (GDPR Madde 6 paragraf 1 lit. f) veya talep edilmi\u015fse onay\u0131n\u0131za (GDPR Madde 6 paragraf 1 lit. a) dayanmaktad\u0131r; onay her zaman iptal edilebilir.<\/p>\n\n\n\n<p>\u0130leti\u015fim talepleri arac\u0131l\u0131\u011f\u0131yla bize g\u00f6nderdi\u011finiz veriler, siz silmemizi isteyene, saklama izninizi iptal edene veya veri saklama amac\u0131 art\u0131k ge\u00e7erli olmayana kadar (\u00f6rn. talebiniz i\u015flendikten sonra) bizde kalacakt\u0131r. Zorunlu yasal h\u00fck\u00fcmler - \u00f6zellikle yasal saklama s\u00fcreleri - bundan etkilenmez.<\/p>\n\n\n\n<h4 class=\"wp-block-heading\">WhatsApp \u00fczerinden ileti\u015fim<\/h4>\n\n\n\n<p>M\u00fc\u015fterilerimiz ve di\u011fer \u00fc\u00e7\u00fcnc\u00fc taraflarla ileti\u015fim i\u00e7in, di\u011ferlerinin yan\u0131 s\u0131ra anl\u0131k mesajla\u015fma hizmeti WhatsApp'\u0131 kullan\u0131yoruz. Sa\u011flay\u0131c\u0131 WhatsApp Ireland Limited, 4 Grand Canal Square, Grand Canal Harbour, Dublin 2, \u0130rlanda'd\u0131r.<\/p>\n\n\n\n<p>\u0130leti\u015fim, WhatsApp veya di\u011fer \u00fc\u00e7\u00fcnc\u00fc taraflar\u0131n ileti\u015fim i\u00e7eri\u011fine eri\u015fimini engelleyen u\u00e7tan uca \u015fifreleme (peer-to-peer) yoluyla ger\u00e7ekle\u015fir. Ancak WhatsApp, ileti\u015fim s\u00fcreci s\u0131ras\u0131nda olu\u015fturulan meta verilere (\u00f6rn. g\u00f6nderen, al\u0131c\u0131 ve zaman) eri\u015febilmektedir. Ayr\u0131ca, WhatsApp'\u0131n kullan\u0131c\u0131lar\u0131n\u0131n ki\u015fisel verilerini ABD merkezli ana \u015firketi Meta ile payla\u015ft\u0131\u011f\u0131n\u0131 belirtmek isteriz. Veri i\u015flemeye ili\u015fkin daha fazla ayr\u0131nt\u0131 WhatsApp'\u0131n \u015fu adresteki gizlilik politikas\u0131nda bulunabilir <a href=\"https:\/\/www.whatsapp.com\/legal\/#privacy-policy\" target=\"_blank\" rel=\"noreferrer noopener\">https:\/\/www.whatsapp.com\/legal\/#privacy-policy<\/a>.<\/p>\n\n\n\n<p>WhatsApp, m\u00fc\u015fteriler, ilgili taraflar ve di\u011fer i\u015f ve s\u00f6zle\u015fme ortaklar\u0131 ile m\u00fcmk\u00fcn oldu\u011funca h\u0131zl\u0131 ve etkili bir \u015fekilde ileti\u015fim kurma konusundaki me\u015fru menfaatimiz temelinde kullan\u0131lmaktad\u0131r (GDPR Madde 6 paragraf 1 lit. f). \u0130lgili bir onay talep edilmi\u015fse, veri i\u015fleme yaln\u0131zca onay temelinde ger\u00e7ekle\u015fir; bu, gelecek i\u00e7in ge\u00e7erli olmak \u00fczere herhangi bir zamanda iptal edilebilir.<\/p>\n\n\n\n<p>WhatsApp'ta sizinle aram\u0131zda payla\u015f\u0131lan ileti\u015fim i\u00e7eri\u011fi, siz silmemizi isteyene, saklama izninizi iptal edene veya veri saklama amac\u0131 art\u0131k ge\u00e7erli olmayana kadar (\u00f6rn. talebiniz i\u015flendikten sonra) bizde kalacakt\u0131r. Zorunlu yasal h\u00fck\u00fcmler - \u00f6zellikle saklama s\u00fcreleri - bundan etkilenmeyecektir.<\/p>\n\n\n\n<p>\u015eirket, \"AB-ABD Veri Gizlili\u011fi \u00c7er\u00e7evesi\" (DPF) uyar\u0131nca sertifikaland\u0131r\u0131lm\u0131\u015ft\u0131r. DPF, Avrupa Birli\u011fi ile ABD aras\u0131nda yap\u0131lan ve ABD'de veri i\u015flemede Avrupa veri koruma standartlar\u0131na uyulmas\u0131n\u0131 sa\u011flamay\u0131 ama\u00e7layan bir anla\u015fmad\u0131r. DPF kapsam\u0131nda sertifika alan her \u015firket bu veri koruma standartlar\u0131na uymay\u0131 taahh\u00fct eder. Bu konuda daha fazla bilgi a\u015fa\u011f\u0131daki ba\u011flant\u0131da yer alan sa\u011flay\u0131c\u0131dan edinilebilir: <a href=\"https:\/\/www.dataprivacyframework.gov\/s\/participant-search\/participant-detail?contact=true&amp;id=a2zt00000011sfnAAA&amp;status=Active\" target=\"_blank\" rel=\"noreferrer noopener\">https:\/\/www.dataprivacyframework.gov\/s\/participant-search\/participant-detail?contact=true&amp;id=a2zt00000011sfnAAA&amp;status=Active<\/a><\/p>\n\n\n\n<h3 class=\"wp-block-heading\">5. eklentiler ve ara\u00e7lar<\/h3>\n\n\n\n<h4 class=\"wp-block-heading\">Google Fonts (yerel bar\u0131nd\u0131rma)<\/h4>\n\n\n\n<p>Bu site, yaz\u0131 tiplerinin standartla\u015ft\u0131r\u0131lm\u0131\u015f g\u00f6sterimi i\u00e7in Google taraf\u0131ndan sa\u011flanan Google Yaz\u0131 Tiplerini kullanmaktad\u0131r. Google yaz\u0131 tipleri yerel olarak y\u00fcklenir. Google sunucular\u0131na herhangi bir ba\u011flant\u0131 yoktur.<\/p>\n\n\n\n<p>Google Fonts hakk\u0131nda daha fazla bilgiyi \u015fu adreste bulabilirsiniz <a href=\"https:\/\/developers.google.com\/fonts\/faq\" target=\"_blank\" rel=\"noreferrer noopener\">https:\/\/developers.google.com\/fonts\/faq<\/a> ve Google'\u0131n gizlilik politikas\u0131nda: <a href=\"https:\/\/policies.google.com\/privacy?hl=de\" target=\"_blank\" rel=\"noreferrer noopener\">https:\/\/policies.google.com\/privacy?hl=de<\/a>.<\/p>\n\n\n\n<h4 class=\"wp-block-heading\">Font Awesome<\/h4>\n\n\n\n<p>Bu site, yaz\u0131 tiplerinin ve sembollerin standartla\u015ft\u0131r\u0131lm\u0131\u015f g\u00f6sterimi i\u00e7in Font Awesome kullanmaktad\u0131r. Sa\u011flay\u0131c\u0131 Fonticons, Inc, 6 Porter Road Apartment 3R, Cambridge, Massachusetts, ABD'dir.<\/p>\n\n\n\n<p>Bir sayfay\u0131 \u00e7a\u011f\u0131rd\u0131\u011f\u0131n\u0131zda, taray\u0131c\u0131n\u0131z metinleri, yaz\u0131 tiplerini ve sembolleri do\u011fru \u015fekilde g\u00f6r\u00fcnt\u00fclemek i\u00e7in gerekli yaz\u0131 tiplerini taray\u0131c\u0131 \u00f6nbelle\u011finize y\u00fckler. Bu ama\u00e7la, kulland\u0131\u011f\u0131n\u0131z taray\u0131c\u0131n\u0131n Font Awesome sunucular\u0131na ba\u011flanmas\u0131 gerekir. Sonu\u00e7 olarak, Font Awesome bu web sitesine IP adresiniz \u00fczerinden eri\u015fildi\u011finin fark\u0131na var\u0131r. Font Awesome kullan\u0131m\u0131, GDPR Madde 6 paragraf 1 f bendine dayanmaktad\u0131r. Web sitemizdeki yaz\u0131 karakterinin tek tip sunumunda me\u015fru bir menfaatimiz vard\u0131r. \u0130lgili bir onay talep edilmi\u015fse, onay \u00e7erezlerin depolanmas\u0131n\u0131 veya TDDDG anlam\u0131nda kullan\u0131c\u0131n\u0131n terminal cihaz\u0131ndaki bilgilere eri\u015fimi (\u00f6rn. cihaz parmak izi) i\u00e7erdi\u011fi s\u00fcrece, i\u015fleme yaln\u0131zca GDPR Madde 6 paragraf 1 lit. a ve TDDDG Madde 25 paragraf 1 temelinde ger\u00e7ekle\u015ftirilir. Onay her zaman iptal edilebilir.<\/p>\n\n\n\n<p>Taray\u0131c\u0131n\u0131z Font Awesome'\u0131 desteklemiyorsa, bilgisayar\u0131n\u0131z taraf\u0131ndan standart bir yaz\u0131 tipi kullan\u0131lacakt\u0131r.<\/p>\n\n\n\n<p>Font Awesome hakk\u0131nda daha fazla bilgi Font Awesome'\u0131n gizlilik politikas\u0131nda bulunabilir: <a href=\"https:\/\/fontawesome.com\/privacy\" target=\"_blank\" rel=\"noreferrer noopener\">https:\/\/fontawesome.com\/privacy<\/a>.<\/p>\n\n\n\n<h4 class=\"wp-block-heading\">Google Haritalar<\/h4>\n\n\n\n<p>Bu site Google Maps harita hizmetini kullanmaktad\u0131r. Sa\u011flay\u0131c\u0131 Google Ireland Limited (\"Google\"), Gordon House, Barrow Street, Dublin 4, \u0130rlanda'd\u0131r. Bu hizmetin yard\u0131m\u0131yla, harita materyalini web sitemize entegre edebiliriz.<\/p>\n\n\n\n<p>Google Haritalar'\u0131n i\u015flevlerini kullanmak i\u00e7in IP adresinizi kaydetmeniz gerekir. Bu bilgiler genellikle ABD'deki bir Google sunucusuna aktar\u0131l\u0131r ve orada saklan\u0131r. Bu sitenin sa\u011flay\u0131c\u0131s\u0131n\u0131n bu veri aktar\u0131m\u0131 \u00fczerinde hi\u00e7bir etkisi yoktur. Google Haritalar etkinle\u015ftirilirse, Google yaz\u0131 tiplerinin g\u00f6r\u00fcnt\u00fclenmesini standartla\u015ft\u0131rmak amac\u0131yla Google Yaz\u0131 Tiplerini kullanabilir. Google Haritalar'\u0131 \u00e7a\u011f\u0131rd\u0131\u011f\u0131n\u0131zda, taray\u0131c\u0131n\u0131z metinleri ve yaz\u0131 tiplerini do\u011fru \u015fekilde g\u00f6r\u00fcnt\u00fclemek i\u00e7in gerekli web yaz\u0131 tiplerini taray\u0131c\u0131 \u00f6nbelle\u011finize y\u00fckler.<\/p>\n\n\n\n<p>Google Haritalar'\u0131n kullan\u0131m\u0131, \u00e7evrimi\u00e7i tekliflerimizin \u00e7ekici bir \u015fekilde sunulmas\u0131 ve web sitesinde belirtti\u011fimiz yerlerin bulunmas\u0131n\u0131 kolayla\u015ft\u0131rmak i\u00e7indir. Bu, GDPR'nin 6. maddesinin 1. f\u0131kras\u0131n\u0131n f bendi anlam\u0131nda me\u015fru bir menfaat te\u015fkil etmektedir. \u0130lgili bir onay talep edilmi\u015fse, onay \u00e7erezlerin depolanmas\u0131n\u0131 veya TDDDG anlam\u0131nda kullan\u0131c\u0131n\u0131n terminal cihaz\u0131ndaki bilgilere eri\u015fimi (\u00f6rn. cihaz parmak izi) i\u00e7erdi\u011fi s\u00fcrece, i\u015fleme yaln\u0131zca GDPR Madde 6 paragraf 1 lit. a ve TDDDG Madde 25 paragraf 1 temelinde ger\u00e7ekle\u015ftirilir. Onay her zaman iptal edilebilir.<\/p>\n\n\n\n<p>ABD'ye veri aktar\u0131m\u0131 AB Komisyonu'nun standart s\u00f6zle\u015fme maddelerine dayanmaktad\u0131r. Ayr\u0131nt\u0131lar burada bulunabilir: <a href=\"https:\/\/privacy.google.com\/businesses\/gdprcontrollerterms\/\" target=\"_blank\" rel=\"noreferrer noopener\">https:\/\/privacy.google.com\/businesses\/gdprcontrollerterms\/<\/a> ve <a href=\"https:\/\/privacy.google.com\/businesses\/gdprcontrollerterms\/sccs\/\" target=\"_blank\" rel=\"noreferrer noopener\">https:\/\/privacy.google.com\/businesses\/gdprcontrollerterms\/sccs\/<\/a>.<\/p>\n\n\n\n<p>Kullan\u0131c\u0131 verilerinin i\u015flenmesi hakk\u0131nda daha fazla bilgiyi Google'\u0131n gizlilik politikas\u0131nda bulabilirsiniz: <a href=\"https:\/\/policies.google.com\/privacy?hl=de\" target=\"_blank\" rel=\"noreferrer noopener\">https:\/\/policies.google.com\/privacy?hl=de<\/a>.<\/p>\n\n\n\n<p>\u015eirket, \"AB-ABD Veri Gizlili\u011fi \u00c7er\u00e7evesi\" (DPF) uyar\u0131nca sertifikaland\u0131r\u0131lm\u0131\u015ft\u0131r. DPF, Avrupa Birli\u011fi ile ABD aras\u0131nda yap\u0131lan ve ABD'de veri i\u015flemede Avrupa veri koruma standartlar\u0131na uyulmas\u0131n\u0131 sa\u011flamay\u0131 ama\u00e7layan bir anla\u015fmad\u0131r. DPF kapsam\u0131nda sertifika alan her \u015firket bu veri koruma standartlar\u0131na uymay\u0131 taahh\u00fct eder. Bu konuda daha fazla bilgi a\u015fa\u011f\u0131daki ba\u011flant\u0131da yer alan sa\u011flay\u0131c\u0131dan edinilebilir: <a href=\"https:\/\/www.dataprivacyframework.gov\/s\/participant-search\/participant-detail?contact=true&amp;id=a2zt000000001L5AAI&amp;status=Active\" target=\"_blank\" rel=\"noreferrer noopener\">https:\/\/www.dataprivacyframework.gov\/s\/participant-search\/participant-detail?contact=true&amp;id=a2zt000000001L5AAI&amp;status=Active<\/a><\/p>\n\n\n\n<h4 class=\"wp-block-heading\">Google reCAPTCHA<\/h4>\n\n\n\n<p>Bu web sitesinde \"Google reCAPTCHA\" (bundan sonra \"reCAPTCHA\" olarak an\u0131lacakt\u0131r) kullan\u0131yoruz. Sa\u011flay\u0131c\u0131 Google Ireland Limited (\"Google\"), Gordon House, Barrow Street, Dublin 4, \u0130rlanda'd\u0131r.<\/p>\n\n\n\n<p>reCAPTCHA'n\u0131n amac\u0131, verilerin bu web sitesine (\u00f6rne\u011fin bir ileti\u015fim formuna) bir insan taraf\u0131ndan m\u0131 yoksa otomatik bir program taraf\u0131ndan m\u0131 girildi\u011fini kontrol etmektir. Bu ama\u00e7la reCAPTCHA, web sitesi ziyaret\u00e7isinin davran\u0131\u015f\u0131n\u0131 \u00e7e\u015fitli \u00f6zelliklere g\u00f6re analiz eder. Bu analiz, web sitesi ziyaret\u00e7isi web sitesine girer girmez otomatik olarak ba\u015flar. Analiz i\u00e7in reCAPTCHA \u00e7e\u015fitli bilgileri (\u00f6rne\u011fin IP adresi, web sitesi ziyaret\u00e7isinin web sitesinde ge\u00e7irdi\u011fi s\u00fcre veya kullan\u0131c\u0131 taraf\u0131ndan yap\u0131lan fare hareketleri) de\u011ferlendirir. Analiz s\u0131ras\u0131nda toplanan veriler Google'a iletilir.<\/p>\n\n\n\n<p>reCAPTCHA analizleri tamamen arka planda \u00e7al\u0131\u015f\u0131r. Web sitesi ziyaret\u00e7ileri bir analizin ger\u00e7ekle\u015fti\u011fi konusunda bilgilendirilmez.<\/p>\n\n\n\n<p>Veriler, GDPR'nin 6. maddesinin 1. f\u0131kras\u0131n\u0131n f bendi uyar\u0131nca saklan\u0131r ve analiz edilir. Web sitesi operat\u00f6r\u00fc, web sitesini k\u00f6t\u00fcye kullan\u0131lan otomatik casusluk ve SPAM'den korumak i\u00e7in me\u015fru bir menfaate sahiptir. \u0130lgili bir onay talep edilmi\u015fse, onay \u00e7erezlerin depolanmas\u0131n\u0131 veya TDDDG anlam\u0131nda kullan\u0131c\u0131n\u0131n terminal cihaz\u0131ndaki bilgilere eri\u015fimi (\u00f6rn. cihaz parmak izi) i\u00e7erdi\u011fi s\u00fcrece, i\u015fleme yaln\u0131zca GDPR Madde 6 paragraf 1 lit. a ve TDDDG Madde 25 paragraf 1 temelinde ger\u00e7ekle\u015ftirilir. Onay her zaman iptal edilebilir.<\/p>\n\n\n\n<p>Google reCAPTCHA hakk\u0131nda daha fazla bilgi i\u00e7in l\u00fctfen a\u015fa\u011f\u0131daki ba\u011flant\u0131larda yer alan Google Gizlilik Politikas\u0131 ve Google Hizmet \u015eartlar\u0131'na bak\u0131n: <a href=\"https:\/\/policies.google.com\/privacy?hl=de\" target=\"_blank\" rel=\"noreferrer noopener\">https:\/\/policies.google.com\/privacy?hl=de<\/a> ve <a href=\"https:\/\/policies.google.com\/terms?hl=de\" target=\"_blank\" rel=\"noreferrer noopener\">https:\/\/policies.google.com\/terms?hl=de<\/a>.<\/p>\n\n\n\n<p>\u015eirket, \"AB-ABD Veri Gizlili\u011fi \u00c7er\u00e7evesi\" (DPF) uyar\u0131nca sertifikaland\u0131r\u0131lm\u0131\u015ft\u0131r. DPF, Avrupa Birli\u011fi ile ABD aras\u0131nda yap\u0131lan ve ABD'de veri i\u015flemede Avrupa veri koruma standartlar\u0131na uyulmas\u0131n\u0131 sa\u011flamay\u0131 ama\u00e7layan bir anla\u015fmad\u0131r. DPF kapsam\u0131nda sertifika alan her \u015firket bu veri koruma standartlar\u0131na uymay\u0131 taahh\u00fct eder. Bu konuda daha fazla bilgi a\u015fa\u011f\u0131daki ba\u011flant\u0131da yer alan sa\u011flay\u0131c\u0131dan edinilebilir: <a href=\"https:\/\/www.dataprivacyframework.gov\/s\/participant-search\/participant-detail?contact=true&amp;id=a2zt000000001L5AAI&amp;status=Active\" target=\"_blank\" rel=\"noreferrer noopener\">https:\/\/www.dataprivacyframework.gov\/s\/participant-search\/participant-detail?contact=true&amp;id=a2zt000000001L5AAI&amp;status=Active<\/a><\/p>\n\n\n\n<h4 class=\"wp-block-heading\">Wordfence<\/h4>\n\n\n\n<p>Bu web sitesine Wordfence'i entegre ettik. Sa\u011flay\u0131c\u0131 Defiant Inc, Defiant, Inc, 800 5th Ave Ste 4100, Seattle, WA 98104, ABD'dir (bundan sonra \"Wordfence\" olarak an\u0131lacakt\u0131r).<\/p>\n\n\n\n<p>Wordfence, web sitemizi istenmeyen eri\u015fimlerden veya k\u00f6t\u00fc niyetli siber sald\u0131r\u0131lardan korumaya yarar. Bu ama\u00e7la web sitemiz Wordfence'in sunucular\u0131na kal\u0131c\u0131 bir ba\u011flant\u0131 kurar, b\u00f6ylece Wordfence kendi veri tabanlar\u0131n\u0131 web sitemize yap\u0131lan eri\u015fimlerle kar\u015f\u0131la\u015ft\u0131rabilir ve gerekirse bunlar\u0131 engelleyebilir.<\/p>\n\n\n\n<p>Wordfence kullan\u0131m\u0131 GDPR'nin 6. maddesinin 1. f\u0131kras\u0131n\u0131n f bendine dayanmaktad\u0131r. Web sitesi operat\u00f6r\u00fc, web sitesini siber sald\u0131r\u0131lara kar\u015f\u0131 m\u00fcmk\u00fcn oldu\u011funca etkili bir \u015fekilde korumak konusunda me\u015fru bir menfaate sahiptir. \u0130lgili bir onay talep edilmi\u015fse, onay \u00e7erezlerin depolanmas\u0131n\u0131 veya TDDDG anlam\u0131nda kullan\u0131c\u0131n\u0131n terminal cihaz\u0131ndaki bilgilere eri\u015fimi (\u00f6rn. cihaz parmak izi) i\u00e7erdi\u011fi s\u00fcrece, i\u015fleme yaln\u0131zca GDPR Madde 6 paragraf 1 lit. a ve TDDDG Madde 25 paragraf 1 temelinde ger\u00e7ekle\u015ftirilir. Onay her zaman iptal edilebilir.<\/p>\n\n\n\n<p>ABD'ye veri aktar\u0131m\u0131 AB Komisyonu'nun standart s\u00f6zle\u015fme maddelerine dayanmaktad\u0131r. Ayr\u0131nt\u0131lar burada bulunabilir: <a href=\"https:\/\/www.wordfence.com\/help\/general-data-protection-regulation\/\" target=\"_blank\" rel=\"noreferrer noopener\">https:\/\/www.wordfence.com\/help\/general-data-protection-regulation\/<\/a>.<\/p>\n\n\n\n<h3 class=\"wp-block-heading\">6. e-Ticaret ve \u00f6deme sa\u011flay\u0131c\u0131lar\u0131<\/h3>\n\n\n\n<h4 class=\"wp-block-heading\">\u00d6deme hizmetleri<\/h4>\n\n\n\n<p>\u00dc\u00e7\u00fcnc\u00fc taraf \u015firketlerin \u00f6deme hizmetlerini web sitemize entegre ediyoruz. Bizden bir sat\u0131n alma i\u015flemi yapt\u0131\u011f\u0131n\u0131zda, \u00f6deme bilgileriniz (\u00f6rn. ad, \u00f6deme tutar\u0131, hesap bilgileri, kredi kart\u0131 numaras\u0131) \u00f6deme i\u015flemi amac\u0131yla \u00f6deme hizmeti sa\u011flay\u0131c\u0131s\u0131 taraf\u0131ndan i\u015flenir. Bu i\u015flemler i\u00e7in ilgili sa\u011flay\u0131c\u0131lar\u0131n ilgili s\u00f6zle\u015fme ve veri koruma h\u00fck\u00fcmleri ge\u00e7erlidir. \u00d6deme hizmeti sa\u011flay\u0131c\u0131lar\u0131, GDPR Madde 6 Paragraf 1 Bent b (s\u00f6zle\u015fme i\u015fleme) temelinde ve sorunsuz, rahat ve g\u00fcvenli bir \u00f6deme s\u00fcreci i\u00e7in (GDPR Madde 6 Paragraf 1 Bent f) kullan\u0131l\u0131r. Belirli eylemler i\u00e7in onay\u0131n\u0131z talep edildi\u011fi s\u00fcrece, GDPR Madde 6 paragraf 1 litre a veri i\u015fleme i\u00e7in yasal dayanakt\u0131r; onay gelecek i\u00e7in herhangi bir zamanda iptal edilebilir.<\/p>\n\n\n\n<p>Bu web sitesinde a\u015fa\u011f\u0131daki \u00f6deme hizmetlerini \/ \u00f6deme hizmeti sa\u011flay\u0131c\u0131lar\u0131n\u0131 kullan\u0131yoruz:<\/p>\n\n\n\n<p><strong>PayPal<\/strong><\/p>\n\n\n\n<p>Bu \u00f6deme hizmetinin sa\u011flay\u0131c\u0131s\u0131 PayPal (Europe) S.\u00e0.r.l. et Cie, S.C.A., 22-24 Boulevard Royal, L-2449 L\u00fcksemburg'dur (bundan b\u00f6yle \"PayPal\" olarak an\u0131lacakt\u0131r).<\/p>\n\n\n\n<p>ABD'ye veri aktar\u0131m\u0131 AB Komisyonu'nun standart s\u00f6zle\u015fme maddelerine dayanmaktad\u0131r. Ayr\u0131nt\u0131lar burada bulunabilir: <a href=\"https:\/\/www.paypal.com\/de\/webapps\/mpp\/ua\/pocpsa-full\" target=\"_blank\" rel=\"noreferrer noopener\">https:\/\/www.paypal.com\/de\/webapps\/mpp\/ua\/pocpsa-full<\/a>.<\/p>\n\n\n\n<p>Ayr\u0131nt\u0131lar PayPal'\u0131n gizlilik politikas\u0131nda bulunabilir: <a href=\"https:\/\/www.paypal.com\/de\/webapps\/mpp\/ua\/privacy-full\" target=\"_blank\" rel=\"noreferrer noopener\">https:\/\/www.paypal.com\/de\/webapps\/mpp\/ua\/privacy-full<\/a>.<\/p>\n\n\n\n<h3 class=\"wp-block-heading\">7 Sosyal medyadaki varl\u0131\u011f\u0131m\u0131z<\/h3>\n\n\n\n<h4 class=\"wp-block-heading\">Bu gizlilik politikas\u0131 a\u015fa\u011f\u0131daki sosyal medya siteleri i\u00e7in ge\u00e7erlidir<\/h4>\n\n\n\n<ul class=\"wp-block-list\">\n<li><a href=\"https:\/\/www.facebook.com\/tierheim.bremerhaven\" target=\"_blank\" rel=\"noreferrer noopener\">https:\/\/www.facebook.com\/tierheim.bremerhaven<\/a><\/li>\n\n\n\n<li><a href=\"https:\/\/www.instagram.com\/tierheim_bremerhaven\/\" target=\"_blank\" rel=\"noreferrer noopener\">https:\/\/www.instagram.com\/tierheim_bremerhaven\/<\/a><\/li>\n<\/ul>\n\n\n\n<h4 class=\"wp-block-heading\">Sosyal a\u011flar taraf\u0131ndan veri i\u015fleme<\/h4>\n\n\n\n<p>Sosyal a\u011flarda herkesin eri\u015fimine a\u00e7\u0131k profiller bulunduruyoruz. Kulland\u0131\u011f\u0131m\u0131z bireysel sosyal a\u011flar a\u015fa\u011f\u0131da listelenmi\u015ftir.<\/p>\n\n\n\n<p>Facebook, X vb. gibi sosyal a\u011flar, web sitelerini veya entegre sosyal medya i\u00e7eri\u011fine sahip bir web sitesini (\u00f6rn. be\u011fen d\u00fc\u011fmeleri veya reklam banner'lar\u0131) ziyaret etti\u011finizde kullan\u0131c\u0131 davran\u0131\u015f\u0131n\u0131z\u0131 genellikle kapsaml\u0131 bir \u015fekilde analiz edebilir. Sosyal medya varl\u0131klar\u0131m\u0131z\u0131n ziyaret edilmesi, veri koruma ile ilgili \u00e7ok say\u0131da i\u015fleme faaliyetini tetikler. Ayr\u0131nt\u0131l\u0131 olarak:<\/p>\n\n\n\n<p>Sosyal medya hesab\u0131n\u0131zda oturum a\u00e7t\u0131ysan\u0131z ve sosyal medya varl\u0131\u011f\u0131m\u0131z\u0131 ziyaret ettiyseniz, sosyal medya portal\u0131n\u0131n operat\u00f6r\u00fc bu ziyareti kullan\u0131c\u0131 hesab\u0131n\u0131za atayabilir. Ancak, oturum a\u00e7mad\u0131ysan\u0131z veya ilgili sosyal medya portal\u0131nda bir hesab\u0131n\u0131z yoksa da ki\u015fisel verileriniz toplanabilir. Bu durumda, bu veri toplama i\u015flemi, \u00f6rne\u011fin son cihaz\u0131n\u0131zda depolanan \u00e7erezler arac\u0131l\u0131\u011f\u0131yla veya IP adresinizi kaydederek ger\u00e7ekle\u015fir.<\/p>\n\n\n\n<p>Bu \u015fekilde toplanan verilerin yard\u0131m\u0131yla sosyal medya portallar\u0131n\u0131n operat\u00f6rleri, tercihlerinizin ve ilgi alanlar\u0131n\u0131z\u0131n kaydedildi\u011fi kullan\u0131c\u0131 profilleri olu\u015fturabilir. Bu \u015fekilde, ilgi alan\u0131na dayal\u0131 reklamlar size ilgili sosyal medya varl\u0131\u011f\u0131n\u0131n i\u00e7inde ve d\u0131\u015f\u0131nda g\u00f6sterilebilir. \u0130lgili sosyal a\u011fda bir hesab\u0131n\u0131z varsa, ilgi alan\u0131na dayal\u0131 reklamlar oturum a\u00e7t\u0131\u011f\u0131n\u0131z veya oturum a\u00e7m\u0131\u015f oldu\u011funuz t\u00fcm cihazlarda g\u00f6r\u00fcnt\u00fclenebilir.<\/p>\n\n\n\n<p>Sosyal medya portallar\u0131ndaki t\u00fcm i\u015fleme faaliyetlerini takip edemeyece\u011fimizi de l\u00fctfen unutmay\u0131n. Bu nedenle, sa\u011flay\u0131c\u0131ya ba\u011fl\u0131 olarak, di\u011fer i\u015fleme i\u015flemleri sosyal medya portallar\u0131n\u0131n operat\u00f6rleri taraf\u0131ndan ger\u00e7ekle\u015ftirilebilir. Ayr\u0131nt\u0131lar i\u00e7in l\u00fctfen ilgili sosyal medya portallar\u0131n\u0131n kullan\u0131m ko\u015fullar\u0131na ve veri koruma h\u00fck\u00fcmlerine bak\u0131n.<\/p>\n\n\n\n<h4 class=\"wp-block-heading\">Yasal dayanak<\/h4>\n\n\n\n<p>Sosyal medya varl\u0131\u011f\u0131m\u0131z, internette m\u00fcmk\u00fcn olan en geni\u015f varl\u0131\u011f\u0131 sa\u011flamay\u0131 ama\u00e7lamaktad\u0131r. Bu, GDPR'nin 6. maddesinin 1. f\u0131kras\u0131n\u0131n f bendi anlam\u0131nda me\u015fru bir menfaattir. Sosyal a\u011flar taraf\u0131ndan ba\u015flat\u0131lan analiz s\u00fcre\u00e7leri, sosyal a\u011flar\u0131n operat\u00f6rleri taraf\u0131ndan belirtilmesi gereken farkl\u0131 yasal dayanaklara dayanabilir (\u00f6rne\u011fin, GDPR Madde 6 paragraf 1 lit. a anlam\u0131nda r\u0131za).<\/p>\n\n\n\n<h4 class=\"wp-block-heading\">Sorumlu taraf ve haklar\u0131n ileri s\u00fcr\u00fclmesi<\/h4>\n\n\n\n<p>Sosyal medya sitelerimizden birini (\u00f6rn. Facebook) ziyaret ederseniz, bu ziyaret s\u0131ras\u0131nda tetiklenen veri i\u015fleme i\u015flemlerinden sosyal medya platformunun operat\u00f6r\u00fc ile birlikte sorumluyuz. Haklar\u0131n\u0131z\u0131 (bilgi, d\u00fczeltme, silme, i\u015flemenin k\u0131s\u0131tlanmas\u0131, veri ta\u015f\u0131nabilirli\u011fi ve \u015fikayet) hem bize hem de ilgili sosyal medya portal\u0131n\u0131n (\u00f6rn. Facebook) operat\u00f6r\u00fcne kar\u015f\u0131 ileri s\u00fcrebilirsiniz.<\/p>\n\n\n\n<p>Sosyal medya portal\u0131 operat\u00f6rleriyle ortak sorumlulu\u011fumuza ra\u011fmen, sosyal medya portallar\u0131n\u0131n veri i\u015fleme operasyonlar\u0131 \u00fczerinde tam kontrole sahip olmad\u0131\u011f\u0131m\u0131z\u0131 l\u00fctfen unutmay\u0131n. Se\u00e7eneklerimiz b\u00fcy\u00fck \u00f6l\u00e7\u00fcde ilgili sa\u011flay\u0131c\u0131n\u0131n \u015firket politikas\u0131 taraf\u0131ndan belirlenmektedir.<\/p>\n\n\n\n<h4 class=\"wp-block-heading\">Depolama s\u00fcresi<\/h4>\n\n\n\n<p>Sosyal medya varl\u0131\u011f\u0131 arac\u0131l\u0131\u011f\u0131yla do\u011frudan taraf\u0131m\u0131zdan toplanan veriler, silmemizi istedi\u011finizde, saklama izninizi iptal etti\u011finizde veya veri saklama amac\u0131 art\u0131k ge\u00e7erli olmad\u0131\u011f\u0131nda sistemlerimizden silinecektir. Saklanan \u00e7erezler, siz onlar\u0131 silene kadar son cihaz\u0131n\u0131zda kal\u0131r. Zorunlu yasal h\u00fck\u00fcmler - \u00f6zellikle saklama s\u00fcreleri - bundan etkilenmez.<\/p>\n\n\n\n<p>Sosyal a\u011flar\u0131n operat\u00f6rleri taraf\u0131ndan kendi ama\u00e7lar\u0131 i\u00e7in saklanan verilerinizin saklama s\u00fcresi \u00fczerinde hi\u00e7bir etkimiz yoktur. Ayr\u0131nt\u0131lar i\u00e7in l\u00fctfen do\u011frudan sosyal a\u011flar\u0131n operat\u00f6rleriyle ileti\u015fime ge\u00e7in (\u00f6rne\u011fin, gizlilik politikalar\u0131nda, a\u015fa\u011f\u0131ya bak\u0131n).<\/p>\n\n\n\n<h4 class=\"wp-block-heading\">Sizin haklar\u0131n\u0131z<\/h4>\n\n\n\n<p>Saklanan ki\u015fisel verilerinizin kayna\u011f\u0131, al\u0131c\u0131s\u0131 ve amac\u0131 hakk\u0131nda istedi\u011finiz zaman \u00fccretsiz olarak bilgi alma hakk\u0131na sahipsiniz. Ayr\u0131ca itiraz etme hakk\u0131na, veri ta\u015f\u0131nabilirli\u011fi hakk\u0131na ve yetkili denetim makam\u0131na \u015fikayette bulunma hakk\u0131na da sahipsiniz. Ayr\u0131ca, ki\u015fisel verilerinizin d\u00fczeltilmesini, engellenmesini, silinmesini ve belirli ko\u015fullar alt\u0131nda i\u015flenmesinin k\u0131s\u0131tlanmas\u0131n\u0131 talep edebilirsiniz.<\/p>\n\n\n\n<h4 class=\"wp-block-heading\">Ayr\u0131nt\u0131l\u0131 olarak sosyal a\u011flar<\/h4>\n\n\n\n<p><strong>Facebook<\/strong><\/p>\n\n\n\n<p>Facebook'ta bir profilimiz var. Bu hizmetin sa\u011flay\u0131c\u0131s\u0131 Meta Platforms Ireland Limited, Merrion Road, Dublin 4, D04 X2K5, \u0130rlanda'd\u0131r (bundan b\u00f6yle Meta olarak an\u0131lacakt\u0131r). Meta'ya g\u00f6re, toplanan veriler ABD'ye ve di\u011fer \u00fc\u00e7\u00fcnc\u00fc \u00fclkelere de aktar\u0131lmaktad\u0131r.<\/p>\n\n\n\n<p>Meta ile ortak bir i\u015fleme s\u00f6zle\u015fmesi (Denetleyici Eki) imzalad\u0131k. Bu anla\u015fma, Facebook sayfam\u0131z\u0131 ziyaret etti\u011finizde bizim veya Meta'n\u0131n hangi veri i\u015fleme i\u015flemlerinden sorumlu oldu\u011funu belirtir. Bu s\u00f6zle\u015fmeyi a\u015fa\u011f\u0131daki ba\u011flant\u0131dan g\u00f6r\u00fcnt\u00fcleyebilirsiniz: <a href=\"https:\/\/www.facebook.com\/legal\/terms\/page_controller_addendum\" target=\"_blank\" rel=\"noreferrer noopener\">https:\/\/www.facebook.com\/legal\/terms\/page_controller_addendum<\/a>.<\/p>\n\n\n\n<p><strong>Reklam ayarlar\u0131n\u0131z\u0131 kullan\u0131c\u0131 hesab\u0131n\u0131zdan kendiniz \u00f6zelle\u015ftirebilirsiniz. Bunu yapmak i\u00e7in a\u015fa\u011f\u0131daki ba\u011flant\u0131ya t\u0131klay\u0131n ve oturum a\u00e7\u0131n:<\/strong> <a href=\"https:\/\/www.facebook.com\/settings?tab=ads\" target=\"_blank\" rel=\"noreferrer noopener\">https:\/\/www.facebook.com\/settings?tab=ads<\/a>.<\/p>\n\n\n\n<p>ABD'ye veri aktar\u0131m\u0131 AB Komisyonu'nun standart s\u00f6zle\u015fme maddelerine dayanmaktad\u0131r. Ayr\u0131nt\u0131lar burada bulunabilir: <a href=\"https:\/\/www.facebook.com\/legal\/EU_data_transfer_addendum\" target=\"_blank\" rel=\"noreferrer noopener\">https:\/\/www.facebook.com\/legal\/EU_data_transfer_addendum<\/a> ve <a href=\"https:\/\/de-de.facebook.com\/help\/566994660333381\" target=\"_blank\" rel=\"noreferrer noopener\">https:\/\/de-de.facebook.com\/help\/566994660333381<\/a>.<\/p>\n\n\n\n<p>Ayr\u0131nt\u0131lar Facebook'un gizlilik politikas\u0131nda bulunabilir: <a href=\"https:\/\/www.facebook.com\/about\/privacy\/\" target=\"_blank\" rel=\"noreferrer noopener\">https:\/\/www.facebook.com\/about\/privacy\/<\/a>.<\/p>\n\n\n\n<p>\u015eirket, \"AB-ABD Veri Gizlili\u011fi \u00c7er\u00e7evesi\" (DPF) uyar\u0131nca sertifikaland\u0131r\u0131lm\u0131\u015ft\u0131r. DPF, Avrupa Birli\u011fi ile ABD aras\u0131nda yap\u0131lan ve ABD'de veri i\u015flemede Avrupa veri koruma standartlar\u0131na uyulmas\u0131n\u0131 sa\u011flamay\u0131 ama\u00e7layan bir anla\u015fmad\u0131r. DPF kapsam\u0131nda sertifika alan her \u015firket bu veri koruma standartlar\u0131na uymay\u0131 taahh\u00fct eder. Bu konuda daha fazla bilgi a\u015fa\u011f\u0131daki ba\u011flant\u0131da yer alan sa\u011flay\u0131c\u0131dan edinilebilir: <a href=\"https:\/\/www.dataprivacyframework.gov\/s\/participant-search\/participant-detail?contact=true&amp;id=a2zt0000000GnywAAC&amp;status=Active\" target=\"_blank\" rel=\"noreferrer noopener\">https:\/\/www.dataprivacyframework.gov\/s\/participant-search\/participant-detail?contact=true&amp;id=a2zt0000000GnywAAC&amp;status=Active<\/a><\/p>\n\n\n\n<p><strong>Instagram<\/strong><\/p>\n\n\n\n<p>Instagram'da bir profilimiz var. Bu hizmetin sa\u011flay\u0131c\u0131s\u0131 Meta Platforms Ireland Limited, Merrion Road, Dublin 4, D04 X2K5, \u0130rlanda'd\u0131r.<\/p>\n\n\n\n<p>ABD'ye veri aktar\u0131m\u0131 AB Komisyonu'nun standart s\u00f6zle\u015fme maddelerine dayanmaktad\u0131r. Ayr\u0131nt\u0131lar burada bulunabilir: <a href=\"https:\/\/www.facebook.com\/legal\/EU_data_transfer_addendum\" target=\"_blank\" rel=\"noreferrer noopener\">https:\/\/www.facebook.com\/legal\/EU_data_transfer_addendum<\/a>, <a href=\"https:\/\/privacycenter.instagram.com\/policy\/\" target=\"_blank\" rel=\"noreferrer noopener\">https:\/\/privacycenter.instagram.com\/policy\/<\/a> ve <a href=\"https:\/\/de-de.facebook.com\/help\/566994660333381\" target=\"_blank\" rel=\"noreferrer noopener\">https:\/\/de-de.facebook.com\/help\/566994660333381<\/a>.<\/p>\n\n\n\n<p>Ki\u015fisel verilerinizi nas\u0131l i\u015flediklerine ili\u015fkin ayr\u0131nt\u0131lar\u0131 Instagram'\u0131n gizlilik politikas\u0131nda bulabilirsiniz: <a href=\"https:\/\/privacycenter.instagram.com\/policy\/\" target=\"_blank\" rel=\"noreferrer noopener\">https:\/\/privacycenter.instagram.com\/policy\/<\/a>.<\/p>\n\n\n\n<p>\u015eirket, \"AB-ABD Veri Gizlili\u011fi \u00c7er\u00e7evesi\" (DPF) uyar\u0131nca sertifikaland\u0131r\u0131lm\u0131\u015ft\u0131r. DPF, Avrupa Birli\u011fi ile ABD aras\u0131nda yap\u0131lan ve ABD'de veri i\u015flemede Avrupa veri koruma standartlar\u0131na uyulmas\u0131n\u0131 sa\u011flamay\u0131 ama\u00e7layan bir anla\u015fmad\u0131r. DPF kapsam\u0131nda sertifika alan her \u015firket bu veri koruma standartlar\u0131na uymay\u0131 taahh\u00fct eder. Bu konuda daha fazla bilgi a\u015fa\u011f\u0131daki ba\u011flant\u0131da yer alan sa\u011flay\u0131c\u0131dan edinilebilir: <a href=\"https:\/\/www.dataprivacyframework.gov\/s\/participant-search\/participant-detail?contact=true&amp;id=a2zt0000000GnywAAC&amp;status=Active\" target=\"_blank\" rel=\"noreferrer noopener\">https:\/\/www.dataprivacyframework.gov\/s\/participant-search\/participant-detail?contact=true&amp;id=a2zt0000000GnywAAC&amp;status=Active<\/a><\/p>\n\n\n\n<p><br>Durum: Nisan 2024<\/p>","protected":false},"excerpt":{"rendered":"<p>1. Datenschutz auf einen Blick Allgemeine Hinweise Die folgenden Hinweise geben einen einfachen \u00dcberblick dar\u00fcber, was mit Ihren personenbezogenen Daten passiert, wenn Sie diese Website besuchen. Personenbezogene Daten sind alle Daten, mit denen Sie pers\u00f6nlich identifiziert werden k\u00f6nnen. Ausf\u00fchrliche Informationen zum Thema Datenschutz entnehmen Sie unserer unter diesem Text aufgef\u00fchrten Datenschutzerkl\u00e4rung. Datenerfassung auf dieser Website [&hellip;]<\/p>\n","protected":false},"author":3,"featured_media":0,"parent":0,"menu_order":0,"comment_status":"closed","ping_status":"closed","template":"","meta":{"footnotes":""},"class_list":["post-2053","page","type-page","status-publish","hentry"],"_links":{"self":[{"href":"https:\/\/www.tierschutz-bremerhaven.eu\/tr\/wp-json\/wp\/v2\/pages\/2053","targetHints":{"allow":["GET"]}}],"collection":[{"href":"https:\/\/www.tierschutz-bremerhaven.eu\/tr\/wp-json\/wp\/v2\/pages"}],"about":[{"href":"https:\/\/www.tierschutz-bremerhaven.eu\/tr\/wp-json\/wp\/v2\/types\/page"}],"author":[{"embeddable":true,"href":"https:\/\/www.tierschutz-bremerhaven.eu\/tr\/wp-json\/wp\/v2\/users\/3"}],"replies":[{"embeddable":true,"href":"https:\/\/www.tierschutz-bremerhaven.eu\/tr\/wp-json\/wp\/v2\/comments?post=2053"}],"version-history":[{"count":12,"href":"https:\/\/www.tierschutz-bremerhaven.eu\/tr\/wp-json\/wp\/v2\/pages\/2053\/revisions"}],"predecessor-version":[{"id":10697,"href":"https:\/\/www.tierschutz-bremerhaven.eu\/tr\/wp-json\/wp\/v2\/pages\/2053\/revisions\/10697"}],"wp:attachment":[{"href":"https:\/\/www.tierschutz-bremerhaven.eu\/tr\/wp-json\/wp\/v2\/media?parent=2053"}],"curies":[{"name":"wp","href":"https:\/\/api.w.org\/{rel}","templated":true}]}}