{"id":2334,"date":"2021-05-25T08:21:35","date_gmt":"2021-05-25T08:21:35","guid":{"rendered":"https:\/\/tierschutz-bremerhaven.eu\/?page_id=2334"},"modified":"2023-09-27T07:54:38","modified_gmt":"2023-09-27T07:54:38","slug":"genclik-okulu","status":"publish","type":"page","link":"https:\/\/www.tierschutz-bremerhaven.eu\/tr\/jugend-schule","title":{"rendered":"Gen\u00e7lik ve Okul"},"content":{"rendered":"<div data-elementor-type=\"wp-page\" data-elementor-id=\"2334\" class=\"elementor elementor-2334\" data-elementor-post-type=\"page\">\n\t\t\t\t\t\t<section class=\"elementor-section elementor-top-section elementor-element elementor-element-001ccb4 elementor-section-boxed elementor-section-height-default elementor-section-height-default\" data-id=\"001ccb4\" data-element_type=\"section\" data-e-type=\"section\" data-settings=\"{&quot;background_background&quot;:&quot;classic&quot;}\">\n\t\t\t\t\t\t<div class=\"elementor-container elementor-column-gap-default\">\n\t\t\t\t\t<div class=\"elementor-column elementor-col-100 elementor-top-column elementor-element elementor-element-6b70233\" data-id=\"6b70233\" data-element_type=\"column\" data-e-type=\"column\">\n\t\t\t<div class=\"elementor-widget-wrap elementor-element-populated\">\n\t\t\t\t\t\t<div class=\"elementor-element elementor-element-4862873 elementor-widget elementor-widget-heading\" data-id=\"4862873\" data-element_type=\"widget\" data-e-type=\"widget\" data-widget_type=\"heading.default\">\n\t\t\t\t<div class=\"elementor-widget-container\">\n\t\t\t\t\t<h3 class=\"elementor-heading-title elementor-size-default\">Gelecek G\u00fcn\u00fc \/ Staj \/ AG<\/h3>\t\t\t\t<\/div>\n\t\t\t\t<\/div>\n\t\t\t\t<div class=\"elementor-element elementor-element-6c06c67 elementor-widget elementor-widget-text-editor\" data-id=\"6c06c67\" data-element_type=\"widget\" data-e-type=\"widget\" data-widget_type=\"text-editor.default\">\n\t\t\t\t<div class=\"elementor-widget-container\">\n\t\t\t\t\t\t\t\t\t<p>Hayvan bar\u0131na\u011f\u0131m\u0131za g\u00f6sterdi\u011finiz ilgi ve heyecan i\u00e7in te\u015fekk\u00fcr ederiz, <b>Sizin<\/b> <strong>Gelecek G\u00fcn \/ Staj\u0131n\u0131z \/ AG'niz\u00a0<\/strong>\u00c7ocuklar\u0131 bizimle vakit ge\u00e7irmeleri i\u00e7in a\u011f\u0131rlamaktan b\u00fcy\u00fck memnuniyet duyuyoruz. Birka\u00e7 y\u0131ld\u0131r \u00e7ocuklar, hayvan bak\u0131c\u0131s\u0131 olman\u0131n nas\u0131l bir \u015fey oldu\u011funu tatmak i\u00e7in bu f\u0131rsattan yararlan\u0131yorlar. \u0130lgin\u00e7 projeler sizi bekliyor. \u00d6rne\u011fin, d\u00f6rt ayakl\u0131 dostlar\u0131m\u0131z\u0131 bir y\u00fcr\u00fcy\u00fc\u015fle \u015f\u0131martabilir, hayvan yemi yeti\u015ftirip kemirgenlerimizi besleyebilir, bir ba\u011f\u0131\u015f kampanyas\u0131 d\u00fczenleyebilir, hayvan oyuncaklar\u0131 yapabilir, hayvan bar\u0131na\u011f\u0131ndaki g\u00fcnl\u00fck ya\u015fam\u0131 tan\u0131yabilir ve \u00e7ok daha fazlas\u0131n\u0131 yapabilirsiniz.<\/p><p>A\u015fa\u011f\u0131daki okullar \u015fu anda \u00f6\u011frencilerine t\u00fcm g\u00fcn program\u0131 sunmaktad\u0131r: Carl von Ossietzky CVO okul merkezi, Kreisgymnasium Weserm\u00fcnde, Paula-Modersohn-Schule, Schule am Leher Markt.<\/p><p><b>Bu<\/b><strong>\u00a0<\/strong><strong>Gelecek G\u00fcn \/ staj \/ AG\u00a0<\/strong>i\u00e7inde<strong>\u00a0<\/strong><strong>Hayvan bar\u0131na\u011f\u0131<\/strong> bir\u00e7ok \u00f6\u011frencinin dile\u011fidir. Bu nedenle, yer s\u0131n\u0131rl\u0131 oldu\u011fu i\u00e7in bize zaman\u0131nda kay\u0131t yapt\u0131rman\u0131z \u00e7ok \u00f6nemlidir.<\/p><p><strong>A\u015fa\u011f\u0131dakileri yan\u0131n\u0131zda getirmeniz gerekmektedir:<\/strong><\/p><ul><li>Okulunuzdan gelen belgeler<\/li><li>A\u015f\u0131 sertifikan\u0131z\/a\u015f\u0131 koruman\u0131z<\/li><li>Duyars\u0131z giysiler<\/li><li>Hayvan sevgisi<\/li><li>\u0130yi mizah<\/li><\/ul><p>L\u00fctfen hayvan bar\u0131na\u011f\u0131ndan bizimle ileti\u015fime ge\u00e7in: <a href=\"tel:047183257\">0471 - 8 32 57<\/a>. \u00c7al\u0131\u015fma saatlerimiz d\u0131\u015f\u0131nda telesekreterimize mesaj b\u0131rakabilirsiniz. Size hemen geri d\u00f6n\u00fc\u015f yap\u0131lacakt\u0131r.<\/p><p>Bar\u0131nak ziyaretleri sadece \u00f6nceden randevu al\u0131narak ger\u00e7ekle\u015ftirilebilir.<\/p><p>Anlay\u0131\u015f\u0131n\u0131z i\u00e7in te\u015fekk\u00fcr eder, ziyaretinizi d\u00f6rt g\u00f6zle bekleriz!<\/p>\t\t\t\t\t\t\t\t<\/div>\n\t\t\t\t<\/div>\n\t\t\t\t<div class=\"elementor-element elementor-element-82516fd elementor-widget elementor-widget-heading\" data-id=\"82516fd\" data-element_type=\"widget\" data-e-type=\"widget\" data-widget_type=\"heading.default\">\n\t\t\t\t<div class=\"elementor-widget-container\">\n\t\t\t\t\t<h2 class=\"elementor-heading-title elementor-size-default\">Okul s\u0131n\u0131flar\u0131 ve gen\u00e7lik gruplar\u0131 i\u00e7in rehberli turlar<\/h2>\t\t\t\t<\/div>\n\t\t\t\t<\/div>\n\t\t\t\t<div class=\"elementor-element elementor-element-5633557 elementor-widget elementor-widget-text-editor\" data-id=\"5633557\" data-element_type=\"widget\" data-e-type=\"widget\" data-widget_type=\"text-editor.default\">\n\t\t\t\t<div class=\"elementor-widget-container\">\n\t\t\t\t\t\t\t\t\t<p>Yeni hayvan bar\u0131na\u011f\u0131n\u0131 ve mevcut sakinlerini tan\u0131mak ister misiniz? Hi\u00e7 sorun de\u011fil. Rehberli turlar\u0131m\u0131zdan birine kat\u0131l\u0131n. Bunlar \u00fccretsizdir - ancak hayvan bar\u0131na\u011f\u0131 i\u00e7in ba\u011f\u0131\u015f almaktan her zaman mutluluk duyar\u0131z.<\/p>\n<p>Hayvan bar\u0131na\u011f\u0131m\u0131zdaki tur yakla\u015f\u0131k 45 dakika s\u00fcrmekte ve hem kurulu\u015fun aktif \u00fcyeleri hem de hayvan bak\u0131c\u0131lar\u0131m\u0131z taraf\u0131ndan e\u015flik edilmektedir. Ziyaretleri s\u0131ras\u0131nda kat\u0131l\u0131mc\u0131lara, hayvan bar\u0131na\u011f\u0131n\u0131n hangi g\u00f6revleri yerine getirdi\u011fini ve her y\u0131l ihtiya\u00e7 sahibi yakla\u015f\u0131k 600 hayvan\u0131n bak\u0131m ve tedavisinin nas\u0131l y\u00f6netildi\u011fini \u00f6\u011frenmeleri i\u00e7in bir ho\u015f geldiniz konu\u015fmas\u0131 yap\u0131l\u0131r. Ortak tur s\u0131ras\u0131nda hayvan bar\u0131na\u011f\u0131n\u0131n arazisi de ke\u015ffedildi.<\/p>\n<p>Okul s\u0131n\u0131f\u0131n\u0131z\/\u00e7ocuk veya gen\u00e7lik grubunuzla hayvan bar\u0131na\u011f\u0131n\u0131 ziyaret etmek ister misiniz? Gruplara da kap\u0131m\u0131z a\u00e7\u0131kt\u0131r.<\/p>\n<p><strong>Grup turlar\u0131 hakk\u0131nda bilgi:<\/strong><\/p>\n<ul>\n<li>En fazla 10 ki\u015filik grup<\/li>\n<li>Hafta i\u00e7i a\u00e7\u0131k g\u00fcnlerde ziyaret m\u00fcmk\u00fcnd\u00fcr<\/li>\n<li>En az bir \u00f6\u011fretmen \/ bak\u0131c\u0131 mevcut<\/li>\n<li>Minimum \u00e7ocuk ya\u015f\u0131: 6 ya\u015f<\/li>\n<li>Varsa, foto\u011fraf ve video kay\u0131tlar\u0131n\u0131n derne\u011fin web sitesinde ve sosyal medyada yay\u0131nlanmas\u0131 i\u00e7in kat\u0131l\u0131mc\u0131lar\u0131n muvafakat beyan\u0131<\/li>\n<li>Kay\u0131t, m\u00fcmk\u00fcnse, istenen tarihten 3 hafta \u00f6nce\n<p><\/p><\/li>\n<\/ul>\n<p>L\u00fctfen hayvan bar\u0131na\u011f\u0131 turlar\u0131 i\u00e7in talebinizi e-posta ile \u015fu adrese g\u00f6nderin <a href=\"mailto:info@tierschutz-bremerhaven.de\"><u>info@tierschutz-bremerhaven.de<\/u><\/a><\/p>\n<p>Ya da hayvan bar\u0131na\u011f\u0131ndan bizimle ileti\u015fime ge\u00e7ebilirsiniz: <a href=\"tel:047183257\">0471 - 8 32 57<\/a>. \u00c7al\u0131\u015fma saatlerimiz d\u0131\u015f\u0131nda telesekreterimize mesaj b\u0131rakabilirsiniz. Size hemen geri d\u00f6n\u00fc\u015f yap\u0131lacakt\u0131r.<\/p>\n<p><br><\/p>\t\t\t\t\t\t\t\t<\/div>\n\t\t\t\t<\/div>\n\t\t\t\t\t<\/div>\n\t\t<\/div>\n\t\t\t\t\t<\/div>\n\t\t<\/section>\n\t\t\t\t<\/div>","protected":false},"excerpt":{"rendered":"<p>Zukunftstag \/ Praktikum \/ AG \u00dcber Eure Begeisterung f\u00fcr unser Tierheim und Euer Interesse, Euren Zukunftstag \/ Euer Praktikum \/ Euere AG\u00a0bei uns zu verbringen, freuen wir uns sehr. Bereits seit mehreren Jahren nutzen Kinder diese M\u00f6glichkeit, um in den Beruf des Tierpflegers reinzuschnuppern. Es warten interessante Projekt auf Dich. Du k\u00f6nntest z. B. unsere [&hellip;]<\/p>\n","protected":false},"author":3,"featured_media":0,"parent":0,"menu_order":0,"comment_status":"closed","ping_status":"closed","template":"","meta":{"footnotes":""},"class_list":["post-2334","page","type-page","status-publish","hentry"],"_links":{"self":[{"href":"https:\/\/www.tierschutz-bremerhaven.eu\/tr\/wp-json\/wp\/v2\/pages\/2334","targetHints":{"allow":["GET"]}}],"collection":[{"href":"https:\/\/www.tierschutz-bremerhaven.eu\/tr\/wp-json\/wp\/v2\/pages"}],"about":[{"href":"https:\/\/www.tierschutz-bremerhaven.eu\/tr\/wp-json\/wp\/v2\/types\/page"}],"author":[{"embeddable":true,"href":"https:\/\/www.tierschutz-bremerhaven.eu\/tr\/wp-json\/wp\/v2\/users\/3"}],"replies":[{"embeddable":true,"href":"https:\/\/www.tierschutz-bremerhaven.eu\/tr\/wp-json\/wp\/v2\/comments?post=2334"}],"version-history":[{"count":94,"href":"https:\/\/www.tierschutz-bremerhaven.eu\/tr\/wp-json\/wp\/v2\/pages\/2334\/revisions"}],"predecessor-version":[{"id":9019,"href":"https:\/\/www.tierschutz-bremerhaven.eu\/tr\/wp-json\/wp\/v2\/pages\/2334\/revisions\/9019"}],"wp:attachment":[{"href":"https:\/\/www.tierschutz-bremerhaven.eu\/tr\/wp-json\/wp\/v2\/media?parent=2334"}],"curies":[{"name":"wp","href":"https:\/\/api.w.org\/{rel}","templated":true}]}}